{"id":8060,"date":"2023-04-08T00:00:57","date_gmt":"2023-04-07T22:00:57","guid":{"rendered":"https:\/\/www.canviemmontmelo.cat\/candidat\/vanessa-gamiz-carrasco\/"},"modified":"2023-05-18T18:24:11","modified_gmt":"2023-05-18T16:24:11","slug":"vanessa-gamiz-carrasco","status":"publish","type":"dt_team","link":"https:\/\/www.canviemmontmelo.cat\/es\/candidat\/vanessa-gamiz-carrasco\/","title":{"rendered":"Vanessa G\u00e1miz Carrasco"},"content":{"rendered":"\t\t<div data-elementor-type=\"wp-post\" data-elementor-id=\"8060\" class=\"elementor elementor-8060 elementor-8054\" data-elementor-post-type=\"dt_team\">\n\t\t\t\t\t\t<section class=\"elementor-section elementor-top-section elementor-element elementor-element-7d8cc108 elementor-section-height-min-height elementor-section-items-stretch elementor-section-content-middle elementor-section-boxed elementor-section-height-default\" data-id=\"7d8cc108\" data-element_type=\"section\" data-e-type=\"section\" data-settings=\"{&quot;background_background&quot;:&quot;classic&quot;}\">\n\t\t\t\t\t\t\t<div class=\"elementor-background-overlay\"><\/div>\n\t\t\t\t\t\t\t<div class=\"elementor-container elementor-column-gap-no\">\n\t\t\t\t\t<div class=\"elementor-column elementor-col-100 elementor-top-column elementor-element elementor-element-1db22a54\" data-id=\"1db22a54\" data-element_type=\"column\" data-e-type=\"column\">\n\t\t\t<div class=\"elementor-widget-wrap elementor-element-populated\">\n\t\t\t\t\t\t<section class=\"elementor-section elementor-inner-section elementor-element elementor-element-5e985d1f elementor-section-boxed elementor-section-height-default elementor-section-height-default\" data-id=\"5e985d1f\" data-element_type=\"section\" data-e-type=\"section\">\n\t\t\t\t\t\t<div class=\"elementor-container elementor-column-gap-wider\">\n\t\t\t\t\t<div class=\"elementor-column elementor-col-50 elementor-inner-column elementor-element elementor-element-1423051a\" data-id=\"1423051a\" data-element_type=\"column\" data-e-type=\"column\">\n\t\t\t<div class=\"elementor-widget-wrap elementor-element-populated\">\n\t\t\t\t\t\t<div class=\"elementor-element elementor-element-2c96f1da elementor-widget elementor-widget-theme-post-featured-image elementor-widget-image\" data-id=\"2c96f1da\" data-element_type=\"widget\" data-e-type=\"widget\" data-widget_type=\"theme-post-featured-image.default\">\n\t\t\t\t<div class=\"elementor-widget-container\">\n\t\t\t\t\t\t\t\t\t\t\t\t\t\t\t<img fetchpriority=\"high\" decoding=\"async\" width=\"800\" height=\"800\" src=\"https:\/\/www.canviemmontmelo.cat\/wp-content\/uploads\/2023\/04\/8-vanessa.jpg\" class=\"attachment-large size-large wp-image-7972\" alt=\"\" srcset=\"https:\/\/www.canviemmontmelo.cat\/wp-content\/uploads\/2023\/04\/8-vanessa.jpg 800w, https:\/\/www.canviemmontmelo.cat\/wp-content\/uploads\/2023\/04\/8-vanessa-300x300.jpg 300w, https:\/\/www.canviemmontmelo.cat\/wp-content\/uploads\/2023\/04\/8-vanessa-150x150.jpg 150w, https:\/\/www.canviemmontmelo.cat\/wp-content\/uploads\/2023\/04\/8-vanessa-768x768.jpg 768w\" sizes=\"(max-width: 800px) 100vw, 800px\" \/>\t\t\t\t\t\t\t\t\t\t\t\t\t\t\t<\/div>\n\t\t\t\t<\/div>\n\t\t\t\t\t<\/div>\n\t\t<\/div>\n\t\t\t\t<div class=\"elementor-column elementor-col-50 elementor-inner-column elementor-element elementor-element-108cdb10\" data-id=\"108cdb10\" data-element_type=\"column\" data-e-type=\"column\">\n\t\t\t<div class=\"elementor-widget-wrap elementor-element-populated\">\n\t\t\t\t\t\t<div class=\"elementor-element elementor-element-5545140e elementor-widget__width-initial elementor-widget elementor-widget-heading\" data-id=\"5545140e\" data-element_type=\"widget\" data-e-type=\"widget\" data-widget_type=\"heading.default\">\n\t\t\t\t<div class=\"elementor-widget-container\">\n\t\t\t\t\t<h2 class=\"elementor-heading-title elementor-size-default\">Vanessa G\u00e1miz Carrasco<\/h2>\t\t\t\t<\/div>\n\t\t\t\t<\/div>\n\t\t\t\t<div class=\"elementor-element elementor-element-581431ae elementor-widget elementor-widget-spacer\" data-id=\"581431ae\" data-element_type=\"widget\" data-e-type=\"widget\" data-widget_type=\"spacer.default\">\n\t\t\t\t<div class=\"elementor-widget-container\">\n\t\t\t\t\t\t\t<div class=\"elementor-spacer\">\n\t\t\t<div class=\"elementor-spacer-inner\"><\/div>\n\t\t<\/div>\n\t\t\t\t\t\t<\/div>\n\t\t\t\t<\/div>\n\t\t\t\t<div class=\"elementor-element elementor-element-344db6df elementor-widget elementor-widget-text-editor\" data-id=\"344db6df\" data-element_type=\"widget\" data-e-type=\"widget\" data-widget_type=\"text-editor.default\">\n\t\t\t\t<div class=\"elementor-widget-container\">\n\t\t\t\t\t\t\t\t\t8\u00aa candidata de Canviem Montmel\u00f3\t\t\t\t\t\t\t\t<\/div>\n\t\t\t\t<\/div>\n\t\t\t\t<div class=\"elementor-element elementor-element-51c75376 elementor-widget elementor-widget-spacer\" data-id=\"51c75376\" data-element_type=\"widget\" data-e-type=\"widget\" data-widget_type=\"spacer.default\">\n\t\t\t\t<div class=\"elementor-widget-container\">\n\t\t\t\t\t\t\t<div class=\"elementor-spacer\">\n\t\t\t<div class=\"elementor-spacer-inner\"><\/div>\n\t\t<\/div>\n\t\t\t\t\t\t<\/div>\n\t\t\t\t<\/div>\n\t\t\t\t<div class=\"elementor-element elementor-element-260c9024 elementor-widget__width-auto elementor-align-center elementor-widget elementor-widget-the7_icon_widget\" data-id=\"260c9024\" data-element_type=\"widget\" data-e-type=\"widget\" data-widget_type=\"the7_icon_widget.default\">\n\t\t\t\t<div class=\"elementor-widget-container\">\n\t\t\t\t\t<div class=\"the7-icon-wrapper the7-elementor-widget\"><div class=\"elementor-icon\"><i aria-hidden=\"true\" class=\"fab fa-facebook-f\"><\/i><\/div><\/div>\t\t\t\t<\/div>\n\t\t\t\t<\/div>\n\t\t\t\t<div class=\"elementor-element elementor-element-700f8097 elementor-widget__width-auto elementor-align-center elementor-widget elementor-widget-the7_icon_widget\" data-id=\"700f8097\" data-element_type=\"widget\" data-e-type=\"widget\" data-widget_type=\"the7_icon_widget.default\">\n\t\t\t\t<div class=\"elementor-widget-container\">\n\t\t\t\t\t<div class=\"the7-icon-wrapper the7-elementor-widget\"><div class=\"elementor-icon\"><i aria-hidden=\"true\" class=\"fab fa-twitter\"><\/i><\/div><\/div>\t\t\t\t<\/div>\n\t\t\t\t<\/div>\n\t\t\t\t<div class=\"elementor-element elementor-element-2ad8d298 elementor-widget__width-auto elementor-align-center elementor-widget elementor-widget-the7_icon_widget\" data-id=\"2ad8d298\" data-element_type=\"widget\" data-e-type=\"widget\" data-widget_type=\"the7_icon_widget.default\">\n\t\t\t\t<div class=\"elementor-widget-container\">\n\t\t\t\t\t<div class=\"the7-icon-wrapper the7-elementor-widget\"><div class=\"elementor-icon\"><i aria-hidden=\"true\" class=\"fab fa-instagram\"><\/i><\/div><\/div>\t\t\t\t<\/div>\n\t\t\t\t<\/div>\n\t\t\t\t\t<\/div>\n\t\t<\/div>\n\t\t\t\t\t<\/div>\n\t\t<\/section>\n\t\t\t\t\t<\/div>\n\t\t<\/div>\n\t\t\t\t\t<\/div>\n\t\t<\/section>\n\t\t\t\t<section class=\"elementor-section elementor-top-section elementor-element elementor-element-1921f605 elementor-section-boxed elementor-section-height-default elementor-section-height-default\" data-id=\"1921f605\" data-element_type=\"section\" data-e-type=\"section\">\n\t\t\t\t\t\t<div class=\"elementor-container elementor-column-gap-wider\">\n\t\t\t\t\t<div class=\"elementor-column elementor-col-50 elementor-top-column elementor-element elementor-element-30876854\" data-id=\"30876854\" data-element_type=\"column\" data-e-type=\"column\">\n\t\t\t<div class=\"elementor-widget-wrap elementor-element-populated\">\n\t\t\t\t\t\t<div class=\"elementor-element elementor-element-13f54900 elementor-widget elementor-widget-heading\" data-id=\"13f54900\" data-element_type=\"widget\" data-e-type=\"widget\" data-widget_type=\"heading.default\">\n\t\t\t\t<div class=\"elementor-widget-container\">\n\t\t\t\t\t<h3 class=\"elementor-heading-title elementor-size-default\">\u00bfQui\u00e9n es Vanessa?<\/h3>\t\t\t\t<\/div>\n\t\t\t\t<\/div>\n\t\t\t\t<div class=\"elementor-element elementor-element-6e0a6257 elementor-widget elementor-widget-spacer\" data-id=\"6e0a6257\" data-element_type=\"widget\" data-e-type=\"widget\" data-widget_type=\"spacer.default\">\n\t\t\t\t<div class=\"elementor-widget-container\">\n\t\t\t\t\t\t\t<div class=\"elementor-spacer\">\n\t\t\t<div class=\"elementor-spacer-inner\"><\/div>\n\t\t<\/div>\n\t\t\t\t\t\t<\/div>\n\t\t\t\t<\/div>\n\t\t\t\t<div class=\"elementor-element elementor-element-4dc5ef3c elementor-widget elementor-widget-text-editor\" data-id=\"4dc5ef3c\" data-element_type=\"widget\" data-e-type=\"widget\" data-widget_type=\"text-editor.default\">\n\t\t\t\t<div class=\"elementor-widget-container\">\n\t\t\t\t\t\t\t\t\t<p>Tengo 44 a\u00f1os. Soy <strong>t\u00e9cnica superior de Administraci\u00f3n y Finanzas<\/strong>, y actualmente trabajo como <strong>manipuladora del sector autom\u00f3vil<\/strong>. <\/p>\n<p>De Montmel\u00f3 destaco a las <strong>entidades y a su gente<\/strong>. <\/p>\n<p>Actualmente colaboro con la <strong>Fundaci\u00f3n Josep Carreras<\/strong>. <\/p>\n\t\t\t\t\t\t\t\t<\/div>\n\t\t\t\t<\/div>\n\t\t\t\t\t<\/div>\n\t\t<\/div>\n\t\t\t\t<div class=\"elementor-column elementor-col-50 elementor-top-column elementor-element elementor-element-49b75c63\" data-id=\"49b75c63\" data-element_type=\"column\" data-e-type=\"column\">\n\t\t\t<div class=\"elementor-widget-wrap elementor-element-populated\">\n\t\t\t\t\t\t<div class=\"elementor-element elementor-element-cf24701 elementor-widget elementor-widget-spacer\" data-id=\"cf24701\" data-element_type=\"widget\" data-e-type=\"widget\" data-widget_type=\"spacer.default\">\n\t\t\t\t<div class=\"elementor-widget-container\">\n\t\t\t\t\t\t\t<div class=\"elementor-spacer\">\n\t\t\t<div class=\"elementor-spacer-inner\"><\/div>\n\t\t<\/div>\n\t\t\t\t\t\t<\/div>\n\t\t\t\t<\/div>\n\t\t\t\t<div class=\"elementor-element elementor-element-3a2713ea content-align-left icon-box-vertical-align-top icon-position-left icon-vertical-align-start elementor-widget elementor-widget-the7_icon_box_grid_widget\" data-id=\"3a2713ea\" data-element_type=\"widget\" data-e-type=\"widget\" data-widget_type=\"the7_icon_box_grid_widget.default\">\n\t\t\t\t<div class=\"elementor-widget-container\">\n\t\t\t\t\t<div class=\"the7-box-grid-wrapper the7-elementor-widget loading-effect-none the7_icon_box_grid_widget-3a2713ea\">\t\t\t<div class=\"dt-css-grid\">\n\t\t\t\t\t\t\t\t\t<div class=\"wf-cell shown\">\n\t\t\t\t\t\t<div class=\"the7-icon-box-grid\">\t\t\t\t\t\t\t<div class=\"box-content-wrapper\">\n\t\t\t\t\t\t\t\t\t\t\t\t\t\t\t\t\t<a class=\"elementor-icon-div\" aria-label=\"Me sumo a Canviem porque...\">\t\t\t\t\t\t\t\t\t\t<div class=\"elementor-icon\">\n\t\t\t\t\t\t\t\t\t\t\t<i aria-hidden=\"true\" class=\"fas fa-quote-right\"><\/i>\t\t\t\t\t\t\t\t\t\t<\/div>\n\t\t\t\t\t\t\t\t\t<\/a>\t\t\t\t\t\t\t\t\t\t\t\t\t\t\t\t<div class=\"box-content\">\n\t\t\t\t\t\t\t\t\t\t\t\t\t\t\t\t\t\t\t\t\t\t\t\t\t\t\t\t\t<h5 class=\"box-heading\">\n\t\t\t\t\t\t\t\t\t\t\t<a aria-label=\"Me sumo a Canviem porque...\">\t\t\t\t\t\t\t\t\t\t\t\tMe sumo a Canviem porque...\t\t\t\t\t\t\t\t\t\t\t<\/a>\t\t\t\t\t\t\t\t\t\t<\/h5>\n\t\t\t\t\t\t\t\t\t\t\t\t\t\t\t\t\t\t\t\t\t\t\t\t\t\t\t\t<div class=\"box-description\">Quiero que mis hijas crezcan en un Montmel\u00f3 con oportunidades y donde dejen de decidir los de siempre.<\/div>\n\t\t\t\t\t\t\t\t\t\t\t\t\t\t\t\t\t\t\t\t\t\t\t\t\t\t<\/div>\n\t\t\t\t\t\t\t<\/div>\n\t\t\t\t\t\t<\/div>\t\t\t\t\t<\/div>\n\t\t\t\t\t\t\t<\/div>\n\t\t<\/div>\t\t\t\t<\/div>\n\t\t\t\t<\/div>\n\t\t\t\t\t<\/div>\n\t\t<\/div>\n\t\t\t\t\t<\/div>\n\t\t<\/section>\n\t\t\t\t<\/div>\n\t\t","protected":false},"excerpt":{"rendered":"<p>8\u00aa candidata de Canviem Montmel\u00f3<\/p>\n","protected":false},"featured_media":7972,"comment_status":"open","ping_status":"closed","template":"elementor_header_footer","dt_team_category":[],"class_list":["post-8060","dt_team","type-dt_team","status-publish","has-post-thumbnail","hentry"],"yoast_head":"<!-- This site is optimized with the Yoast SEO plugin v27.2 - https:\/\/yoast.com\/product\/yoast-seo-wordpress\/ -->\n<title>Vanessa G\u00e1miz Carrasco - Canviem Montmel\u00f3<\/title>\n<meta name=\"robots\" content=\"index, follow, max-snippet:-1, max-image-preview:large, max-video-preview:-1\" \/>\n<link rel=\"canonical\" href=\"https:\/\/www.canviemmontmelo.cat\/es\/candidat\/vanessa-gamiz-carrasco\/\" \/>\n<meta property=\"og:locale\" content=\"es_ES\" \/>\n<meta property=\"og:type\" content=\"article\" \/>\n<meta property=\"og:title\" content=\"Vanessa G\u00e1miz Carrasco - Canviem Montmel\u00f3\" \/>\n<meta property=\"og:description\" content=\"8\u00aa candidata de Canviem Montmel\u00f3\" \/>\n<meta property=\"og:url\" content=\"https:\/\/www.canviemmontmelo.cat\/es\/candidat\/vanessa-gamiz-carrasco\/\" \/>\n<meta property=\"og:site_name\" content=\"Canviem Montmel\u00f3\" \/>\n<meta property=\"article:modified_time\" content=\"2023-05-18T16:24:11+00:00\" \/>\n<meta property=\"og:image\" content=\"https:\/\/www.canviemmontmelo.cat\/wp-content\/uploads\/2023\/04\/8-vanessa.jpg\" \/>\n\t<meta property=\"og:image:width\" content=\"800\" \/>\n\t<meta property=\"og:image:height\" content=\"800\" \/>\n\t<meta property=\"og:image:type\" content=\"image\/jpeg\" \/>\n<meta name=\"twitter:card\" content=\"summary_large_image\" \/>\n<script type=\"application\/ld+json\" class=\"yoast-schema-graph\">{\"@context\":\"https:\/\/schema.org\",\"@graph\":[{\"@type\":\"WebPage\",\"@id\":\"https:\/\/www.canviemmontmelo.cat\/es\/candidat\/vanessa-gamiz-carrasco\/\",\"url\":\"https:\/\/www.canviemmontmelo.cat\/es\/candidat\/vanessa-gamiz-carrasco\/\",\"name\":\"Vanessa G\u00e1miz Carrasco - Canviem Montmel\u00f3\",\"isPartOf\":{\"@id\":\"https:\/\/www.canviemmontmelo.cat\/es\/#website\"},\"primaryImageOfPage\":{\"@id\":\"https:\/\/www.canviemmontmelo.cat\/es\/candidat\/vanessa-gamiz-carrasco\/#primaryimage\"},\"image\":{\"@id\":\"https:\/\/www.canviemmontmelo.cat\/es\/candidat\/vanessa-gamiz-carrasco\/#primaryimage\"},\"thumbnailUrl\":\"https:\/\/www.canviemmontmelo.cat\/wp-content\/uploads\/2023\/04\/8-vanessa.jpg\",\"datePublished\":\"2023-04-07T22:00:57+00:00\",\"dateModified\":\"2023-05-18T16:24:11+00:00\",\"breadcrumb\":{\"@id\":\"https:\/\/www.canviemmontmelo.cat\/es\/candidat\/vanessa-gamiz-carrasco\/#breadcrumb\"},\"inLanguage\":\"es\",\"potentialAction\":[{\"@type\":\"ReadAction\",\"target\":[\"https:\/\/www.canviemmontmelo.cat\/es\/candidat\/vanessa-gamiz-carrasco\/\"]}]},{\"@type\":\"ImageObject\",\"inLanguage\":\"es\",\"@id\":\"https:\/\/www.canviemmontmelo.cat\/es\/candidat\/vanessa-gamiz-carrasco\/#primaryimage\",\"url\":\"https:\/\/www.canviemmontmelo.cat\/wp-content\/uploads\/2023\/04\/8-vanessa.jpg\",\"contentUrl\":\"https:\/\/www.canviemmontmelo.cat\/wp-content\/uploads\/2023\/04\/8-vanessa.jpg\",\"width\":800,\"height\":800},{\"@type\":\"BreadcrumbList\",\"@id\":\"https:\/\/www.canviemmontmelo.cat\/es\/candidat\/vanessa-gamiz-carrasco\/#breadcrumb\",\"itemListElement\":[{\"@type\":\"ListItem\",\"position\":1,\"name\":\"Inici\",\"item\":\"https:\/\/www.canviemmontmelo.cat\/es\/\"},{\"@type\":\"ListItem\",\"position\":2,\"name\":\"Candidats\",\"item\":\"https:\/\/www.canviemmontmelo.cat\/es\/candidat\/\"},{\"@type\":\"ListItem\",\"position\":3,\"name\":\"Vanessa G\u00e1miz Carrasco\"}]},{\"@type\":\"WebSite\",\"@id\":\"https:\/\/www.canviemmontmelo.cat\/es\/#website\",\"url\":\"https:\/\/www.canviemmontmelo.cat\/es\/\",\"name\":\"Canviem Montmel\u00f3\",\"description\":\"Som l\u2019alternativa d&#039;esquerres pel nostre poble\",\"publisher\":{\"@id\":\"https:\/\/www.canviemmontmelo.cat\/es\/#organization\"},\"potentialAction\":[{\"@type\":\"SearchAction\",\"target\":{\"@type\":\"EntryPoint\",\"urlTemplate\":\"https:\/\/www.canviemmontmelo.cat\/es\/?s={search_term_string}\"},\"query-input\":{\"@type\":\"PropertyValueSpecification\",\"valueRequired\":true,\"valueName\":\"search_term_string\"}}],\"inLanguage\":\"es\"},{\"@type\":\"Organization\",\"@id\":\"https:\/\/www.canviemmontmelo.cat\/es\/#organization\",\"name\":\"Canviem Montmel\u00f3\",\"url\":\"https:\/\/www.canviemmontmelo.cat\/es\/\",\"logo\":{\"@type\":\"ImageObject\",\"inLanguage\":\"es\",\"@id\":\"https:\/\/www.canviemmontmelo.cat\/es\/#\/schema\/logo\/image\/\",\"url\":\"https:\/\/www.canviemmontmelo.cat\/wp-content\/uploads\/2022\/06\/logo-CMo-Blanc.png\",\"contentUrl\":\"https:\/\/www.canviemmontmelo.cat\/wp-content\/uploads\/2022\/06\/logo-CMo-Blanc.png\",\"width\":307,\"height\":117,\"caption\":\"Canviem Montmel\u00f3\"},\"image\":{\"@id\":\"https:\/\/www.canviemmontmelo.cat\/es\/#\/schema\/logo\/image\/\"}}]}<\/script>\n<!-- \/ Yoast SEO plugin. -->","yoast_head_json":{"title":"Vanessa G\u00e1miz Carrasco - Canviem Montmel\u00f3","robots":{"index":"index","follow":"follow","max-snippet":"max-snippet:-1","max-image-preview":"max-image-preview:large","max-video-preview":"max-video-preview:-1"},"canonical":"https:\/\/www.canviemmontmelo.cat\/es\/candidat\/vanessa-gamiz-carrasco\/","og_locale":"es_ES","og_type":"article","og_title":"Vanessa G\u00e1miz Carrasco - Canviem Montmel\u00f3","og_description":"8\u00aa candidata de Canviem Montmel\u00f3","og_url":"https:\/\/www.canviemmontmelo.cat\/es\/candidat\/vanessa-gamiz-carrasco\/","og_site_name":"Canviem Montmel\u00f3","article_modified_time":"2023-05-18T16:24:11+00:00","og_image":[{"width":800,"height":800,"url":"https:\/\/www.canviemmontmelo.cat\/wp-content\/uploads\/2023\/04\/8-vanessa.jpg","type":"image\/jpeg"}],"twitter_card":"summary_large_image","schema":{"@context":"https:\/\/schema.org","@graph":[{"@type":"WebPage","@id":"https:\/\/www.canviemmontmelo.cat\/es\/candidat\/vanessa-gamiz-carrasco\/","url":"https:\/\/www.canviemmontmelo.cat\/es\/candidat\/vanessa-gamiz-carrasco\/","name":"Vanessa G\u00e1miz Carrasco - Canviem Montmel\u00f3","isPartOf":{"@id":"https:\/\/www.canviemmontmelo.cat\/es\/#website"},"primaryImageOfPage":{"@id":"https:\/\/www.canviemmontmelo.cat\/es\/candidat\/vanessa-gamiz-carrasco\/#primaryimage"},"image":{"@id":"https:\/\/www.canviemmontmelo.cat\/es\/candidat\/vanessa-gamiz-carrasco\/#primaryimage"},"thumbnailUrl":"https:\/\/www.canviemmontmelo.cat\/wp-content\/uploads\/2023\/04\/8-vanessa.jpg","datePublished":"2023-04-07T22:00:57+00:00","dateModified":"2023-05-18T16:24:11+00:00","breadcrumb":{"@id":"https:\/\/www.canviemmontmelo.cat\/es\/candidat\/vanessa-gamiz-carrasco\/#breadcrumb"},"inLanguage":"es","potentialAction":[{"@type":"ReadAction","target":["https:\/\/www.canviemmontmelo.cat\/es\/candidat\/vanessa-gamiz-carrasco\/"]}]},{"@type":"ImageObject","inLanguage":"es","@id":"https:\/\/www.canviemmontmelo.cat\/es\/candidat\/vanessa-gamiz-carrasco\/#primaryimage","url":"https:\/\/www.canviemmontmelo.cat\/wp-content\/uploads\/2023\/04\/8-vanessa.jpg","contentUrl":"https:\/\/www.canviemmontmelo.cat\/wp-content\/uploads\/2023\/04\/8-vanessa.jpg","width":800,"height":800},{"@type":"BreadcrumbList","@id":"https:\/\/www.canviemmontmelo.cat\/es\/candidat\/vanessa-gamiz-carrasco\/#breadcrumb","itemListElement":[{"@type":"ListItem","position":1,"name":"Inici","item":"https:\/\/www.canviemmontmelo.cat\/es\/"},{"@type":"ListItem","position":2,"name":"Candidats","item":"https:\/\/www.canviemmontmelo.cat\/es\/candidat\/"},{"@type":"ListItem","position":3,"name":"Vanessa G\u00e1miz Carrasco"}]},{"@type":"WebSite","@id":"https:\/\/www.canviemmontmelo.cat\/es\/#website","url":"https:\/\/www.canviemmontmelo.cat\/es\/","name":"Canviem Montmel\u00f3","description":"Som l\u2019alternativa d&#039;esquerres pel nostre poble","publisher":{"@id":"https:\/\/www.canviemmontmelo.cat\/es\/#organization"},"potentialAction":[{"@type":"SearchAction","target":{"@type":"EntryPoint","urlTemplate":"https:\/\/www.canviemmontmelo.cat\/es\/?s={search_term_string}"},"query-input":{"@type":"PropertyValueSpecification","valueRequired":true,"valueName":"search_term_string"}}],"inLanguage":"es"},{"@type":"Organization","@id":"https:\/\/www.canviemmontmelo.cat\/es\/#organization","name":"Canviem Montmel\u00f3","url":"https:\/\/www.canviemmontmelo.cat\/es\/","logo":{"@type":"ImageObject","inLanguage":"es","@id":"https:\/\/www.canviemmontmelo.cat\/es\/#\/schema\/logo\/image\/","url":"https:\/\/www.canviemmontmelo.cat\/wp-content\/uploads\/2022\/06\/logo-CMo-Blanc.png","contentUrl":"https:\/\/www.canviemmontmelo.cat\/wp-content\/uploads\/2022\/06\/logo-CMo-Blanc.png","width":307,"height":117,"caption":"Canviem Montmel\u00f3"},"image":{"@id":"https:\/\/www.canviemmontmelo.cat\/es\/#\/schema\/logo\/image\/"}}]}},"_links":{"self":[{"href":"https:\/\/www.canviemmontmelo.cat\/es\/wp-json\/wp\/v2\/dt_team\/8060","targetHints":{"allow":["GET"]}}],"collection":[{"href":"https:\/\/www.canviemmontmelo.cat\/es\/wp-json\/wp\/v2\/dt_team"}],"about":[{"href":"https:\/\/www.canviemmontmelo.cat\/es\/wp-json\/wp\/v2\/types\/dt_team"}],"replies":[{"embeddable":true,"href":"https:\/\/www.canviemmontmelo.cat\/es\/wp-json\/wp\/v2\/comments?post=8060"}],"version-history":[{"count":2,"href":"https:\/\/www.canviemmontmelo.cat\/es\/wp-json\/wp\/v2\/dt_team\/8060\/revisions"}],"predecessor-version":[{"id":8433,"href":"https:\/\/www.canviemmontmelo.cat\/es\/wp-json\/wp\/v2\/dt_team\/8060\/revisions\/8433"}],"wp:featuredmedia":[{"embeddable":true,"href":"https:\/\/www.canviemmontmelo.cat\/es\/wp-json\/wp\/v2\/media\/7972"}],"wp:attachment":[{"href":"https:\/\/www.canviemmontmelo.cat\/es\/wp-json\/wp\/v2\/media?parent=8060"}],"wp:term":[{"taxonomy":"dt_team_category","embeddable":true,"href":"https:\/\/www.canviemmontmelo.cat\/es\/wp-json\/wp\/v2\/dt_team_category?post=8060"}],"curies":[{"name":"wp","href":"https:\/\/api.w.org\/{rel}","templated":true}]}}