{"id":8084,"date":"2023-04-11T00:00:31","date_gmt":"2023-04-10T22:00:31","guid":{"rendered":"https:\/\/www.canviemmontmelo.cat\/candidat\/jose-manuel-acosta-mejuto\/"},"modified":"2023-05-18T19:20:38","modified_gmt":"2023-05-18T17:20:38","slug":"jose-manuel-acosta-mejuto","status":"publish","type":"dt_team","link":"https:\/\/www.canviemmontmelo.cat\/es\/candidat\/jose-manuel-acosta-mejuto\/","title":{"rendered":"Jos\u00e9 Manuel Acosta Mejuto"},"content":{"rendered":"\t\t<div data-elementor-type=\"wp-post\" data-elementor-id=\"8084\" class=\"elementor elementor-8084 elementor-8078\" data-elementor-post-type=\"dt_team\">\n\t\t\t\t\t\t<section class=\"elementor-section elementor-top-section elementor-element elementor-element-6e3e10d5 elementor-section-height-min-height elementor-section-items-stretch elementor-section-content-middle elementor-section-boxed elementor-section-height-default\" data-id=\"6e3e10d5\" data-element_type=\"section\" data-e-type=\"section\" data-settings=\"{&quot;background_background&quot;:&quot;classic&quot;}\">\n\t\t\t\t\t\t\t<div class=\"elementor-background-overlay\"><\/div>\n\t\t\t\t\t\t\t<div class=\"elementor-container elementor-column-gap-no\">\n\t\t\t\t\t<div class=\"elementor-column elementor-col-100 elementor-top-column elementor-element elementor-element-7b529bb5\" data-id=\"7b529bb5\" data-element_type=\"column\" data-e-type=\"column\">\n\t\t\t<div class=\"elementor-widget-wrap elementor-element-populated\">\n\t\t\t\t\t\t<section class=\"elementor-section elementor-inner-section elementor-element elementor-element-5b0ca968 elementor-section-boxed elementor-section-height-default elementor-section-height-default\" data-id=\"5b0ca968\" data-element_type=\"section\" data-e-type=\"section\">\n\t\t\t\t\t\t<div class=\"elementor-container elementor-column-gap-wider\">\n\t\t\t\t\t<div class=\"elementor-column elementor-col-50 elementor-inner-column elementor-element elementor-element-7335a926\" data-id=\"7335a926\" data-element_type=\"column\" data-e-type=\"column\">\n\t\t\t<div class=\"elementor-widget-wrap elementor-element-populated\">\n\t\t\t\t\t\t<div class=\"elementor-element elementor-element-6e62f838 elementor-widget elementor-widget-theme-post-featured-image elementor-widget-image\" data-id=\"6e62f838\" data-element_type=\"widget\" data-e-type=\"widget\" data-widget_type=\"theme-post-featured-image.default\">\n\t\t\t\t<div class=\"elementor-widget-container\">\n\t\t\t\t\t\t\t\t\t\t\t\t\t\t\t<img fetchpriority=\"high\" decoding=\"async\" width=\"800\" height=\"800\" src=\"https:\/\/www.canviemmontmelo.cat\/wp-content\/uploads\/2023\/04\/11-jose.jpg\" class=\"attachment-large size-large wp-image-7978\" alt=\"\" srcset=\"https:\/\/www.canviemmontmelo.cat\/wp-content\/uploads\/2023\/04\/11-jose.jpg 800w, https:\/\/www.canviemmontmelo.cat\/wp-content\/uploads\/2023\/04\/11-jose-300x300.jpg 300w, https:\/\/www.canviemmontmelo.cat\/wp-content\/uploads\/2023\/04\/11-jose-150x150.jpg 150w, https:\/\/www.canviemmontmelo.cat\/wp-content\/uploads\/2023\/04\/11-jose-768x768.jpg 768w\" sizes=\"(max-width: 800px) 100vw, 800px\" \/>\t\t\t\t\t\t\t\t\t\t\t\t\t\t\t<\/div>\n\t\t\t\t<\/div>\n\t\t\t\t\t<\/div>\n\t\t<\/div>\n\t\t\t\t<div class=\"elementor-column elementor-col-50 elementor-inner-column elementor-element elementor-element-451d0e1e\" data-id=\"451d0e1e\" data-element_type=\"column\" data-e-type=\"column\">\n\t\t\t<div class=\"elementor-widget-wrap elementor-element-populated\">\n\t\t\t\t\t\t<div class=\"elementor-element elementor-element-35bb1f2b elementor-widget__width-initial elementor-widget elementor-widget-heading\" data-id=\"35bb1f2b\" data-element_type=\"widget\" data-e-type=\"widget\" data-widget_type=\"heading.default\">\n\t\t\t\t<div class=\"elementor-widget-container\">\n\t\t\t\t\t<h2 class=\"elementor-heading-title elementor-size-default\">Jos\u00e9 Manuel Acosta Mejuto<\/h2>\t\t\t\t<\/div>\n\t\t\t\t<\/div>\n\t\t\t\t<div class=\"elementor-element elementor-element-6f1105a3 elementor-widget elementor-widget-spacer\" data-id=\"6f1105a3\" data-element_type=\"widget\" data-e-type=\"widget\" data-widget_type=\"spacer.default\">\n\t\t\t\t<div class=\"elementor-widget-container\">\n\t\t\t\t\t\t\t<div class=\"elementor-spacer\">\n\t\t\t<div class=\"elementor-spacer-inner\"><\/div>\n\t\t<\/div>\n\t\t\t\t\t\t<\/div>\n\t\t\t\t<\/div>\n\t\t\t\t<div class=\"elementor-element elementor-element-a3eb8fe elementor-widget elementor-widget-text-editor\" data-id=\"a3eb8fe\" data-element_type=\"widget\" data-e-type=\"widget\" data-widget_type=\"text-editor.default\">\n\t\t\t\t<div class=\"elementor-widget-container\">\n\t\t\t\t\t\t\t\t\t11\u00ba candidato de Canviem Montmel\u00f3\t\t\t\t\t\t\t\t<\/div>\n\t\t\t\t<\/div>\n\t\t\t\t<div class=\"elementor-element elementor-element-522b75a1 elementor-widget elementor-widget-spacer\" data-id=\"522b75a1\" data-element_type=\"widget\" data-e-type=\"widget\" data-widget_type=\"spacer.default\">\n\t\t\t\t<div class=\"elementor-widget-container\">\n\t\t\t\t\t\t\t<div class=\"elementor-spacer\">\n\t\t\t<div class=\"elementor-spacer-inner\"><\/div>\n\t\t<\/div>\n\t\t\t\t\t\t<\/div>\n\t\t\t\t<\/div>\n\t\t\t\t<div class=\"elementor-element elementor-element-2a84cbf1 elementor-widget__width-auto elementor-align-center elementor-widget elementor-widget-the7_icon_widget\" data-id=\"2a84cbf1\" data-element_type=\"widget\" data-e-type=\"widget\" data-widget_type=\"the7_icon_widget.default\">\n\t\t\t\t<div class=\"elementor-widget-container\">\n\t\t\t\t\t<div class=\"the7-icon-wrapper the7-elementor-widget\"><div class=\"elementor-icon\"><i aria-hidden=\"true\" class=\"fab fa-linkedin-in\"><\/i><\/div><\/div>\t\t\t\t<\/div>\n\t\t\t\t<\/div>\n\t\t\t\t<div class=\"elementor-element elementor-element-3fbc3ce5 elementor-widget__width-auto elementor-align-center elementor-widget elementor-widget-the7_icon_widget\" data-id=\"3fbc3ce5\" data-element_type=\"widget\" data-e-type=\"widget\" data-widget_type=\"the7_icon_widget.default\">\n\t\t\t\t<div class=\"elementor-widget-container\">\n\t\t\t\t\t<div class=\"the7-icon-wrapper the7-elementor-widget\"><div class=\"elementor-icon\"><i aria-hidden=\"true\" class=\"fab fa-facebook-f\"><\/i><\/div><\/div>\t\t\t\t<\/div>\n\t\t\t\t<\/div>\n\t\t\t\t<div class=\"elementor-element elementor-element-2bc5966b elementor-widget__width-auto elementor-align-center elementor-widget elementor-widget-the7_icon_widget\" data-id=\"2bc5966b\" data-element_type=\"widget\" data-e-type=\"widget\" data-widget_type=\"the7_icon_widget.default\">\n\t\t\t\t<div class=\"elementor-widget-container\">\n\t\t\t\t\t<div class=\"the7-icon-wrapper the7-elementor-widget\"><div class=\"elementor-icon\"><i aria-hidden=\"true\" class=\"fab fa-twitter\"><\/i><\/div><\/div>\t\t\t\t<\/div>\n\t\t\t\t<\/div>\n\t\t\t\t<div class=\"elementor-element elementor-element-4ab6ad9e elementor-widget__width-auto elementor-align-center elementor-widget elementor-widget-the7_icon_widget\" data-id=\"4ab6ad9e\" data-element_type=\"widget\" data-e-type=\"widget\" data-widget_type=\"the7_icon_widget.default\">\n\t\t\t\t<div class=\"elementor-widget-container\">\n\t\t\t\t\t<div class=\"the7-icon-wrapper the7-elementor-widget\"><div class=\"elementor-icon\"><i aria-hidden=\"true\" class=\"fab fa-instagram\"><\/i><\/div><\/div>\t\t\t\t<\/div>\n\t\t\t\t<\/div>\n\t\t\t\t\t<\/div>\n\t\t<\/div>\n\t\t\t\t\t<\/div>\n\t\t<\/section>\n\t\t\t\t\t<\/div>\n\t\t<\/div>\n\t\t\t\t\t<\/div>\n\t\t<\/section>\n\t\t\t\t<section class=\"elementor-section elementor-top-section elementor-element elementor-element-424d2fe7 elementor-section-boxed elementor-section-height-default elementor-section-height-default\" data-id=\"424d2fe7\" data-element_type=\"section\" data-e-type=\"section\">\n\t\t\t\t\t\t<div class=\"elementor-container elementor-column-gap-wider\">\n\t\t\t\t\t<div class=\"elementor-column elementor-col-50 elementor-top-column elementor-element elementor-element-165bcbda\" data-id=\"165bcbda\" data-element_type=\"column\" data-e-type=\"column\">\n\t\t\t<div class=\"elementor-widget-wrap elementor-element-populated\">\n\t\t\t\t\t\t<div class=\"elementor-element elementor-element-22327b9e elementor-widget elementor-widget-heading\" data-id=\"22327b9e\" data-element_type=\"widget\" data-e-type=\"widget\" data-widget_type=\"heading.default\">\n\t\t\t\t<div class=\"elementor-widget-container\">\n\t\t\t\t\t<h3 class=\"elementor-heading-title elementor-size-default\">\u00bfQui\u00e9n es Jos\u00e9 Manuel?<\/h3>\t\t\t\t<\/div>\n\t\t\t\t<\/div>\n\t\t\t\t<div class=\"elementor-element elementor-element-66fe6e95 elementor-widget elementor-widget-spacer\" data-id=\"66fe6e95\" data-element_type=\"widget\" data-e-type=\"widget\" data-widget_type=\"spacer.default\">\n\t\t\t\t<div class=\"elementor-widget-container\">\n\t\t\t\t\t\t\t<div class=\"elementor-spacer\">\n\t\t\t<div class=\"elementor-spacer-inner\"><\/div>\n\t\t<\/div>\n\t\t\t\t\t\t<\/div>\n\t\t\t\t<\/div>\n\t\t\t\t<div class=\"elementor-element elementor-element-15c90f5f elementor-widget elementor-widget-text-editor\" data-id=\"15c90f5f\" data-element_type=\"widget\" data-e-type=\"widget\" data-widget_type=\"text-editor.default\">\n\t\t\t\t<div class=\"elementor-widget-container\">\n\t\t\t\t\t\t\t\t\t<p>Tengo 50 a\u00f1os. Estudi\u00e9 el FP de la <strong>rama de electr\u00f3nica<\/strong> y soy <strong>t\u00e9cnico medio de prevenci\u00f3n de riesgos laborales<\/strong>.<\/p>\n<p>Actualmente trabajo como <strong>carretillero en una empresa de transportes<\/strong>. <\/p>\n<p>Nac\u00ed en Barcelona, \u200b\u200bpero vivo en Montmel\u00f3 desde el a\u00f1o 2000, en el barrio de Sant Crist.<\/p>\n<p><span class=\"Y2IQFc\" lang=\"ca\">Soy cofundador y presidente de la <strong>Pe\u00f1a Espanyolista Pericos de Montmel\u00f3<\/strong>. Estoy afiliado al <strong>sindicato CCOO<\/strong>, donde durante a\u00f1os he estado como responsable de organizaci\u00f3n en el sector de Carretera de Catalunya y en la Federaci\u00f3n de servicios a la Ciudadana en el Vall\u00e8s Oriental. Tambi\u00e9n participo en la <strong>Asociaci\u00f3n Catalana de Trastornos Metab\u00f3licos Heriditarios<\/strong>.<\/span><\/p>\n<p><span class=\"Y2IQFc\" lang=\"ca\"> Soy tertuliano en Radio Marca y participo en otras tertulias.<\/span><\/p>\n\t\t\t\t\t\t\t\t<\/div>\n\t\t\t\t<\/div>\n\t\t\t\t\t<\/div>\n\t\t<\/div>\n\t\t\t\t<div class=\"elementor-column elementor-col-50 elementor-top-column elementor-element elementor-element-2f4b6a0e\" data-id=\"2f4b6a0e\" data-element_type=\"column\" data-e-type=\"column\">\n\t\t\t<div class=\"elementor-widget-wrap elementor-element-populated\">\n\t\t\t\t\t\t<div class=\"elementor-element elementor-element-21aa8101 elementor-widget elementor-widget-spacer\" data-id=\"21aa8101\" data-element_type=\"widget\" data-e-type=\"widget\" data-widget_type=\"spacer.default\">\n\t\t\t\t<div class=\"elementor-widget-container\">\n\t\t\t\t\t\t\t<div class=\"elementor-spacer\">\n\t\t\t<div class=\"elementor-spacer-inner\"><\/div>\n\t\t<\/div>\n\t\t\t\t\t\t<\/div>\n\t\t\t\t<\/div>\n\t\t\t\t<div class=\"elementor-element elementor-element-4686ca72 content-align-left icon-box-vertical-align-top icon-position-left icon-vertical-align-start elementor-widget elementor-widget-the7_icon_box_grid_widget\" data-id=\"4686ca72\" data-element_type=\"widget\" data-e-type=\"widget\" data-widget_type=\"the7_icon_box_grid_widget.default\">\n\t\t\t\t<div class=\"elementor-widget-container\">\n\t\t\t\t\t<div class=\"the7-box-grid-wrapper the7-elementor-widget loading-effect-none the7_icon_box_grid_widget-4686ca72\">\t\t\t<div class=\"dt-css-grid\">\n\t\t\t\t\t\t\t\t\t<div class=\"wf-cell shown\">\n\t\t\t\t\t\t<div class=\"the7-icon-box-grid\">\t\t\t\t\t\t\t<div class=\"box-content-wrapper\">\n\t\t\t\t\t\t\t\t\t\t\t\t\t\t\t\t\t<a class=\"elementor-icon-div\" aria-label=\"Me sumo a Canviem porque...\">\t\t\t\t\t\t\t\t\t\t<div class=\"elementor-icon\">\n\t\t\t\t\t\t\t\t\t\t\t<i aria-hidden=\"true\" class=\"fas fa-quote-right\"><\/i>\t\t\t\t\t\t\t\t\t\t<\/div>\n\t\t\t\t\t\t\t\t\t<\/a>\t\t\t\t\t\t\t\t\t\t\t\t\t\t\t\t<div class=\"box-content\">\n\t\t\t\t\t\t\t\t\t\t\t\t\t\t\t\t\t\t\t\t\t\t\t\t\t\t\t\t\t<h5 class=\"box-heading\">\n\t\t\t\t\t\t\t\t\t\t\t<a aria-label=\"Me sumo a Canviem porque...\">\t\t\t\t\t\t\t\t\t\t\t\tMe sumo a Canviem porque...\t\t\t\t\t\t\t\t\t\t\t<\/a>\t\t\t\t\t\t\t\t\t\t<\/h5>\n\t\t\t\t\t\t\t\t\t\t\t\t\t\t\t\t\t\t\t\t\t\t\t\t\t\t\t\t<div class=\"box-description\">El Ayuntamiento es la instituci\u00f3n democr\u00e1tica que elegimos todos\/as los\/las ciudadanos\/as, y la m\u00e1s cercana que tenemos. Pero en este pueblo y con los distintos gobiernos municipales y sus aliados, parece todo lo contrario, que est\u00e9n muy lejos. Se necesita un gobierno municipal cercano que escuche y de respuestas a los\/las vecinos\/as. \nDespu\u00e9s de 40 a\u00f1os hay que cambiar los usos y costumbres, porque algunos creen que el Ayuntamiento es de su propiedad.<\/div>\n\t\t\t\t\t\t\t\t\t\t\t\t\t\t\t\t\t\t\t\t\t\t\t\t\t\t<\/div>\n\t\t\t\t\t\t\t<\/div>\n\t\t\t\t\t\t<\/div>\t\t\t\t\t<\/div>\n\t\t\t\t\t\t\t<\/div>\n\t\t<\/div>\t\t\t\t<\/div>\n\t\t\t\t<\/div>\n\t\t\t\t\t<\/div>\n\t\t<\/div>\n\t\t\t\t\t<\/div>\n\t\t<\/section>\n\t\t\t\t<\/div>\n\t\t","protected":false},"excerpt":{"rendered":"<p>11\u00ba candidato de Canviem Montmel\u00f3<\/p>\n","protected":false},"featured_media":7978,"comment_status":"open","ping_status":"closed","template":"elementor_header_footer","dt_team_category":[],"class_list":["post-8084","dt_team","type-dt_team","status-publish","has-post-thumbnail","hentry"],"yoast_head":"<!-- This site is optimized with the Yoast SEO plugin v27.2 - https:\/\/yoast.com\/product\/yoast-seo-wordpress\/ -->\n<title>Jos\u00e9 Manuel Acosta Mejuto - Canviem Montmel\u00f3<\/title>\n<meta name=\"robots\" content=\"index, follow, max-snippet:-1, max-image-preview:large, max-video-preview:-1\" \/>\n<link rel=\"canonical\" href=\"https:\/\/www.canviemmontmelo.cat\/es\/candidat\/jose-manuel-acosta-mejuto\/\" \/>\n<meta property=\"og:locale\" content=\"es_ES\" \/>\n<meta property=\"og:type\" content=\"article\" \/>\n<meta property=\"og:title\" content=\"Jos\u00e9 Manuel Acosta Mejuto - Canviem Montmel\u00f3\" \/>\n<meta property=\"og:description\" content=\"11\u00ba candidato de Canviem Montmel\u00f3\" \/>\n<meta property=\"og:url\" content=\"https:\/\/www.canviemmontmelo.cat\/es\/candidat\/jose-manuel-acosta-mejuto\/\" \/>\n<meta property=\"og:site_name\" content=\"Canviem Montmel\u00f3\" \/>\n<meta property=\"article:modified_time\" content=\"2023-05-18T17:20:38+00:00\" \/>\n<meta property=\"og:image\" content=\"https:\/\/www.canviemmontmelo.cat\/wp-content\/uploads\/2023\/04\/11-jose.jpg\" \/>\n\t<meta property=\"og:image:width\" content=\"800\" \/>\n\t<meta property=\"og:image:height\" content=\"800\" \/>\n\t<meta property=\"og:image:type\" content=\"image\/jpeg\" \/>\n<meta name=\"twitter:card\" content=\"summary_large_image\" \/>\n<meta name=\"twitter:label1\" content=\"Tiempo de lectura\" \/>\n\t<meta name=\"twitter:data1\" content=\"1 minuto\" \/>\n<script type=\"application\/ld+json\" class=\"yoast-schema-graph\">{\"@context\":\"https:\/\/schema.org\",\"@graph\":[{\"@type\":\"WebPage\",\"@id\":\"https:\/\/www.canviemmontmelo.cat\/es\/candidat\/jose-manuel-acosta-mejuto\/\",\"url\":\"https:\/\/www.canviemmontmelo.cat\/es\/candidat\/jose-manuel-acosta-mejuto\/\",\"name\":\"Jos\u00e9 Manuel Acosta Mejuto - Canviem Montmel\u00f3\",\"isPartOf\":{\"@id\":\"https:\/\/www.canviemmontmelo.cat\/es\/#website\"},\"primaryImageOfPage\":{\"@id\":\"https:\/\/www.canviemmontmelo.cat\/es\/candidat\/jose-manuel-acosta-mejuto\/#primaryimage\"},\"image\":{\"@id\":\"https:\/\/www.canviemmontmelo.cat\/es\/candidat\/jose-manuel-acosta-mejuto\/#primaryimage\"},\"thumbnailUrl\":\"https:\/\/www.canviemmontmelo.cat\/wp-content\/uploads\/2023\/04\/11-jose.jpg\",\"datePublished\":\"2023-04-10T22:00:31+00:00\",\"dateModified\":\"2023-05-18T17:20:38+00:00\",\"breadcrumb\":{\"@id\":\"https:\/\/www.canviemmontmelo.cat\/es\/candidat\/jose-manuel-acosta-mejuto\/#breadcrumb\"},\"inLanguage\":\"es\",\"potentialAction\":[{\"@type\":\"ReadAction\",\"target\":[\"https:\/\/www.canviemmontmelo.cat\/es\/candidat\/jose-manuel-acosta-mejuto\/\"]}]},{\"@type\":\"ImageObject\",\"inLanguage\":\"es\",\"@id\":\"https:\/\/www.canviemmontmelo.cat\/es\/candidat\/jose-manuel-acosta-mejuto\/#primaryimage\",\"url\":\"https:\/\/www.canviemmontmelo.cat\/wp-content\/uploads\/2023\/04\/11-jose.jpg\",\"contentUrl\":\"https:\/\/www.canviemmontmelo.cat\/wp-content\/uploads\/2023\/04\/11-jose.jpg\",\"width\":800,\"height\":800},{\"@type\":\"BreadcrumbList\",\"@id\":\"https:\/\/www.canviemmontmelo.cat\/es\/candidat\/jose-manuel-acosta-mejuto\/#breadcrumb\",\"itemListElement\":[{\"@type\":\"ListItem\",\"position\":1,\"name\":\"Inici\",\"item\":\"https:\/\/www.canviemmontmelo.cat\/es\/\"},{\"@type\":\"ListItem\",\"position\":2,\"name\":\"Candidats\",\"item\":\"https:\/\/www.canviemmontmelo.cat\/es\/candidat\/\"},{\"@type\":\"ListItem\",\"position\":3,\"name\":\"Jos\u00e9 Manuel Acosta Mejuto\"}]},{\"@type\":\"WebSite\",\"@id\":\"https:\/\/www.canviemmontmelo.cat\/es\/#website\",\"url\":\"https:\/\/www.canviemmontmelo.cat\/es\/\",\"name\":\"Canviem Montmel\u00f3\",\"description\":\"Som l\u2019alternativa d&#039;esquerres pel nostre poble\",\"publisher\":{\"@id\":\"https:\/\/www.canviemmontmelo.cat\/es\/#organization\"},\"potentialAction\":[{\"@type\":\"SearchAction\",\"target\":{\"@type\":\"EntryPoint\",\"urlTemplate\":\"https:\/\/www.canviemmontmelo.cat\/es\/?s={search_term_string}\"},\"query-input\":{\"@type\":\"PropertyValueSpecification\",\"valueRequired\":true,\"valueName\":\"search_term_string\"}}],\"inLanguage\":\"es\"},{\"@type\":\"Organization\",\"@id\":\"https:\/\/www.canviemmontmelo.cat\/es\/#organization\",\"name\":\"Canviem Montmel\u00f3\",\"url\":\"https:\/\/www.canviemmontmelo.cat\/es\/\",\"logo\":{\"@type\":\"ImageObject\",\"inLanguage\":\"es\",\"@id\":\"https:\/\/www.canviemmontmelo.cat\/es\/#\/schema\/logo\/image\/\",\"url\":\"https:\/\/www.canviemmontmelo.cat\/wp-content\/uploads\/2022\/06\/logo-CMo-Blanc.png\",\"contentUrl\":\"https:\/\/www.canviemmontmelo.cat\/wp-content\/uploads\/2022\/06\/logo-CMo-Blanc.png\",\"width\":307,\"height\":117,\"caption\":\"Canviem Montmel\u00f3\"},\"image\":{\"@id\":\"https:\/\/www.canviemmontmelo.cat\/es\/#\/schema\/logo\/image\/\"}}]}<\/script>\n<!-- \/ Yoast SEO plugin. -->","yoast_head_json":{"title":"Jos\u00e9 Manuel Acosta Mejuto - Canviem Montmel\u00f3","robots":{"index":"index","follow":"follow","max-snippet":"max-snippet:-1","max-image-preview":"max-image-preview:large","max-video-preview":"max-video-preview:-1"},"canonical":"https:\/\/www.canviemmontmelo.cat\/es\/candidat\/jose-manuel-acosta-mejuto\/","og_locale":"es_ES","og_type":"article","og_title":"Jos\u00e9 Manuel Acosta Mejuto - Canviem Montmel\u00f3","og_description":"11\u00ba candidato de Canviem Montmel\u00f3","og_url":"https:\/\/www.canviemmontmelo.cat\/es\/candidat\/jose-manuel-acosta-mejuto\/","og_site_name":"Canviem Montmel\u00f3","article_modified_time":"2023-05-18T17:20:38+00:00","og_image":[{"width":800,"height":800,"url":"https:\/\/www.canviemmontmelo.cat\/wp-content\/uploads\/2023\/04\/11-jose.jpg","type":"image\/jpeg"}],"twitter_card":"summary_large_image","twitter_misc":{"Tiempo de lectura":"1 minuto"},"schema":{"@context":"https:\/\/schema.org","@graph":[{"@type":"WebPage","@id":"https:\/\/www.canviemmontmelo.cat\/es\/candidat\/jose-manuel-acosta-mejuto\/","url":"https:\/\/www.canviemmontmelo.cat\/es\/candidat\/jose-manuel-acosta-mejuto\/","name":"Jos\u00e9 Manuel Acosta Mejuto - Canviem Montmel\u00f3","isPartOf":{"@id":"https:\/\/www.canviemmontmelo.cat\/es\/#website"},"primaryImageOfPage":{"@id":"https:\/\/www.canviemmontmelo.cat\/es\/candidat\/jose-manuel-acosta-mejuto\/#primaryimage"},"image":{"@id":"https:\/\/www.canviemmontmelo.cat\/es\/candidat\/jose-manuel-acosta-mejuto\/#primaryimage"},"thumbnailUrl":"https:\/\/www.canviemmontmelo.cat\/wp-content\/uploads\/2023\/04\/11-jose.jpg","datePublished":"2023-04-10T22:00:31+00:00","dateModified":"2023-05-18T17:20:38+00:00","breadcrumb":{"@id":"https:\/\/www.canviemmontmelo.cat\/es\/candidat\/jose-manuel-acosta-mejuto\/#breadcrumb"},"inLanguage":"es","potentialAction":[{"@type":"ReadAction","target":["https:\/\/www.canviemmontmelo.cat\/es\/candidat\/jose-manuel-acosta-mejuto\/"]}]},{"@type":"ImageObject","inLanguage":"es","@id":"https:\/\/www.canviemmontmelo.cat\/es\/candidat\/jose-manuel-acosta-mejuto\/#primaryimage","url":"https:\/\/www.canviemmontmelo.cat\/wp-content\/uploads\/2023\/04\/11-jose.jpg","contentUrl":"https:\/\/www.canviemmontmelo.cat\/wp-content\/uploads\/2023\/04\/11-jose.jpg","width":800,"height":800},{"@type":"BreadcrumbList","@id":"https:\/\/www.canviemmontmelo.cat\/es\/candidat\/jose-manuel-acosta-mejuto\/#breadcrumb","itemListElement":[{"@type":"ListItem","position":1,"name":"Inici","item":"https:\/\/www.canviemmontmelo.cat\/es\/"},{"@type":"ListItem","position":2,"name":"Candidats","item":"https:\/\/www.canviemmontmelo.cat\/es\/candidat\/"},{"@type":"ListItem","position":3,"name":"Jos\u00e9 Manuel Acosta Mejuto"}]},{"@type":"WebSite","@id":"https:\/\/www.canviemmontmelo.cat\/es\/#website","url":"https:\/\/www.canviemmontmelo.cat\/es\/","name":"Canviem Montmel\u00f3","description":"Som l\u2019alternativa d&#039;esquerres pel nostre poble","publisher":{"@id":"https:\/\/www.canviemmontmelo.cat\/es\/#organization"},"potentialAction":[{"@type":"SearchAction","target":{"@type":"EntryPoint","urlTemplate":"https:\/\/www.canviemmontmelo.cat\/es\/?s={search_term_string}"},"query-input":{"@type":"PropertyValueSpecification","valueRequired":true,"valueName":"search_term_string"}}],"inLanguage":"es"},{"@type":"Organization","@id":"https:\/\/www.canviemmontmelo.cat\/es\/#organization","name":"Canviem Montmel\u00f3","url":"https:\/\/www.canviemmontmelo.cat\/es\/","logo":{"@type":"ImageObject","inLanguage":"es","@id":"https:\/\/www.canviemmontmelo.cat\/es\/#\/schema\/logo\/image\/","url":"https:\/\/www.canviemmontmelo.cat\/wp-content\/uploads\/2022\/06\/logo-CMo-Blanc.png","contentUrl":"https:\/\/www.canviemmontmelo.cat\/wp-content\/uploads\/2022\/06\/logo-CMo-Blanc.png","width":307,"height":117,"caption":"Canviem Montmel\u00f3"},"image":{"@id":"https:\/\/www.canviemmontmelo.cat\/es\/#\/schema\/logo\/image\/"}}]}},"_links":{"self":[{"href":"https:\/\/www.canviemmontmelo.cat\/es\/wp-json\/wp\/v2\/dt_team\/8084","targetHints":{"allow":["GET"]}}],"collection":[{"href":"https:\/\/www.canviemmontmelo.cat\/es\/wp-json\/wp\/v2\/dt_team"}],"about":[{"href":"https:\/\/www.canviemmontmelo.cat\/es\/wp-json\/wp\/v2\/types\/dt_team"}],"replies":[{"embeddable":true,"href":"https:\/\/www.canviemmontmelo.cat\/es\/wp-json\/wp\/v2\/comments?post=8084"}],"version-history":[{"count":2,"href":"https:\/\/www.canviemmontmelo.cat\/es\/wp-json\/wp\/v2\/dt_team\/8084\/revisions"}],"predecessor-version":[{"id":8465,"href":"https:\/\/www.canviemmontmelo.cat\/es\/wp-json\/wp\/v2\/dt_team\/8084\/revisions\/8465"}],"wp:featuredmedia":[{"embeddable":true,"href":"https:\/\/www.canviemmontmelo.cat\/es\/wp-json\/wp\/v2\/media\/7978"}],"wp:attachment":[{"href":"https:\/\/www.canviemmontmelo.cat\/es\/wp-json\/wp\/v2\/media?parent=8084"}],"wp:term":[{"taxonomy":"dt_team_category","embeddable":true,"href":"https:\/\/www.canviemmontmelo.cat\/es\/wp-json\/wp\/v2\/dt_team_category?post=8084"}],"curies":[{"name":"wp","href":"https:\/\/api.w.org\/{rel}","templated":true}]}}