{"id":8168,"date":"2023-04-21T00:00:00","date_gmt":"2023-04-20T22:00:00","guid":{"rendered":"https:\/\/www.canviemmontmelo.cat\/candidat\/marta-subira-vilalta\/"},"modified":"2023-05-19T16:57:35","modified_gmt":"2023-05-19T14:57:35","slug":"marta-subira-vilalta","status":"publish","type":"dt_team","link":"https:\/\/www.canviemmontmelo.cat\/es\/candidat\/marta-subira-vilalta\/","title":{"rendered":"Marta Subir\u00e0 Vilalta"},"content":{"rendered":"\t\t<div data-elementor-type=\"wp-post\" data-elementor-id=\"8168\" class=\"elementor elementor-8168 elementor-8162\" data-elementor-post-type=\"dt_team\">\n\t\t\t\t\t\t<section class=\"elementor-section elementor-top-section elementor-element elementor-element-750ff2ed elementor-section-height-min-height elementor-section-items-stretch elementor-section-content-middle elementor-section-boxed elementor-section-height-default\" data-id=\"750ff2ed\" data-element_type=\"section\" data-e-type=\"section\" data-settings=\"{&quot;background_background&quot;:&quot;classic&quot;}\">\n\t\t\t\t\t\t\t<div class=\"elementor-background-overlay\"><\/div>\n\t\t\t\t\t\t\t<div class=\"elementor-container elementor-column-gap-no\">\n\t\t\t\t\t<div class=\"elementor-column elementor-col-100 elementor-top-column elementor-element elementor-element-4dc3371e\" data-id=\"4dc3371e\" data-element_type=\"column\" data-e-type=\"column\">\n\t\t\t<div class=\"elementor-widget-wrap elementor-element-populated\">\n\t\t\t\t\t\t<section class=\"elementor-section elementor-inner-section elementor-element elementor-element-efbc03b elementor-section-boxed elementor-section-height-default elementor-section-height-default\" data-id=\"efbc03b\" data-element_type=\"section\" data-e-type=\"section\">\n\t\t\t\t\t\t<div class=\"elementor-container elementor-column-gap-wider\">\n\t\t\t\t\t<div class=\"elementor-column elementor-col-50 elementor-inner-column elementor-element elementor-element-4841430\" data-id=\"4841430\" data-element_type=\"column\" data-e-type=\"column\">\n\t\t\t<div class=\"elementor-widget-wrap elementor-element-populated\">\n\t\t\t\t\t\t<div class=\"elementor-element elementor-element-10a4fb08 elementor-widget elementor-widget-theme-post-featured-image elementor-widget-image\" data-id=\"10a4fb08\" data-element_type=\"widget\" data-e-type=\"widget\" data-widget_type=\"theme-post-featured-image.default\">\n\t\t\t\t<div class=\"elementor-widget-container\">\n\t\t\t\t\t\t\t\t\t\t\t\t\t\t\t<img fetchpriority=\"high\" decoding=\"async\" width=\"800\" height=\"800\" src=\"https:\/\/www.canviemmontmelo.cat\/wp-content\/uploads\/2023\/04\/21-marta.jpg\" class=\"attachment-large size-large wp-image-7998\" alt=\"\" srcset=\"https:\/\/www.canviemmontmelo.cat\/wp-content\/uploads\/2023\/04\/21-marta.jpg 800w, https:\/\/www.canviemmontmelo.cat\/wp-content\/uploads\/2023\/04\/21-marta-300x300.jpg 300w, https:\/\/www.canviemmontmelo.cat\/wp-content\/uploads\/2023\/04\/21-marta-150x150.jpg 150w, https:\/\/www.canviemmontmelo.cat\/wp-content\/uploads\/2023\/04\/21-marta-768x768.jpg 768w\" sizes=\"(max-width: 800px) 100vw, 800px\" \/>\t\t\t\t\t\t\t\t\t\t\t\t\t\t\t<\/div>\n\t\t\t\t<\/div>\n\t\t\t\t\t<\/div>\n\t\t<\/div>\n\t\t\t\t<div class=\"elementor-column elementor-col-50 elementor-inner-column elementor-element elementor-element-6863cd9b\" data-id=\"6863cd9b\" data-element_type=\"column\" data-e-type=\"column\">\n\t\t\t<div class=\"elementor-widget-wrap elementor-element-populated\">\n\t\t\t\t\t\t<div class=\"elementor-element elementor-element-4d458ae1 elementor-widget__width-initial elementor-widget elementor-widget-heading\" data-id=\"4d458ae1\" data-element_type=\"widget\" data-e-type=\"widget\" data-widget_type=\"heading.default\">\n\t\t\t\t<div class=\"elementor-widget-container\">\n\t\t\t\t\t<h2 class=\"elementor-heading-title elementor-size-default\">Marta Subir\u00e0 Vilalta<\/h2>\t\t\t\t<\/div>\n\t\t\t\t<\/div>\n\t\t\t\t<div class=\"elementor-element elementor-element-7a9597de elementor-widget elementor-widget-spacer\" data-id=\"7a9597de\" data-element_type=\"widget\" data-e-type=\"widget\" data-widget_type=\"spacer.default\">\n\t\t\t\t<div class=\"elementor-widget-container\">\n\t\t\t\t\t\t\t<div class=\"elementor-spacer\">\n\t\t\t<div class=\"elementor-spacer-inner\"><\/div>\n\t\t<\/div>\n\t\t\t\t\t\t<\/div>\n\t\t\t\t<\/div>\n\t\t\t\t<div class=\"elementor-element elementor-element-27a80354 elementor-widget elementor-widget-text-editor\" data-id=\"27a80354\" data-element_type=\"widget\" data-e-type=\"widget\" data-widget_type=\"text-editor.default\">\n\t\t\t\t<div class=\"elementor-widget-container\">\n\t\t\t\t\t\t\t\t\t21\u00aa candidata de Canviem Montmel\u00f3\t\t\t\t\t\t\t\t<\/div>\n\t\t\t\t<\/div>\n\t\t\t\t<div class=\"elementor-element elementor-element-5049baef elementor-widget elementor-widget-spacer\" data-id=\"5049baef\" data-element_type=\"widget\" data-e-type=\"widget\" data-widget_type=\"spacer.default\">\n\t\t\t\t<div class=\"elementor-widget-container\">\n\t\t\t\t\t\t\t<div class=\"elementor-spacer\">\n\t\t\t<div class=\"elementor-spacer-inner\"><\/div>\n\t\t<\/div>\n\t\t\t\t\t\t<\/div>\n\t\t\t\t<\/div>\n\t\t\t\t<div class=\"elementor-element elementor-element-4d63cd20 elementor-widget__width-auto elementor-align-center elementor-widget elementor-widget-the7_icon_widget\" data-id=\"4d63cd20\" data-element_type=\"widget\" data-e-type=\"widget\" data-widget_type=\"the7_icon_widget.default\">\n\t\t\t\t<div class=\"elementor-widget-container\">\n\t\t\t\t\t<div class=\"the7-icon-wrapper the7-elementor-widget\"><div class=\"elementor-icon\"><i aria-hidden=\"true\" class=\"fab fa-linkedin-in\"><\/i><\/div><\/div>\t\t\t\t<\/div>\n\t\t\t\t<\/div>\n\t\t\t\t<div class=\"elementor-element elementor-element-433d07b6 elementor-widget__width-auto elementor-align-center elementor-widget elementor-widget-the7_icon_widget\" data-id=\"433d07b6\" data-element_type=\"widget\" data-e-type=\"widget\" data-widget_type=\"the7_icon_widget.default\">\n\t\t\t\t<div class=\"elementor-widget-container\">\n\t\t\t\t\t<div class=\"the7-icon-wrapper the7-elementor-widget\"><div class=\"elementor-icon\"><i aria-hidden=\"true\" class=\"fab fa-facebook-f\"><\/i><\/div><\/div>\t\t\t\t<\/div>\n\t\t\t\t<\/div>\n\t\t\t\t<div class=\"elementor-element elementor-element-52af0c0 elementor-widget__width-auto elementor-align-center elementor-widget elementor-widget-the7_icon_widget\" data-id=\"52af0c0\" data-element_type=\"widget\" data-e-type=\"widget\" data-widget_type=\"the7_icon_widget.default\">\n\t\t\t\t<div class=\"elementor-widget-container\">\n\t\t\t\t\t<div class=\"the7-icon-wrapper the7-elementor-widget\"><div class=\"elementor-icon\"><i aria-hidden=\"true\" class=\"fab fa-twitter\"><\/i><\/div><\/div>\t\t\t\t<\/div>\n\t\t\t\t<\/div>\n\t\t\t\t<div class=\"elementor-element elementor-element-1f9b26fa elementor-widget__width-auto elementor-align-center elementor-widget elementor-widget-the7_icon_widget\" data-id=\"1f9b26fa\" data-element_type=\"widget\" data-e-type=\"widget\" data-widget_type=\"the7_icon_widget.default\">\n\t\t\t\t<div class=\"elementor-widget-container\">\n\t\t\t\t\t<div class=\"the7-icon-wrapper the7-elementor-widget\"><div class=\"elementor-icon\"><i aria-hidden=\"true\" class=\"fab fa-instagram\"><\/i><\/div><\/div>\t\t\t\t<\/div>\n\t\t\t\t<\/div>\n\t\t\t\t\t<\/div>\n\t\t<\/div>\n\t\t\t\t\t<\/div>\n\t\t<\/section>\n\t\t\t\t\t<\/div>\n\t\t<\/div>\n\t\t\t\t\t<\/div>\n\t\t<\/section>\n\t\t\t\t<section class=\"elementor-section elementor-top-section elementor-element elementor-element-1967c11c elementor-section-boxed elementor-section-height-default elementor-section-height-default\" data-id=\"1967c11c\" data-element_type=\"section\" data-e-type=\"section\">\n\t\t\t\t\t\t<div class=\"elementor-container elementor-column-gap-wider\">\n\t\t\t\t\t<div class=\"elementor-column elementor-col-50 elementor-top-column elementor-element elementor-element-4610d801\" data-id=\"4610d801\" data-element_type=\"column\" data-e-type=\"column\">\n\t\t\t<div class=\"elementor-widget-wrap elementor-element-populated\">\n\t\t\t\t\t\t<div class=\"elementor-element elementor-element-a3843b elementor-widget elementor-widget-heading\" data-id=\"a3843b\" data-element_type=\"widget\" data-e-type=\"widget\" data-widget_type=\"heading.default\">\n\t\t\t\t<div class=\"elementor-widget-container\">\n\t\t\t\t\t<h3 class=\"elementor-heading-title elementor-size-default\">\u00bfQui\u00e9n es Marta?<\/h3>\t\t\t\t<\/div>\n\t\t\t\t<\/div>\n\t\t\t\t<div class=\"elementor-element elementor-element-49dd334b elementor-widget elementor-widget-spacer\" data-id=\"49dd334b\" data-element_type=\"widget\" data-e-type=\"widget\" data-widget_type=\"spacer.default\">\n\t\t\t\t<div class=\"elementor-widget-container\">\n\t\t\t\t\t\t\t<div class=\"elementor-spacer\">\n\t\t\t<div class=\"elementor-spacer-inner\"><\/div>\n\t\t<\/div>\n\t\t\t\t\t\t<\/div>\n\t\t\t\t<\/div>\n\t\t\t\t<div class=\"elementor-element elementor-element-18ef5510 elementor-widget elementor-widget-text-editor\" data-id=\"18ef5510\" data-element_type=\"widget\" data-e-type=\"widget\" data-widget_type=\"text-editor.default\">\n\t\t\t\t<div class=\"elementor-widget-container\">\n\t\t\t\t\t\t\t\t\t<p>Tengo 45 a\u00f1os. Soy <strong>t\u00e9<\/strong><span style=\"font-weight: 400;\"><strong>cnica superior de an\u00e1lisis y control en el laboratorio<\/strong>, y <strong>t\u00e9cnica<\/strong><\/span> <span style=\"font-weight: 400;\"><strong>superior de fabricaci\u00f3n de productos farmac\u00e9uticos y afines<\/strong>.<\/span><\/p>\n<p><span style=\"font-weight: 400;\">Pese a tener trabajo en un laboratorio con antig\u00fcedad de once a\u00f1os, actualmente estoy con excedencia forzosa por cargo pol\u00edtico. Soy <strong>responsable de pol\u00edticas de igualdad y \u00e1mbito LGTBI<\/strong>.<\/span><\/p>\n<p>Hasta hace poco colaboraba con el <strong>Esplai de Montmel\u00f3<\/strong> y con el club de <strong>Baloncesto de Montmel\u00f3<\/strong>.<\/p>\n<p>Formo parte de <strong>CCOO<\/strong> y de la <strong>asociaci\u00f3n Ana Bella<\/strong>, por mujeres que sufren violencia de g\u00e9nero.<\/p>\n\t\t\t\t\t\t\t\t<\/div>\n\t\t\t\t<\/div>\n\t\t\t\t\t<\/div>\n\t\t<\/div>\n\t\t\t\t<div class=\"elementor-column elementor-col-50 elementor-top-column elementor-element elementor-element-4136682e\" data-id=\"4136682e\" data-element_type=\"column\" data-e-type=\"column\">\n\t\t\t<div class=\"elementor-widget-wrap elementor-element-populated\">\n\t\t\t\t\t\t<div class=\"elementor-element elementor-element-710a660c elementor-widget elementor-widget-spacer\" data-id=\"710a660c\" data-element_type=\"widget\" data-e-type=\"widget\" data-widget_type=\"spacer.default\">\n\t\t\t\t<div class=\"elementor-widget-container\">\n\t\t\t\t\t\t\t<div class=\"elementor-spacer\">\n\t\t\t<div class=\"elementor-spacer-inner\"><\/div>\n\t\t<\/div>\n\t\t\t\t\t\t<\/div>\n\t\t\t\t<\/div>\n\t\t\t\t<div class=\"elementor-element elementor-element-4049ad86 content-align-left icon-box-vertical-align-top icon-position-left icon-vertical-align-start elementor-widget elementor-widget-the7_icon_box_grid_widget\" data-id=\"4049ad86\" data-element_type=\"widget\" data-e-type=\"widget\" data-widget_type=\"the7_icon_box_grid_widget.default\">\n\t\t\t\t<div class=\"elementor-widget-container\">\n\t\t\t\t\t<div class=\"the7-box-grid-wrapper the7-elementor-widget loading-effect-none the7_icon_box_grid_widget-4049ad86\">\t\t\t<div class=\"dt-css-grid\">\n\t\t\t\t\t\t\t\t\t<div class=\"wf-cell shown\">\n\t\t\t\t\t\t<div class=\"the7-icon-box-grid\">\t\t\t\t\t\t\t<div class=\"box-content-wrapper\">\n\t\t\t\t\t\t\t\t\t\t\t\t\t\t\t\t\t<a class=\"elementor-icon-div\" aria-label=\"Me sumo a Canviem porque...\">\t\t\t\t\t\t\t\t\t\t<div class=\"elementor-icon\">\n\t\t\t\t\t\t\t\t\t\t\t<i aria-hidden=\"true\" class=\"fas fa-quote-right\"><\/i>\t\t\t\t\t\t\t\t\t\t<\/div>\n\t\t\t\t\t\t\t\t\t<\/a>\t\t\t\t\t\t\t\t\t\t\t\t\t\t\t\t<div class=\"box-content\">\n\t\t\t\t\t\t\t\t\t\t\t\t\t\t\t\t\t\t\t\t\t\t\t\t\t\t\t\t\t<h5 class=\"box-heading\">\n\t\t\t\t\t\t\t\t\t\t\t<a aria-label=\"Me sumo a Canviem porque...\">\t\t\t\t\t\t\t\t\t\t\t\tMe sumo a Canviem porque...\t\t\t\t\t\t\t\t\t\t\t<\/a>\t\t\t\t\t\t\t\t\t\t<\/h5>\n\t\t\t\t\t\t\t\t\t\t\t\t\t\t\t\t\t\t\t\t\t\t\t\t\t\t\t\t<div class=\"box-description\">es necesario poner recursos y alternativas para aquellos ni\u00f1os con necesidades especiales. Y para buscar estrategias para conseguir que la gente joven del pueblo tenga una vivienda digna en el pueblo y no tenga que irse a Montorn\u00e8s, como en mi caso.\n<\/div>\n\t\t\t\t\t\t\t\t\t\t\t\t\t\t\t\t\t\t\t\t\t\t\t\t\t\t<\/div>\n\t\t\t\t\t\t\t<\/div>\n\t\t\t\t\t\t<\/div>\t\t\t\t\t<\/div>\n\t\t\t\t\t\t\t<\/div>\n\t\t<\/div>\t\t\t\t<\/div>\n\t\t\t\t<\/div>\n\t\t\t\t\t<\/div>\n\t\t<\/div>\n\t\t\t\t\t<\/div>\n\t\t<\/section>\n\t\t\t\t<\/div>\n\t\t","protected":false},"excerpt":{"rendered":"<p>21\u00aa candidata de Canviem Montmel\u00f3<\/p>\n","protected":false},"featured_media":7998,"comment_status":"open","ping_status":"closed","template":"elementor_header_footer","dt_team_category":[],"class_list":["post-8168","dt_team","type-dt_team","status-publish","has-post-thumbnail","hentry"],"yoast_head":"<!-- This site is optimized with the Yoast SEO plugin v27.2 - https:\/\/yoast.com\/product\/yoast-seo-wordpress\/ -->\n<title>Marta Subir\u00e0 Vilalta - Canviem Montmel\u00f3<\/title>\n<meta name=\"robots\" content=\"index, follow, max-snippet:-1, max-image-preview:large, max-video-preview:-1\" \/>\n<link rel=\"canonical\" href=\"https:\/\/www.canviemmontmelo.cat\/es\/candidat\/marta-subira-vilalta\/\" \/>\n<meta property=\"og:locale\" content=\"es_ES\" \/>\n<meta property=\"og:type\" content=\"article\" \/>\n<meta property=\"og:title\" content=\"Marta Subir\u00e0 Vilalta - Canviem Montmel\u00f3\" \/>\n<meta property=\"og:description\" content=\"21\u00aa candidata de Canviem Montmel\u00f3\" \/>\n<meta property=\"og:url\" content=\"https:\/\/www.canviemmontmelo.cat\/es\/candidat\/marta-subira-vilalta\/\" \/>\n<meta property=\"og:site_name\" content=\"Canviem Montmel\u00f3\" \/>\n<meta property=\"article:modified_time\" content=\"2023-05-19T14:57:35+00:00\" \/>\n<meta property=\"og:image\" content=\"https:\/\/www.canviemmontmelo.cat\/wp-content\/uploads\/2023\/04\/21-marta.jpg\" \/>\n\t<meta property=\"og:image:width\" content=\"800\" \/>\n\t<meta property=\"og:image:height\" content=\"800\" \/>\n\t<meta property=\"og:image:type\" content=\"image\/jpeg\" \/>\n<meta name=\"twitter:card\" content=\"summary_large_image\" \/>\n<meta name=\"twitter:label1\" content=\"Tiempo de lectura\" \/>\n\t<meta name=\"twitter:data1\" content=\"1 minuto\" \/>\n<script type=\"application\/ld+json\" class=\"yoast-schema-graph\">{\"@context\":\"https:\/\/schema.org\",\"@graph\":[{\"@type\":\"WebPage\",\"@id\":\"https:\/\/www.canviemmontmelo.cat\/es\/candidat\/marta-subira-vilalta\/\",\"url\":\"https:\/\/www.canviemmontmelo.cat\/es\/candidat\/marta-subira-vilalta\/\",\"name\":\"Marta Subir\u00e0 Vilalta - Canviem Montmel\u00f3\",\"isPartOf\":{\"@id\":\"https:\/\/www.canviemmontmelo.cat\/es\/#website\"},\"primaryImageOfPage\":{\"@id\":\"https:\/\/www.canviemmontmelo.cat\/es\/candidat\/marta-subira-vilalta\/#primaryimage\"},\"image\":{\"@id\":\"https:\/\/www.canviemmontmelo.cat\/es\/candidat\/marta-subira-vilalta\/#primaryimage\"},\"thumbnailUrl\":\"https:\/\/www.canviemmontmelo.cat\/wp-content\/uploads\/2023\/04\/21-marta.jpg\",\"datePublished\":\"2023-04-20T22:00:00+00:00\",\"dateModified\":\"2023-05-19T14:57:35+00:00\",\"breadcrumb\":{\"@id\":\"https:\/\/www.canviemmontmelo.cat\/es\/candidat\/marta-subira-vilalta\/#breadcrumb\"},\"inLanguage\":\"es\",\"potentialAction\":[{\"@type\":\"ReadAction\",\"target\":[\"https:\/\/www.canviemmontmelo.cat\/es\/candidat\/marta-subira-vilalta\/\"]}]},{\"@type\":\"ImageObject\",\"inLanguage\":\"es\",\"@id\":\"https:\/\/www.canviemmontmelo.cat\/es\/candidat\/marta-subira-vilalta\/#primaryimage\",\"url\":\"https:\/\/www.canviemmontmelo.cat\/wp-content\/uploads\/2023\/04\/21-marta.jpg\",\"contentUrl\":\"https:\/\/www.canviemmontmelo.cat\/wp-content\/uploads\/2023\/04\/21-marta.jpg\",\"width\":800,\"height\":800},{\"@type\":\"BreadcrumbList\",\"@id\":\"https:\/\/www.canviemmontmelo.cat\/es\/candidat\/marta-subira-vilalta\/#breadcrumb\",\"itemListElement\":[{\"@type\":\"ListItem\",\"position\":1,\"name\":\"Inici\",\"item\":\"https:\/\/www.canviemmontmelo.cat\/es\/\"},{\"@type\":\"ListItem\",\"position\":2,\"name\":\"Candidats\",\"item\":\"https:\/\/www.canviemmontmelo.cat\/es\/candidat\/\"},{\"@type\":\"ListItem\",\"position\":3,\"name\":\"Marta Subir\u00e0 Vilalta\"}]},{\"@type\":\"WebSite\",\"@id\":\"https:\/\/www.canviemmontmelo.cat\/es\/#website\",\"url\":\"https:\/\/www.canviemmontmelo.cat\/es\/\",\"name\":\"Canviem Montmel\u00f3\",\"description\":\"Som l\u2019alternativa d&#039;esquerres pel nostre poble\",\"publisher\":{\"@id\":\"https:\/\/www.canviemmontmelo.cat\/es\/#organization\"},\"potentialAction\":[{\"@type\":\"SearchAction\",\"target\":{\"@type\":\"EntryPoint\",\"urlTemplate\":\"https:\/\/www.canviemmontmelo.cat\/es\/?s={search_term_string}\"},\"query-input\":{\"@type\":\"PropertyValueSpecification\",\"valueRequired\":true,\"valueName\":\"search_term_string\"}}],\"inLanguage\":\"es\"},{\"@type\":\"Organization\",\"@id\":\"https:\/\/www.canviemmontmelo.cat\/es\/#organization\",\"name\":\"Canviem Montmel\u00f3\",\"url\":\"https:\/\/www.canviemmontmelo.cat\/es\/\",\"logo\":{\"@type\":\"ImageObject\",\"inLanguage\":\"es\",\"@id\":\"https:\/\/www.canviemmontmelo.cat\/es\/#\/schema\/logo\/image\/\",\"url\":\"https:\/\/www.canviemmontmelo.cat\/wp-content\/uploads\/2022\/06\/logo-CMo-Blanc.png\",\"contentUrl\":\"https:\/\/www.canviemmontmelo.cat\/wp-content\/uploads\/2022\/06\/logo-CMo-Blanc.png\",\"width\":307,\"height\":117,\"caption\":\"Canviem Montmel\u00f3\"},\"image\":{\"@id\":\"https:\/\/www.canviemmontmelo.cat\/es\/#\/schema\/logo\/image\/\"}}]}<\/script>\n<!-- \/ Yoast SEO plugin. -->","yoast_head_json":{"title":"Marta Subir\u00e0 Vilalta - Canviem Montmel\u00f3","robots":{"index":"index","follow":"follow","max-snippet":"max-snippet:-1","max-image-preview":"max-image-preview:large","max-video-preview":"max-video-preview:-1"},"canonical":"https:\/\/www.canviemmontmelo.cat\/es\/candidat\/marta-subira-vilalta\/","og_locale":"es_ES","og_type":"article","og_title":"Marta Subir\u00e0 Vilalta - Canviem Montmel\u00f3","og_description":"21\u00aa candidata de Canviem Montmel\u00f3","og_url":"https:\/\/www.canviemmontmelo.cat\/es\/candidat\/marta-subira-vilalta\/","og_site_name":"Canviem Montmel\u00f3","article_modified_time":"2023-05-19T14:57:35+00:00","og_image":[{"width":800,"height":800,"url":"https:\/\/www.canviemmontmelo.cat\/wp-content\/uploads\/2023\/04\/21-marta.jpg","type":"image\/jpeg"}],"twitter_card":"summary_large_image","twitter_misc":{"Tiempo de lectura":"1 minuto"},"schema":{"@context":"https:\/\/schema.org","@graph":[{"@type":"WebPage","@id":"https:\/\/www.canviemmontmelo.cat\/es\/candidat\/marta-subira-vilalta\/","url":"https:\/\/www.canviemmontmelo.cat\/es\/candidat\/marta-subira-vilalta\/","name":"Marta Subir\u00e0 Vilalta - Canviem Montmel\u00f3","isPartOf":{"@id":"https:\/\/www.canviemmontmelo.cat\/es\/#website"},"primaryImageOfPage":{"@id":"https:\/\/www.canviemmontmelo.cat\/es\/candidat\/marta-subira-vilalta\/#primaryimage"},"image":{"@id":"https:\/\/www.canviemmontmelo.cat\/es\/candidat\/marta-subira-vilalta\/#primaryimage"},"thumbnailUrl":"https:\/\/www.canviemmontmelo.cat\/wp-content\/uploads\/2023\/04\/21-marta.jpg","datePublished":"2023-04-20T22:00:00+00:00","dateModified":"2023-05-19T14:57:35+00:00","breadcrumb":{"@id":"https:\/\/www.canviemmontmelo.cat\/es\/candidat\/marta-subira-vilalta\/#breadcrumb"},"inLanguage":"es","potentialAction":[{"@type":"ReadAction","target":["https:\/\/www.canviemmontmelo.cat\/es\/candidat\/marta-subira-vilalta\/"]}]},{"@type":"ImageObject","inLanguage":"es","@id":"https:\/\/www.canviemmontmelo.cat\/es\/candidat\/marta-subira-vilalta\/#primaryimage","url":"https:\/\/www.canviemmontmelo.cat\/wp-content\/uploads\/2023\/04\/21-marta.jpg","contentUrl":"https:\/\/www.canviemmontmelo.cat\/wp-content\/uploads\/2023\/04\/21-marta.jpg","width":800,"height":800},{"@type":"BreadcrumbList","@id":"https:\/\/www.canviemmontmelo.cat\/es\/candidat\/marta-subira-vilalta\/#breadcrumb","itemListElement":[{"@type":"ListItem","position":1,"name":"Inici","item":"https:\/\/www.canviemmontmelo.cat\/es\/"},{"@type":"ListItem","position":2,"name":"Candidats","item":"https:\/\/www.canviemmontmelo.cat\/es\/candidat\/"},{"@type":"ListItem","position":3,"name":"Marta Subir\u00e0 Vilalta"}]},{"@type":"WebSite","@id":"https:\/\/www.canviemmontmelo.cat\/es\/#website","url":"https:\/\/www.canviemmontmelo.cat\/es\/","name":"Canviem Montmel\u00f3","description":"Som l\u2019alternativa d&#039;esquerres pel nostre poble","publisher":{"@id":"https:\/\/www.canviemmontmelo.cat\/es\/#organization"},"potentialAction":[{"@type":"SearchAction","target":{"@type":"EntryPoint","urlTemplate":"https:\/\/www.canviemmontmelo.cat\/es\/?s={search_term_string}"},"query-input":{"@type":"PropertyValueSpecification","valueRequired":true,"valueName":"search_term_string"}}],"inLanguage":"es"},{"@type":"Organization","@id":"https:\/\/www.canviemmontmelo.cat\/es\/#organization","name":"Canviem Montmel\u00f3","url":"https:\/\/www.canviemmontmelo.cat\/es\/","logo":{"@type":"ImageObject","inLanguage":"es","@id":"https:\/\/www.canviemmontmelo.cat\/es\/#\/schema\/logo\/image\/","url":"https:\/\/www.canviemmontmelo.cat\/wp-content\/uploads\/2022\/06\/logo-CMo-Blanc.png","contentUrl":"https:\/\/www.canviemmontmelo.cat\/wp-content\/uploads\/2022\/06\/logo-CMo-Blanc.png","width":307,"height":117,"caption":"Canviem Montmel\u00f3"},"image":{"@id":"https:\/\/www.canviemmontmelo.cat\/es\/#\/schema\/logo\/image\/"}}]}},"_links":{"self":[{"href":"https:\/\/www.canviemmontmelo.cat\/es\/wp-json\/wp\/v2\/dt_team\/8168","targetHints":{"allow":["GET"]}}],"collection":[{"href":"https:\/\/www.canviemmontmelo.cat\/es\/wp-json\/wp\/v2\/dt_team"}],"about":[{"href":"https:\/\/www.canviemmontmelo.cat\/es\/wp-json\/wp\/v2\/types\/dt_team"}],"replies":[{"embeddable":true,"href":"https:\/\/www.canviemmontmelo.cat\/es\/wp-json\/wp\/v2\/comments?post=8168"}],"version-history":[{"count":2,"href":"https:\/\/www.canviemmontmelo.cat\/es\/wp-json\/wp\/v2\/dt_team\/8168\/revisions"}],"predecessor-version":[{"id":8568,"href":"https:\/\/www.canviemmontmelo.cat\/es\/wp-json\/wp\/v2\/dt_team\/8168\/revisions\/8568"}],"wp:featuredmedia":[{"embeddable":true,"href":"https:\/\/www.canviemmontmelo.cat\/es\/wp-json\/wp\/v2\/media\/7998"}],"wp:attachment":[{"href":"https:\/\/www.canviemmontmelo.cat\/es\/wp-json\/wp\/v2\/media?parent=8168"}],"wp:term":[{"taxonomy":"dt_team_category","embeddable":true,"href":"https:\/\/www.canviemmontmelo.cat\/es\/wp-json\/wp\/v2\/dt_team_category?post=8168"}],"curies":[{"name":"wp","href":"https:\/\/api.w.org\/{rel}","templated":true}]}}