{"id":7793,"date":"2019-10-16T16:11:47","date_gmt":"2019-10-16T14:11:47","guid":{"rendered":"https:\/\/www.canviemmontmelo.cat\/inicio\/"},"modified":"2024-08-10T13:04:50","modified_gmt":"2024-08-10T11:04:50","slug":"inicio","status":"publish","type":"page","link":"https:\/\/www.canviemmontmelo.cat\/es\/","title":{"rendered":"Inicio"},"content":{"rendered":"\t\t<div data-elementor-type=\"wp-page\" data-elementor-id=\"7793\" class=\"elementor elementor-7793 elementor-1481\" data-elementor-post-type=\"page\">\n\t\t\t\t\t\t<section class=\"elementor-section elementor-top-section elementor-element elementor-element-c8cda7c elementor-section-full_width elementor-section-height-default elementor-section-height-default\" data-id=\"c8cda7c\" data-element_type=\"section\" data-e-type=\"section\">\n\t\t\t\t\t\t\t<div class=\"elementor-background-overlay\"><\/div>\n\t\t\t\t\t\t\t<div class=\"elementor-container elementor-column-gap-no\">\n\t\t\t\t\t<div class=\"elementor-column elementor-col-100 elementor-top-column elementor-element elementor-element-8bc2b70\" data-id=\"8bc2b70\" data-element_type=\"column\" data-e-type=\"column\">\n\t\t\t<div class=\"elementor-widget-wrap elementor-element-populated\">\n\t\t\t\t\t\t<div class=\"elementor-element elementor-element-8926f37 elementor-widget-the7-slider-common owl-carousel elementor-widget-loop-the7-slider bullets-small-dot-stroke elementor-widget elementor-widget-the7-slider\" data-id=\"8926f37\" data-element_type=\"widget\" data-e-type=\"widget\" data-settings=\"{&quot;bullets&quot;:&quot;hide&quot;,&quot;autoplay_speed&quot;:7000,&quot;infinite&quot;:&quot;yes&quot;,&quot;transition&quot;:&quot;slide&quot;,&quot;slides_to_scroll&quot;:&quot;single&quot;,&quot;transition_speed&quot;:500,&quot;autoplay&quot;:&quot;yes&quot;,&quot;slides_per_view&quot;:&quot;1&quot;,&quot;slides_gap&quot;:{&quot;unit&quot;:&quot;px&quot;,&quot;size&quot;:0,&quot;sizes&quot;:[]},&quot;slides_gap_tablet&quot;:{&quot;unit&quot;:&quot;px&quot;,&quot;size&quot;:&quot;&quot;,&quot;sizes&quot;:[]},&quot;slides_gap_mobile&quot;:{&quot;unit&quot;:&quot;px&quot;,&quot;size&quot;:&quot;&quot;,&quot;sizes&quot;:[]},&quot;arrows&quot;:&quot;always&quot;}\" data-widget_type=\"the7-slider.default\">\n\t\t\t\t<div class=\"elementor-widget-container\">\n\t\t\t\t\t        <div class=\"elementor-swiper\">\n            <div class=\"elementor-slides-wrapper elementor-main-swiper swiper swiper-container\">\n                <div class=\"swiper-wrapper the7-elementor-slides\">\n\t\t\t\t\t            <div class=\"elementor-repeater-item-56259a4 the7-swiper-slide\">\n                <div class=\"the7-swiper-slide-inner\">\n\t\t\t\t\t        <div data-elementor-type=\"the7-slider\" data-elementor-id=\"8240\" class=\"elementor elementor-8240 elementor-7299 elementor-7299 the7-slide-content\" data-elementor-post-type=\"elementor_library\">\n            <div class=\"elementor-section-wrap\">\n\t\t\t\t\t\t<section class=\"elementor-section elementor-top-section elementor-element elementor-element-6459eb39 elementor-reverse-tablet elementor-reverse-mobile elementor-section-height-min-height elementor-section-items-stretch elementor-section-content-middle elementor-section-boxed elementor-section-height-default\" data-id=\"6459eb39\" data-element_type=\"section\" data-e-type=\"section\" data-settings=\"{&quot;background_background&quot;:&quot;classic&quot;}\">\n\t\t\t\t\t\t<div class=\"elementor-container elementor-column-gap-wider\">\n\t\t\t\t\t<div class=\"elementor-column elementor-col-50 elementor-top-column elementor-element elementor-element-378e1985\" data-id=\"378e1985\" data-element_type=\"column\" data-e-type=\"column\">\n\t\t\t<div class=\"elementor-widget-wrap elementor-element-populated\">\n\t\t\t\t\t\t<div class=\"elementor-element elementor-element-2598fca6 elementor-invisible elementor-widget elementor-widget-heading\" data-id=\"2598fca6\" data-element_type=\"widget\" data-e-type=\"widget\" data-settings=\"{&quot;_animation&quot;:&quot;fadeIn&quot;,&quot;_animation_delay&quot;:1500}\" data-widget_type=\"heading.default\">\n\t\t\t\t<div class=\"elementor-widget-container\">\n\t\t\t\t\t<h3 class=\"elementor-heading-title elementor-size-default\">Canviem Montmel\u00f3<\/h3>\t\t\t\t<\/div>\n\t\t\t\t<\/div>\n\t\t\t\t<div class=\"elementor-element elementor-element-383046ab elementor-invisible elementor-widget elementor-widget-text-editor\" data-id=\"383046ab\" data-element_type=\"widget\" data-e-type=\"widget\" data-settings=\"{&quot;_animation&quot;:&quot;fadeIn&quot;,&quot;_animation_delay&quot;:1500}\" data-widget_type=\"text-editor.default\">\n\t\t\t\t<div class=\"elementor-widget-container\">\n\t\t\t\t\t\t\t\t\t<p>Somos la alternativa de izquierdas que quiere un cambio en Montmel\u00f3. \u00bfTe sumas para conseguirlo?<\/p>\n\t\t\t\t\t\t\t\t<\/div>\n\t\t\t\t<\/div>\n\t\t\t\t<div class=\"elementor-element elementor-element-61970d1d elementor-tablet-align-center elementor-widget__width-auto elementor-invisible elementor-widget elementor-widget-the7_button_widget\" data-id=\"61970d1d\" data-element_type=\"widget\" data-e-type=\"widget\" data-settings=\"{&quot;_animation&quot;:&quot;fadeInUp&quot;,&quot;_animation_delay&quot;:2000}\" data-widget_type=\"the7_button_widget.default\">\n\t\t\t\t<div class=\"elementor-widget-container\">\n\t\t\t\t\t<div class=\"elementor-button-wrapper\"><a href=\"https:\/\/www.canviemmontmelo.cat\/qui-som\/\" class=\"box-button elementor-button elementor-size-lg\">Conoce a nuestra candidatura<\/a><\/div>\t\t\t\t<\/div>\n\t\t\t\t<\/div>\n\t\t\t\t\t<\/div>\n\t\t<\/div>\n\t\t\t\t<div class=\"elementor-column elementor-col-50 elementor-top-column elementor-element elementor-element-19854c3e\" data-id=\"19854c3e\" data-element_type=\"column\" data-e-type=\"column\">\n\t\t\t<div class=\"elementor-widget-wrap elementor-element-populated\">\n\t\t\t\t\t\t<div class=\"elementor-element elementor-element-710e7c58 elementor-invisible elementor-widget elementor-widget-image\" data-id=\"710e7c58\" data-element_type=\"widget\" data-e-type=\"widget\" data-settings=\"{&quot;_animation&quot;:&quot;zoomIn&quot;,&quot;_animation_delay&quot;:1000}\" data-widget_type=\"image.default\">\n\t\t\t\t<div class=\"elementor-widget-container\">\n\t\t\t\t\t\t\t\t\t\t\t\t\t\t\t<img fetchpriority=\"high\" decoding=\"async\" width=\"1707\" height=\"2560\" src=\"https:\/\/www.canviemmontmelo.cat\/wp-content\/uploads\/2022\/11\/montaje-scaled-e1683898048684.jpg\" class=\"attachment-full size-full wp-image-8210\" alt=\"\" \/>\t\t\t\t\t\t\t\t\t\t\t\t\t\t\t<\/div>\n\t\t\t\t<\/div>\n\t\t\t\t\t<\/div>\n\t\t<\/div>\n\t\t\t\t\t<\/div>\n\t\t<\/section>\n\t\t            <\/div>\n        <\/div>\n\t\t                <\/div>\n            <\/div>\n\t\t\t            <div class=\"elementor-repeater-item-1c9a6ed the7-swiper-slide\">\n                <div class=\"the7-swiper-slide-inner\">\n\t\t\t\t\t        <div data-elementor-type=\"the7-slider\" data-elementor-id=\"8238\" class=\"elementor elementor-8238 elementor-7301 elementor-7301 the7-slide-content\" data-elementor-post-type=\"elementor_library\">\n            <div class=\"elementor-section-wrap\">\n\t\t\t\t\t\t<section class=\"elementor-section elementor-top-section elementor-element elementor-element-a63001e elementor-reverse-tablet elementor-reverse-mobile elementor-section-height-min-height elementor-section-items-stretch elementor-section-content-middle elementor-section-boxed elementor-section-height-default\" data-id=\"a63001e\" data-element_type=\"section\" data-e-type=\"section\" data-settings=\"{&quot;background_background&quot;:&quot;classic&quot;}\">\n\t\t\t\t\t\t<div class=\"elementor-container elementor-column-gap-wider\">\n\t\t\t\t\t<div class=\"elementor-column elementor-col-50 elementor-top-column elementor-element elementor-element-5c82ff5\" data-id=\"5c82ff5\" data-element_type=\"column\" data-e-type=\"column\">\n\t\t\t<div class=\"elementor-widget-wrap elementor-element-populated\">\n\t\t\t\t\t\t<div class=\"elementor-element elementor-element-6f4371b elementor-widget-mobile__width-initial elementor-invisible elementor-widget elementor-widget-heading\" data-id=\"6f4371b\" data-element_type=\"widget\" data-e-type=\"widget\" data-settings=\"{&quot;_animation&quot;:&quot;fadeIn&quot;,&quot;_animation_delay&quot;:1000}\" data-widget_type=\"heading.default\">\n\t\t\t\t<div class=\"elementor-widget-container\">\n\t\t\t\t\t<h3 class=\"elementor-heading-title elementor-size-default\">Marcel Comas Subir\u00e0<\/h3>\t\t\t\t<\/div>\n\t\t\t\t<\/div>\n\t\t\t\t<div class=\"elementor-element elementor-element-7e9bf69 elementor-hidden-tablet elementor-hidden-mobile elementor-invisible elementor-widget elementor-widget-text-editor\" data-id=\"7e9bf69\" data-element_type=\"widget\" data-e-type=\"widget\" data-settings=\"{&quot;_animation&quot;:&quot;fadeIn&quot;,&quot;_animation_delay&quot;:1000}\" data-widget_type=\"text-editor.default\">\n\t\t\t\t<div class=\"elementor-widget-container\">\n\t\t\t\t\t\t\t\t\t<p>Te presentamos a nuestro candidato a la alcald\u00eda.<\/p>\n\t\t\t\t\t\t\t\t<\/div>\n\t\t\t\t<\/div>\n\t\t\t\t<div class=\"elementor-element elementor-element-aa9d6e0 elementor-tablet-align-center elementor-widget__width-auto elementor-invisible elementor-widget elementor-widget-the7_button_widget\" data-id=\"aa9d6e0\" data-element_type=\"widget\" data-e-type=\"widget\" data-settings=\"{&quot;_animation&quot;:&quot;fadeInUp&quot;,&quot;_animation_delay&quot;:1500}\" data-widget_type=\"the7_button_widget.default\">\n\t\t\t\t<div class=\"elementor-widget-container\">\n\t\t\t\t\t<div class=\"elementor-button-wrapper\"><a href=\"https:\/\/www.canviemmontmelo.cat\/candidatura\/\" class=\"box-button elementor-button elementor-size-lg\">Conoce a Marcel<\/a><\/div>\t\t\t\t<\/div>\n\t\t\t\t<\/div>\n\t\t\t\t\t<\/div>\n\t\t<\/div>\n\t\t\t\t<div class=\"elementor-column elementor-col-50 elementor-top-column elementor-element elementor-element-fafc3ec\" data-id=\"fafc3ec\" data-element_type=\"column\" data-e-type=\"column\">\n\t\t\t<div class=\"elementor-widget-wrap elementor-element-populated\">\n\t\t\t\t\t\t<div class=\"elementor-element elementor-element-3f68a71 elementor-invisible elementor-widget elementor-widget-image\" data-id=\"3f68a71\" data-element_type=\"widget\" data-e-type=\"widget\" data-settings=\"{&quot;_animation&quot;:&quot;zoomIn&quot;,&quot;_animation_delay&quot;:500}\" data-widget_type=\"image.default\">\n\t\t\t\t<div class=\"elementor-widget-container\">\n\t\t\t\t\t\t\t\t\t\t\t\t\t\t\t<img decoding=\"async\" width=\"1707\" height=\"2560\" data-src=\"https:\/\/www.canviemmontmelo.cat\/wp-content\/uploads\/2022\/11\/CanviemMontmelo_AndreaSilvanRafaRubiales-scaled-e1683986514684.jpg\" class=\"attachment-full size-full wp-image-8225 lazyload\" alt=\"\" src=\"data:image\/svg+xml;base64,PHN2ZyB3aWR0aD0iMSIgaGVpZ2h0PSIxIiB4bWxucz0iaHR0cDovL3d3dy53My5vcmcvMjAwMC9zdmciPjwvc3ZnPg==\" style=\"--smush-placeholder-width: 1707px; --smush-placeholder-aspect-ratio: 1707\/2560;\" \/>\t\t\t\t\t\t\t\t\t\t\t\t\t\t\t<\/div>\n\t\t\t\t<\/div>\n\t\t\t\t\t<\/div>\n\t\t<\/div>\n\t\t\t\t\t<\/div>\n\t\t<\/section>\n\t\t            <\/div>\n        <\/div>\n\t\t                <\/div>\n            <\/div>\n\t\t\t            <div class=\"elementor-repeater-item-a90c135 the7-swiper-slide\">\n                <div class=\"the7-swiper-slide-inner\">\n\t\t\t\t\t        <div data-elementor-type=\"the7-slider\" data-elementor-id=\"8236\" class=\"elementor elementor-8236 elementor-7335 elementor-7335 the7-slide-content\" data-elementor-post-type=\"elementor_library\">\n            <div class=\"elementor-section-wrap\">\n\t\t\t\t\t\t<section class=\"elementor-section elementor-top-section elementor-element elementor-element-31930b44 elementor-reverse-tablet elementor-reverse-mobile elementor-section-height-min-height elementor-section-items-stretch elementor-section-content-middle elementor-section-boxed elementor-section-height-default\" data-id=\"31930b44\" data-element_type=\"section\" data-e-type=\"section\" data-settings=\"{&quot;background_background&quot;:&quot;classic&quot;}\">\n\t\t\t\t\t\t<div class=\"elementor-container elementor-column-gap-wider\">\n\t\t\t\t\t<div class=\"elementor-column elementor-col-50 elementor-top-column elementor-element elementor-element-29b78894\" data-id=\"29b78894\" data-element_type=\"column\" data-e-type=\"column\">\n\t\t\t<div class=\"elementor-widget-wrap elementor-element-populated\">\n\t\t\t\t\t\t<div class=\"elementor-element elementor-element-194ae731 elementor-invisible elementor-widget elementor-widget-heading\" data-id=\"194ae731\" data-element_type=\"widget\" data-e-type=\"widget\" data-settings=\"{&quot;_animation&quot;:&quot;fadeIn&quot;,&quot;_animation_delay&quot;:1000}\" data-widget_type=\"heading.default\">\n\t\t\t\t<div class=\"elementor-widget-container\">\n\t\t\t\t\t<h3 class=\"elementor-heading-title elementor-size-default\">Programa Electoral<\/h3>\t\t\t\t<\/div>\n\t\t\t\t<\/div>\n\t\t\t\t<div class=\"elementor-element elementor-element-29e010e2 elementor-hidden-tablet elementor-hidden-mobile elementor-invisible elementor-widget elementor-widget-text-editor\" data-id=\"29e010e2\" data-element_type=\"widget\" data-e-type=\"widget\" data-settings=\"{&quot;_animation&quot;:&quot;fadeIn&quot;,&quot;_animation_delay&quot;:1000}\" data-widget_type=\"text-editor.default\">\n\t\t\t\t<div class=\"elementor-widget-container\">\n\t\t\t\t\t\t\t\t\t<p>Estos son nuestros compromisos electorales para el cambio en Montmel\u00f3.<\/p>\n\t\t\t\t\t\t\t\t<\/div>\n\t\t\t\t<\/div>\n\t\t\t\t<div class=\"elementor-element elementor-element-74c26af1 elementor-tablet-align-center elementor-widget__width-auto elementor-invisible elementor-widget elementor-widget-the7_button_widget\" data-id=\"74c26af1\" data-element_type=\"widget\" data-e-type=\"widget\" data-settings=\"{&quot;_animation&quot;:&quot;fadeInUp&quot;,&quot;_animation_delay&quot;:1500}\" data-widget_type=\"the7_button_widget.default\">\n\t\t\t\t<div class=\"elementor-widget-container\">\n\t\t\t\t\t<div class=\"elementor-button-wrapper\"><a href=\"https:\/\/www.canviemmontmelo.cat\/programa-electoral\/\" class=\"box-button elementor-button elementor-size-lg\">Descarga el programa electoral<\/a><\/div>\t\t\t\t<\/div>\n\t\t\t\t<\/div>\n\t\t\t\t\t<\/div>\n\t\t<\/div>\n\t\t\t\t<div class=\"elementor-column elementor-col-50 elementor-top-column elementor-element elementor-element-13b85d85\" data-id=\"13b85d85\" data-element_type=\"column\" data-e-type=\"column\">\n\t\t\t<div class=\"elementor-widget-wrap elementor-element-populated\">\n\t\t\t\t\t\t<div class=\"elementor-element elementor-element-1f1d2ef5 elementor-invisible elementor-widget elementor-widget-image\" data-id=\"1f1d2ef5\" data-element_type=\"widget\" data-e-type=\"widget\" data-settings=\"{&quot;_animation&quot;:&quot;zoomIn&quot;,&quot;_animation_delay&quot;:500}\" data-widget_type=\"image.default\">\n\t\t\t\t<div class=\"elementor-widget-container\">\n\t\t\t\t\t\t\t\t\t\t\t\t\t\t\t<img decoding=\"async\" width=\"211\" height=\"300\" data-src=\"https:\/\/www.canviemmontmelo.cat\/wp-content\/uploads\/2022\/11\/Captura-de-pantalla-216-211x300.png\" class=\"attachment-medium size-medium wp-image-8220 lazyload\" alt=\"\" data-srcset=\"https:\/\/www.canviemmontmelo.cat\/wp-content\/uploads\/2022\/11\/Captura-de-pantalla-216-211x300.png 211w, https:\/\/www.canviemmontmelo.cat\/wp-content\/uploads\/2022\/11\/Captura-de-pantalla-216.png 389w\" data-sizes=\"(max-width: 211px) 100vw, 211px\" src=\"data:image\/svg+xml;base64,PHN2ZyB3aWR0aD0iMSIgaGVpZ2h0PSIxIiB4bWxucz0iaHR0cDovL3d3dy53My5vcmcvMjAwMC9zdmciPjwvc3ZnPg==\" style=\"--smush-placeholder-width: 211px; --smush-placeholder-aspect-ratio: 211\/300;\" \/>\t\t\t\t\t\t\t\t\t\t\t\t\t\t\t<\/div>\n\t\t\t\t<\/div>\n\t\t\t\t\t<\/div>\n\t\t<\/div>\n\t\t\t\t\t<\/div>\n\t\t<\/section>\n\t\t            <\/div>\n        <\/div>\n\t\t                <\/div>\n            <\/div>\n\t\t\t                <\/div>\n\t\t\t\t\t<div class=\"swiper-pagination owl-dots bullets-small-dot-stroke\"><\/div>        <div class=\"the7-swiper-button the7-swiper-button-prev elementor-icon\">\n\t\t\t<i aria-hidden=\"true\" class=\"fas fa-chevron-left\"><\/i>        <\/div>\n        <div class=\"the7-swiper-button the7-swiper-button-next elementor-icon\">\n\t\t\t<i aria-hidden=\"true\" class=\"fas fa-chevron-right\"><\/i>        <\/div>\n\t\t            <\/div>\n        <\/div>\n\t\t\t\t\t\t<\/div>\n\t\t\t\t<\/div>\n\t\t\t\t\t<\/div>\n\t\t<\/div>\n\t\t\t\t\t<\/div>\n\t\t<\/section>\n\t\t\t\t<section class=\"elementor-section elementor-top-section elementor-element elementor-element-ec6ca21 elementor-section-boxed elementor-section-height-default elementor-section-height-default\" data-id=\"ec6ca21\" data-element_type=\"section\" data-e-type=\"section\" data-settings=\"{&quot;background_background&quot;:&quot;classic&quot;}\">\n\t\t\t\t\t\t<div class=\"elementor-container elementor-column-gap-wider\">\n\t\t\t\t\t<div class=\"elementor-column elementor-col-100 elementor-top-column elementor-element elementor-element-01a3523\" data-id=\"01a3523\" data-element_type=\"column\" data-e-type=\"column\">\n\t\t\t<div class=\"elementor-widget-wrap elementor-element-populated\">\n\t\t\t\t\t\t<div class=\"elementor-element elementor-element-3512817 elementor-widget elementor-widget-heading\" data-id=\"3512817\" data-element_type=\"widget\" data-e-type=\"widget\" data-widget_type=\"heading.default\">\n\t\t\t\t<div class=\"elementor-widget-container\">\n\t\t\t\t\t<h3 class=\"elementor-heading-title elementor-size-default\">\u00daltimas noticias<\/h3>\t\t\t\t<\/div>\n\t\t\t\t<\/div>\n\t\t\t\t<div class=\"elementor-element elementor-element-7e7db29 elementor-widget elementor-widget-spacer\" data-id=\"7e7db29\" data-element_type=\"widget\" data-e-type=\"widget\" data-widget_type=\"spacer.default\">\n\t\t\t\t<div class=\"elementor-widget-container\">\n\t\t\t\t\t\t\t<div class=\"elementor-spacer\">\n\t\t\t<div class=\"elementor-spacer-inner\"><\/div>\n\t\t<\/div>\n\t\t\t\t\t\t<\/div>\n\t\t\t\t<\/div>\n\t\t\t\t<div class=\"elementor-element elementor-element-b6d735f elementor-widget elementor-widget-heading\" data-id=\"b6d735f\" data-element_type=\"widget\" data-e-type=\"widget\" data-widget_type=\"heading.default\">\n\t\t\t\t<div class=\"elementor-widget-container\">\n\t\t\t\t\t<span class=\"elementor-heading-title elementor-size-default\">\u00daltimas noticias y eventos de Canviem Montmel\u00f3<\/span>\t\t\t\t<\/div>\n\t\t\t\t<\/div>\n\t\t\t\t\t<\/div>\n\t\t<\/div>\n\t\t\t\t\t<\/div>\n\t\t<\/section>\n\t\t\t\t<section class=\"elementor-section elementor-top-section elementor-element elementor-element-d659275 elementor-section-full_width elementor-section-height-min-height elementor-section-height-default elementor-section-items-middle\" data-id=\"d659275\" data-element_type=\"section\" data-e-type=\"section\" data-settings=\"{&quot;background_background&quot;:&quot;classic&quot;}\">\n\t\t\t\t\t\t<div class=\"elementor-container elementor-column-gap-no\">\n\t\t\t\t\t<div class=\"elementor-column elementor-col-100 elementor-top-column elementor-element elementor-element-3a3cb56\" data-id=\"3a3cb56\" data-element_type=\"column\" data-e-type=\"column\">\n\t\t\t<div class=\"elementor-widget-wrap elementor-element-populated\">\n\t\t\t\t\t\t<div class=\"elementor-element elementor-element-8704e2d arrows-relative-to-image preserve-img-ratio-cover bullets-small-dot-stroke elementor-widget elementor-widget-the7_elements_carousel\" data-id=\"8704e2d\" data-element_type=\"widget\" data-e-type=\"widget\" data-settings=\"{&quot;widget_columns_wide_desktop&quot;:4,&quot;gap_between_posts&quot;:{&quot;unit&quot;:&quot;px&quot;,&quot;size&quot;:0,&quot;sizes&quot;:[]},&quot;widget_columns_wide_desktop_breakpoint&quot;:1550,&quot;normal_arrow_bg_color&quot;:&quot;#0A254080&quot;,&quot;hover_arrow_bg_color&quot;:&quot;#1091EF&quot;,&quot;widget_columns&quot;:3,&quot;widget_columns_tablet&quot;:2,&quot;widget_columns_mobile&quot;:1,&quot;gap_between_posts_tablet&quot;:{&quot;unit&quot;:&quot;px&quot;,&quot;size&quot;:&quot;&quot;,&quot;sizes&quot;:[]},&quot;gap_between_posts_mobile&quot;:{&quot;unit&quot;:&quot;px&quot;,&quot;size&quot;:&quot;&quot;,&quot;sizes&quot;:[]}}\" data-widget_type=\"the7_elements_carousel.default\">\n\t\t\t\t<div class=\"elementor-widget-container\">\n\t\t\t\t\t<div class=\"the7_elements_carousel-8704e2d owl-carousel portfolio-carousel-shortcode elementor-owl-carousel-call portfolio-shortcode the7-elementor-widget content-bg-on content-rollover-layout-list description-on-hover\" data-scroll-mode=\"1\" data-auto-height=\"false\" data-speed=\"600\" data-autoplay=\"false\" data-autoplay_speed=\"\"><article class=\"post visible post-8102 type-post status-publish format-standard has-post-thumbnail hentry category-articulos category-noticias tag-actos-politicos tag-articulos category-250 category-251 description-off\">\n<div class=\"post-thumbnail-wrap\">\n\t<div class=\"post-thumbnail \">\n\n\t\t<a class=\"post-thumbnail-rollover layzr-bg img-css-resize-wrapper\" aria-label=\"Post image\" href=\"https:\/\/www.canviemmontmelo.cat\/es\/2022\/11\/recopilacion-de-noticias-del-acto-publico-de-presentacion-de-marcel-comas-subira-como-cabeza-de-lista\/\"><img decoding=\"async\" width=\"768\" height=\"450\" src=\"data:image\/svg+xml,%3Csvg%20xmlns%3D&#039;http%3A%2F%2Fwww.w3.org%2F2000%2Fsvg&#039;%20viewBox%3D&#039;0%200%20768%20450&#039;%2F%3E\" class=\"attachment-medium_large size-medium_large preload-me aspect lazy lazy-load\" alt=\"\" sizes=\"(max-width: 768px) 100vw, 768px\" style=\"--ratio: 768 \/ 450;\" data-src=\"https:\/\/www.canviemmontmelo.cat\/wp-content\/uploads\/2022\/11\/noticia-marcel-768x450.jpg\" loading=\"eager\" data-srcset=\"https:\/\/www.canviemmontmelo.cat\/wp-content\/uploads\/2022\/11\/noticia-marcel-768x450.jpg 768w, https:\/\/www.canviemmontmelo.cat\/wp-content\/uploads\/2022\/11\/noticia-marcel-300x176.jpg 300w, https:\/\/www.canviemmontmelo.cat\/wp-content\/uploads\/2022\/11\/noticia-marcel-1024x599.jpg 1024w, https:\/\/www.canviemmontmelo.cat\/wp-content\/uploads\/2022\/11\/noticia-marcel-1536x899.jpg 1536w, https:\/\/www.canviemmontmelo.cat\/wp-content\/uploads\/2022\/11\/noticia-marcel.jpg 1811w\" \/><\/a>\n\t<\/div>\n<\/div>\n\n<div class=\"post-entry-content\">\n\t<div class=\"post-entry-wrapper\">\n\t\t<div class=\"post-entry-body\">\n\t\t\t<a href=\"https:\/\/www.canviemmontmelo.cat\/es\/2022\/11\/recopilacion-de-noticias-del-acto-publico-de-presentacion-de-marcel-comas-subira-como-cabeza-de-lista\/\" class=\"the7-hover-icon\" aria-label=\"Details link\"><span aria-hidden=\"true\" class=\"fas fa-ellipsis-h\"><\/span><\/a><h3 class=\"ele-entry-title\"><a href=\"https:\/\/www.canviemmontmelo.cat\/es\/2022\/11\/recopilacion-de-noticias-del-acto-publico-de-presentacion-de-marcel-comas-subira-como-cabeza-de-lista\/\" rel=\"bookmark\" title=\"Recopilaci\u00f3n de noticias del acto p\u00fablico de presentaci\u00f3n de Marcel Comas Subir\u00e1 como cabeza de lista\">Recopilaci\u00f3n de noticias del acto p\u00fablico de presentaci\u00f3n de Marcel Comas Subir\u00e1 como cabeza de lista<\/a><\/h3><div class=\"entry-meta\"><span class=\"meta-item category-link\"><a href=\"https:\/\/www.canviemmontmelo.cat\/es\/categorias\/articulos\/\" rel=\"tag\">Art\u00edculos<\/a>, <a href=\"https:\/\/www.canviemmontmelo.cat\/es\/categorias\/noticias\/\" rel=\"tag\">Noticias<\/a><\/span><span class=\"meta-item data-link\"><time class=\"entry-date updated\" datetime=\"2022-11-25T17:32:16+02:00\">25 de noviembre de 2022<\/time><\/span><\/div><div class=\"entry-excerpt\"><p>Canviem Montmel\u00f3 ha presentado Marcel Comas para candidato a la alcaldia para las elecciones municipales del mayo de 2023. El&hellip;<\/p>\n<\/div>\t\t<\/div>\n\t<\/div>\n<\/div><\/article><article class=\"post visible post-8196 type-post status-publish format-standard has-post-thumbnail hentry category-noticias tag-economia-es tag-montmelo-es tag-ordenanzas-fiscales\">\n<div class=\"post-thumbnail-wrap\">\n\t<div class=\"post-thumbnail \">\n\n\t\t<a class=\"post-thumbnail-rollover layzr-bg img-css-resize-wrapper\" aria-label=\"Post image\" href=\"https:\/\/www.canviemmontmelo.cat\/es\/2022\/11\/propuestas-de-canviem-montmelo-para-las-ordenanzas-fiscales-2023\/\"><img decoding=\"async\" width=\"768\" height=\"768\" src=\"data:image\/svg+xml,%3Csvg%20xmlns%3D&#039;http%3A%2F%2Fwww.w3.org%2F2000%2Fsvg&#039;%20viewBox%3D&#039;0%200%20768%20768&#039;%2F%3E\" class=\"attachment-medium_large size-medium_large preload-me aspect lazy lazy-load\" alt=\"\" sizes=\"(max-width: 768px) 100vw, 768px\" style=\"--ratio: 768 \/ 768;\" data-src=\"https:\/\/www.canviemmontmelo.cat\/wp-content\/uploads\/2022\/11\/off_22_0-1024x1024-1-768x768.jpg\" loading=\"eager\" data-srcset=\"https:\/\/www.canviemmontmelo.cat\/wp-content\/uploads\/2022\/11\/off_22_0-1024x1024-1-768x768.jpg 768w, https:\/\/www.canviemmontmelo.cat\/wp-content\/uploads\/2022\/11\/off_22_0-1024x1024-1-300x300.jpg 300w, https:\/\/www.canviemmontmelo.cat\/wp-content\/uploads\/2022\/11\/off_22_0-1024x1024-1-150x150.jpg 150w, https:\/\/www.canviemmontmelo.cat\/wp-content\/uploads\/2022\/11\/off_22_0-1024x1024-1.jpg 1024w\" \/><\/a>\n\t<\/div>\n<\/div>\n\n<div class=\"post-entry-content\">\n\t<div class=\"post-entry-wrapper\">\n\t\t<div class=\"post-entry-body\">\n\t\t\t<a href=\"https:\/\/www.canviemmontmelo.cat\/es\/2022\/11\/propuestas-de-canviem-montmelo-para-las-ordenanzas-fiscales-2023\/\" class=\"the7-hover-icon\" aria-label=\"Details link\"><span aria-hidden=\"true\" class=\"fas fa-ellipsis-h\"><\/span><\/a><h3 class=\"ele-entry-title\"><a href=\"https:\/\/www.canviemmontmelo.cat\/es\/2022\/11\/propuestas-de-canviem-montmelo-para-las-ordenanzas-fiscales-2023\/\" rel=\"bookmark\" title=\"Propuestas de Canviem Montmel\u00f3 para las Ordenanzas Fiscales 2023\">Propuestas de Canviem Montmel\u00f3 para las Ordenanzas Fiscales 2023<\/a><\/h3><div class=\"entry-meta\"><span class=\"meta-item category-link\"><a href=\"https:\/\/www.canviemmontmelo.cat\/es\/categorias\/noticias\/\" rel=\"tag\">Noticias<\/a><\/span><span class=\"meta-item data-link\"><time class=\"entry-date updated\" datetime=\"2022-11-08T19:00:23+02:00\">8 de noviembre de 2022<\/time><\/span><\/div><div class=\"entry-excerpt\"><p>https:\/\/www.instagram.com\/reel\/Ckgi6TZIM7e\/?utm_source=ig_web_copy_link = final de la intervenci\u00f3n de nuestro portavoz, Marcel Comas, sobre las Ordenanzas Fiscales aprobadas en el pasado Pleno&hellip;<\/p>\n<\/div>\t\t<\/div>\n\t<\/div>\n<\/div><\/article><article class=\"post visible post-8198 type-post status-publish format-standard has-post-thumbnail hentry category-noticias tag-cabeza-de-lista tag-elecciones-municipales\">\n<div class=\"post-thumbnail-wrap\">\n\t<div class=\"post-thumbnail \">\n\n\t\t<a class=\"post-thumbnail-rollover layzr-bg img-css-resize-wrapper\" aria-label=\"Post image\" href=\"https:\/\/www.canviemmontmelo.cat\/es\/2022\/07\/marcel-comas-cabeza-de-lista-de-canviem-montmelo-en-las-elecciones-municipales-de-mayo\/\"><img decoding=\"async\" width=\"768\" height=\"768\" src=\"data:image\/svg+xml,%3Csvg%20xmlns%3D&#039;http%3A%2F%2Fwww.w3.org%2F2000%2Fsvg&#039;%20viewBox%3D&#039;0%200%20768%20768&#039;%2F%3E\" class=\"attachment-medium_large size-medium_large preload-me aspect lazy lazy-load\" alt=\"\" sizes=\"(max-width: 768px) 100vw, 768px\" style=\"--ratio: 768 \/ 768;\" data-src=\"https:\/\/www.canviemmontmelo.cat\/wp-content\/uploads\/2022\/11\/noticies-default-768x768.png\" loading=\"eager\" data-srcset=\"https:\/\/www.canviemmontmelo.cat\/wp-content\/uploads\/2022\/11\/noticies-default-768x768.png 768w, https:\/\/www.canviemmontmelo.cat\/wp-content\/uploads\/2022\/11\/noticies-default-300x300.png 300w, https:\/\/www.canviemmontmelo.cat\/wp-content\/uploads\/2022\/11\/noticies-default-150x150.png 150w, https:\/\/www.canviemmontmelo.cat\/wp-content\/uploads\/2022\/11\/noticies-default.png 800w\" \/><\/a>\n\t<\/div>\n<\/div>\n\n<div class=\"post-entry-content\">\n\t<div class=\"post-entry-wrapper\">\n\t\t<div class=\"post-entry-body\">\n\t\t\t<a href=\"https:\/\/www.canviemmontmelo.cat\/es\/2022\/07\/marcel-comas-cabeza-de-lista-de-canviem-montmelo-en-las-elecciones-municipales-de-mayo\/\" class=\"the7-hover-icon\" aria-label=\"Details link\"><span aria-hidden=\"true\" class=\"fas fa-ellipsis-h\"><\/span><\/a><h3 class=\"ele-entry-title\"><a href=\"https:\/\/www.canviemmontmelo.cat\/es\/2022\/07\/marcel-comas-cabeza-de-lista-de-canviem-montmelo-en-las-elecciones-municipales-de-mayo\/\" rel=\"bookmark\" title=\"Marcel Comas, cabeza de lista de Canviem Montmel\u00f3 en las elecciones municipales de mayo\">Marcel Comas, cabeza de lista de Canviem Montmel\u00f3 en las elecciones municipales de mayo<\/a><\/h3><div class=\"entry-meta\"><span class=\"meta-item category-link\"><a href=\"https:\/\/www.canviemmontmelo.cat\/es\/categorias\/noticias\/\" rel=\"tag\">Noticias<\/a><\/span><span class=\"meta-item data-link\"><time class=\"entry-date updated\" datetime=\"2022-07-15T10:13:00+02:00\">15 de julio de 2022<\/time><\/span><\/div><div class=\"entry-excerpt\"><p>El mi\u00e9rcoles la Asamblea de Canviem Montmel\u00f3 escogi\u00f3 \u00e9ste por unanimidad (79 votos a favor) a Marcel Comas Subir\u00e0 como&hellip;<\/p>\n<\/div>\t\t<\/div>\n\t<\/div>\n<\/div><\/article><article class=\"post visible post-8200 type-post status-publish format-standard has-post-thumbnail hentry category-articulos tag-actualidad tag-votaciones\">\n<div class=\"post-thumbnail-wrap\">\n\t<div class=\"post-thumbnail \">\n\n\t\t<a class=\"post-thumbnail-rollover layzr-bg img-css-resize-wrapper\" aria-label=\"Post image\" href=\"https:\/\/www.canviemmontmelo.cat\/es\/2022\/07\/votacion-cabeza-de-lista-canviem-montmelo\/\"><img decoding=\"async\" width=\"768\" height=\"768\" src=\"data:image\/svg+xml,%3Csvg%20xmlns%3D&#039;http%3A%2F%2Fwww.w3.org%2F2000%2Fsvg&#039;%20viewBox%3D&#039;0%200%20768%20768&#039;%2F%3E\" class=\"attachment-medium_large size-medium_large preload-me aspect lazy lazy-load\" alt=\"\" sizes=\"(max-width: 768px) 100vw, 768px\" style=\"--ratio: 768 \/ 768;\" data-src=\"https:\/\/www.canviemmontmelo.cat\/wp-content\/uploads\/2022\/07\/6995c122-69c9-4ed6-9989-fdbf982bfb04-1024x1024-1-768x768.jpg\" loading=\"eager\" data-srcset=\"https:\/\/www.canviemmontmelo.cat\/wp-content\/uploads\/2022\/07\/6995c122-69c9-4ed6-9989-fdbf982bfb04-1024x1024-1-768x768.jpg 768w, https:\/\/www.canviemmontmelo.cat\/wp-content\/uploads\/2022\/07\/6995c122-69c9-4ed6-9989-fdbf982bfb04-1024x1024-1-300x300.jpg 300w, https:\/\/www.canviemmontmelo.cat\/wp-content\/uploads\/2022\/07\/6995c122-69c9-4ed6-9989-fdbf982bfb04-1024x1024-1-150x150.jpg 150w, https:\/\/www.canviemmontmelo.cat\/wp-content\/uploads\/2022\/07\/6995c122-69c9-4ed6-9989-fdbf982bfb04-1024x1024-1.jpg 1024w\" \/><\/a>\n\t<\/div>\n<\/div>\n\n<div class=\"post-entry-content\">\n\t<div class=\"post-entry-wrapper\">\n\t\t<div class=\"post-entry-body\">\n\t\t\t<a href=\"https:\/\/www.canviemmontmelo.cat\/es\/2022\/07\/votacion-cabeza-de-lista-canviem-montmelo\/\" class=\"the7-hover-icon\" aria-label=\"Details link\"><span aria-hidden=\"true\" class=\"fas fa-ellipsis-h\"><\/span><\/a><h3 class=\"ele-entry-title\"><a href=\"https:\/\/www.canviemmontmelo.cat\/es\/2022\/07\/votacion-cabeza-de-lista-canviem-montmelo\/\" rel=\"bookmark\" title=\"Votaci\u00f3n cabeza de lista Canviem Montmel\u00f3\">Votaci\u00f3n cabeza de lista Canviem Montmel\u00f3<\/a><\/h3><div class=\"entry-meta\"><span class=\"meta-item category-link\"><a href=\"https:\/\/www.canviemmontmelo.cat\/es\/categorias\/articulos\/\" rel=\"tag\">Art\u00edculos<\/a><\/span><span class=\"meta-item data-link\"><time class=\"entry-date updated\" datetime=\"2022-07-11T16:45:02+02:00\">11 de julio de 2022<\/time><\/span><\/div>\t\t<\/div>\n\t<\/div>\n<\/div><\/article><article class=\"post visible post-8201 type-post status-publish format-standard has-post-thumbnail hentry category-mociones category-noticias\">\n<div class=\"post-thumbnail-wrap\">\n\t<div class=\"post-thumbnail \">\n\n\t\t<a class=\"post-thumbnail-rollover layzr-bg img-css-resize-wrapper\" aria-label=\"Post image\" href=\"https:\/\/www.canviemmontmelo.cat\/es\/2022\/06\/mocion-para-regular-el-uso-de-la-pirotecnia-en-montmelo\/\"><img decoding=\"async\" width=\"768\" height=\"768\" src=\"data:image\/svg+xml,%3Csvg%20xmlns%3D&#039;http%3A%2F%2Fwww.w3.org%2F2000%2Fsvg&#039;%20viewBox%3D&#039;0%200%20768%20768&#039;%2F%3E\" class=\"attachment-medium_large size-medium_large preload-me aspect lazy lazy-load\" alt=\"\" sizes=\"(max-width: 768px) 100vw, 768px\" style=\"--ratio: 768 \/ 768;\" data-src=\"https:\/\/www.canviemmontmelo.cat\/wp-content\/uploads\/2022\/11\/noticies-default-768x768.png\" loading=\"eager\" data-srcset=\"https:\/\/www.canviemmontmelo.cat\/wp-content\/uploads\/2022\/11\/noticies-default-768x768.png 768w, https:\/\/www.canviemmontmelo.cat\/wp-content\/uploads\/2022\/11\/noticies-default-300x300.png 300w, https:\/\/www.canviemmontmelo.cat\/wp-content\/uploads\/2022\/11\/noticies-default-150x150.png 150w, https:\/\/www.canviemmontmelo.cat\/wp-content\/uploads\/2022\/11\/noticies-default.png 800w\" \/><\/a>\n\t<\/div>\n<\/div>\n\n<div class=\"post-entry-content\">\n\t<div class=\"post-entry-wrapper\">\n\t\t<div class=\"post-entry-body\">\n\t\t\t<a href=\"https:\/\/www.canviemmontmelo.cat\/es\/2022\/06\/mocion-para-regular-el-uso-de-la-pirotecnia-en-montmelo\/\" class=\"the7-hover-icon\" aria-label=\"Details link\"><span aria-hidden=\"true\" class=\"fas fa-ellipsis-h\"><\/span><\/a><h3 class=\"ele-entry-title\"><a href=\"https:\/\/www.canviemmontmelo.cat\/es\/2022\/06\/mocion-para-regular-el-uso-de-la-pirotecnia-en-montmelo\/\" rel=\"bookmark\" title=\"Moci\u00f3n para regular el uso de la pirotecnia en Montmel\u00f3\">Moci\u00f3n para regular el uso de la pirotecnia en Montmel\u00f3<\/a><\/h3><div class=\"entry-meta\"><span class=\"meta-item category-link\"><a href=\"https:\/\/www.canviemmontmelo.cat\/es\/categorias\/mociones\/\" rel=\"tag\">Mociones<\/a>, <a href=\"https:\/\/www.canviemmontmelo.cat\/es\/categorias\/noticias\/\" rel=\"tag\">Noticias<\/a><\/span><span class=\"meta-item data-link\"><time class=\"entry-date updated\" datetime=\"2022-06-29T10:17:00+02:00\">29 de junio de 2022<\/time><\/span><\/div><div class=\"entry-excerpt\"><p>\u00c9sta fue una de las 5 mociones presentadas por nuestro grupo municipal y aprobadas en el Pleno ordinario de junio.&hellip;<\/p>\n<\/div>\t\t<\/div>\n\t<\/div>\n<\/div><\/article><\/div><div class=\"owl-nav disabled\"><div class=\"owl-prev\" role=\"button\" tabindex=\"0\" aria-label=\"Prev slide\"><i class=\"fas fa-chevron-left\"><\/i><\/div><div class=\"owl-next\" role=\"button\" tabindex=\"0\" aria-label=\"Next slide\"><i class=\"fas fa-chevron-right\"><\/i><\/div><\/div>\t\t\t\t<\/div>\n\t\t\t\t<\/div>\n\t\t\t\t<div class=\"elementor-element elementor-element-42e5c3f elementor-widget elementor-widget-spacer\" data-id=\"42e5c3f\" data-element_type=\"widget\" data-e-type=\"widget\" data-widget_type=\"spacer.default\">\n\t\t\t\t<div class=\"elementor-widget-container\">\n\t\t\t\t\t\t\t<div class=\"elementor-spacer\">\n\t\t\t<div class=\"elementor-spacer-inner\"><\/div>\n\t\t<\/div>\n\t\t\t\t\t\t<\/div>\n\t\t\t\t<\/div>\n\t\t\t\t<div class=\"elementor-element elementor-element-20c505c elementor-align-center elementor-widget elementor-widget-the7_button_widget\" data-id=\"20c505c\" data-element_type=\"widget\" data-e-type=\"widget\" data-widget_type=\"the7_button_widget.default\">\n\t\t\t\t<div class=\"elementor-widget-container\">\n\t\t\t\t\t<div class=\"elementor-button-wrapper\"><a href=\"https:\/\/www.canviemmontmelo.cat\/blog\/\" class=\"box-button elementor-button elementor-size-lg\">M\u00e1s noticias<\/a><\/div>\t\t\t\t<\/div>\n\t\t\t\t<\/div>\n\t\t\t\t\t<\/div>\n\t\t<\/div>\n\t\t\t\t\t<\/div>\n\t\t<\/section>\n\t\t\t\t<section class=\"elementor-section elementor-top-section elementor-element elementor-element-e68a31f elementor-section-boxed elementor-section-height-default elementor-section-height-default\" data-id=\"e68a31f\" data-element_type=\"section\" data-e-type=\"section\" data-settings=\"{&quot;background_background&quot;:&quot;classic&quot;}\">\n\t\t\t\t\t\t<div class=\"elementor-container elementor-column-gap-wider\">\n\t\t\t\t\t<div class=\"elementor-column elementor-col-100 elementor-top-column elementor-element elementor-element-0a2e928\" data-id=\"0a2e928\" data-element_type=\"column\" data-e-type=\"column\">\n\t\t\t<div class=\"elementor-widget-wrap elementor-element-populated\">\n\t\t\t\t\t\t<div class=\"elementor-element elementor-element-40a5d04 elementor-widget elementor-widget-heading\" data-id=\"40a5d04\" data-element_type=\"widget\" data-e-type=\"widget\" data-widget_type=\"heading.default\">\n\t\t\t\t<div class=\"elementor-widget-container\">\n\t\t\t\t\t<h3 class=\"elementor-heading-title elementor-size-default\">Candidatura<\/h3>\t\t\t\t<\/div>\n\t\t\t\t<\/div>\n\t\t\t\t<div class=\"elementor-element elementor-element-3edfbaf elementor-widget elementor-widget-spacer\" data-id=\"3edfbaf\" data-element_type=\"widget\" data-e-type=\"widget\" data-widget_type=\"spacer.default\">\n\t\t\t\t<div class=\"elementor-widget-container\">\n\t\t\t\t\t\t\t<div class=\"elementor-spacer\">\n\t\t\t<div class=\"elementor-spacer-inner\"><\/div>\n\t\t<\/div>\n\t\t\t\t\t\t<\/div>\n\t\t\t\t<\/div>\n\t\t\t\t<div class=\"elementor-element elementor-element-4bafcea elementor-widget elementor-widget-heading\" data-id=\"4bafcea\" data-element_type=\"widget\" data-e-type=\"widget\" data-widget_type=\"heading.default\">\n\t\t\t\t<div class=\"elementor-widget-container\">\n\t\t\t\t\t<span class=\"elementor-heading-title elementor-size-default\">Candidatos y candidatas de Canviem Montmel\u00f3<\/span>\t\t\t\t<\/div>\n\t\t\t\t<\/div>\n\t\t\t\t<div class=\"elementor-element elementor-element-59f2b18 img-align-top arrows-relative-to-image slide-h-position-center icon-box-vertical-align-top image-vertical-align-start preserve-img-ratio-cover bullets-small-dot-stroke elementor-widget elementor-widget-the7-elements-simple-posts-carousel\" data-id=\"59f2b18\" data-element_type=\"widget\" data-e-type=\"widget\" data-settings=\"{&quot;widget_columns_tablet&quot;:2,&quot;widget_columns&quot;:3,&quot;hover_arrow_bg_color&quot;:&quot;#148ba9&quot;,&quot;widget_columns_mobile&quot;:1,&quot;gap_between_posts&quot;:{&quot;unit&quot;:&quot;px&quot;,&quot;size&quot;:40,&quot;sizes&quot;:[]},&quot;gap_between_posts_tablet&quot;:{&quot;unit&quot;:&quot;px&quot;,&quot;size&quot;:&quot;&quot;,&quot;sizes&quot;:[]},&quot;gap_between_posts_mobile&quot;:{&quot;unit&quot;:&quot;px&quot;,&quot;size&quot;:&quot;&quot;,&quot;sizes&quot;:[]}}\" data-widget_type=\"the7-elements-simple-posts-carousel.default\">\n\t\t\t\t<div class=\"elementor-widget-container\">\n\t\t\t\t\t<div class=\"owl-carousel the7-elementor-widget the7-simple-widget-posts-carousel elementor-owl-carousel-call loading-effect-none classic-layout-list the7-elements-simple-posts-carousel-59f2b18\" data-scroll-mode=\"1\" data-auto-height=\"false\" data-speed=\"600\" data-autoplay=\"false\" data-autoplay_speed=\"\"><article class=\"post visible wrapper dt-owl-item-wrap post-7936 dt_team type-dt_team status-publish has-post-thumbnail hentry\">\n\t\t\t\t<div class=\"post-content-wrapper\">\n\t\t\t\t\t\t\t\t\t\t\t<div class=\"the7-simple-post-thumb\">\n\t\t\t\t\t\t\t<a class=\"post-thumbnail-rollover layzr-bg img-css-resize-wrapper\" aria-label=\"Post image\" href=\"https:\/\/www.canviemmontmelo.cat\/es\/candidat\/demo-nou-candidat\/\"><img decoding=\"async\" width=\"800\" height=\"800\" src=\"data:image\/svg+xml,%3Csvg%20xmlns%3D&#039;http%3A%2F%2Fwww.w3.org%2F2000%2Fsvg&#039;%20viewBox%3D&#039;0%200%20800%20800&#039;%2F%3E\" class=\"attachment-full size-full preload-me aspect lazy lazy-load\" alt=\"\" sizes=\"(max-width: 800px) 100vw, 800px\" style=\"--ratio: 800 \/ 800;\" data-src=\"https:\/\/www.canviemmontmelo.cat\/wp-content\/uploads\/2023\/04\/1-marcel.jpg\" loading=\"eager\" data-srcset=\"https:\/\/www.canviemmontmelo.cat\/wp-content\/uploads\/2023\/04\/1-marcel.jpg 800w, https:\/\/www.canviemmontmelo.cat\/wp-content\/uploads\/2023\/04\/1-marcel-300x300.jpg 300w, https:\/\/www.canviemmontmelo.cat\/wp-content\/uploads\/2023\/04\/1-marcel-150x150.jpg 150w, https:\/\/www.canviemmontmelo.cat\/wp-content\/uploads\/2023\/04\/1-marcel-768x768.jpg 768w\" \/><span class=\"the7-hover-icon\"><i aria-hidden=\"true\" class=\"fas fa-ellipsis-h\"><\/i><\/span><\/a>\t\t\t\t\t\t<\/div>\n\t\t\t\t\t\n\t\t\t\t\t<div class=\"post-entry-content\">\n\t\t\t\t\t\t<h5 class=\"heading\"><a href=\"https:\/\/www.canviemmontmelo.cat\/es\/candidat\/demo-nou-candidat\/\" rel=\"bookmark\" title=\"Marcel Comas Subir\u00e0\" class=\"post-title\">Marcel Comas Subir\u00e0<\/a><\/h5><p class=\"short-description\">Candidato a la alcald\u00eda de Montmel\u00f3<\/p><div class=\"details-wrap\"><a href=\"https:\/\/www.canviemmontmelo.cat\/es\/candidat\/demo-nou-candidat\/\" target=\"\" aria-label=\"Read more about Marcel Comas Subir\u00e0\" class=\"box-button elementor-button elementor-size-sm\">Perfil<\/a><\/div>\t\t\t\t\t<\/div>\n\t\t\t\t<\/div>\n\n\t\t\t<\/article><article class=\"post visible wrapper dt-owl-item-wrap post-8008 dt_team type-dt_team status-publish has-post-thumbnail hentry\">\n\t\t\t\t<div class=\"post-content-wrapper\">\n\t\t\t\t\t\t\t\t\t\t\t<div class=\"the7-simple-post-thumb\">\n\t\t\t\t\t\t\t<a class=\"post-thumbnail-rollover layzr-bg img-css-resize-wrapper\" aria-label=\"Post image\" href=\"https:\/\/www.canviemmontmelo.cat\/es\/candidat\/alba-serrano-perez\/\"><img decoding=\"async\" width=\"800\" height=\"800\" src=\"data:image\/svg+xml,%3Csvg%20xmlns%3D&#039;http%3A%2F%2Fwww.w3.org%2F2000%2Fsvg&#039;%20viewBox%3D&#039;0%200%20800%20800&#039;%2F%3E\" class=\"attachment-full size-full preload-me aspect lazy lazy-load\" alt=\"\" sizes=\"(max-width: 800px) 100vw, 800px\" style=\"--ratio: 800 \/ 800;\" data-src=\"https:\/\/www.canviemmontmelo.cat\/wp-content\/uploads\/2023\/04\/2-alba.jpg\" loading=\"eager\" data-srcset=\"https:\/\/www.canviemmontmelo.cat\/wp-content\/uploads\/2023\/04\/2-alba.jpg 800w, https:\/\/www.canviemmontmelo.cat\/wp-content\/uploads\/2023\/04\/2-alba-300x300.jpg 300w, https:\/\/www.canviemmontmelo.cat\/wp-content\/uploads\/2023\/04\/2-alba-150x150.jpg 150w, https:\/\/www.canviemmontmelo.cat\/wp-content\/uploads\/2023\/04\/2-alba-768x768.jpg 768w\" \/><span class=\"the7-hover-icon\"><i aria-hidden=\"true\" class=\"fas fa-ellipsis-h\"><\/i><\/span><\/a>\t\t\t\t\t\t<\/div>\n\t\t\t\t\t\n\t\t\t\t\t<div class=\"post-entry-content\">\n\t\t\t\t\t\t<h5 class=\"heading\"><a href=\"https:\/\/www.canviemmontmelo.cat\/es\/candidat\/alba-serrano-perez\/\" rel=\"bookmark\" title=\"Alba Serrano P\u00e9rez\" class=\"post-title\">Alba Serrano P\u00e9rez<\/a><\/h5><p class=\"short-description\">2\u00aa candidata de Canviem Montmel\u00f3<\/p><div class=\"details-wrap\"><a href=\"https:\/\/www.canviemmontmelo.cat\/es\/candidat\/alba-serrano-perez\/\" target=\"\" aria-label=\"Read more about Alba Serrano P\u00e9rez\" class=\"box-button elementor-button elementor-size-sm\">Perfil<\/a><\/div>\t\t\t\t\t<\/div>\n\t\t\t\t<\/div>\n\n\t\t\t<\/article><article class=\"post visible wrapper dt-owl-item-wrap post-8014 dt_team type-dt_team status-publish has-post-thumbnail hentry\">\n\t\t\t\t<div class=\"post-content-wrapper\">\n\t\t\t\t\t\t\t\t\t\t\t<div class=\"the7-simple-post-thumb\">\n\t\t\t\t\t\t\t<a class=\"post-thumbnail-rollover layzr-bg img-css-resize-wrapper\" aria-label=\"Post image\" href=\"https:\/\/www.canviemmontmelo.cat\/es\/candidat\/estefania-navarro-ale\/\"><img decoding=\"async\" width=\"800\" height=\"800\" src=\"data:image\/svg+xml,%3Csvg%20xmlns%3D&#039;http%3A%2F%2Fwww.w3.org%2F2000%2Fsvg&#039;%20viewBox%3D&#039;0%200%20800%20800&#039;%2F%3E\" class=\"attachment-full size-full preload-me aspect lazy lazy-load\" alt=\"\" sizes=\"(max-width: 800px) 100vw, 800px\" style=\"--ratio: 800 \/ 800;\" data-src=\"https:\/\/www.canviemmontmelo.cat\/wp-content\/uploads\/2023\/04\/3-estefania.jpg\" loading=\"eager\" data-srcset=\"https:\/\/www.canviemmontmelo.cat\/wp-content\/uploads\/2023\/04\/3-estefania.jpg 800w, https:\/\/www.canviemmontmelo.cat\/wp-content\/uploads\/2023\/04\/3-estefania-300x300.jpg 300w, https:\/\/www.canviemmontmelo.cat\/wp-content\/uploads\/2023\/04\/3-estefania-150x150.jpg 150w, https:\/\/www.canviemmontmelo.cat\/wp-content\/uploads\/2023\/04\/3-estefania-768x768.jpg 768w\" \/><span class=\"the7-hover-icon\"><i aria-hidden=\"true\" class=\"fas fa-ellipsis-h\"><\/i><\/span><\/a>\t\t\t\t\t\t<\/div>\n\t\t\t\t\t\n\t\t\t\t\t<div class=\"post-entry-content\">\n\t\t\t\t\t\t<h5 class=\"heading\"><a href=\"https:\/\/www.canviemmontmelo.cat\/es\/candidat\/estefania-navarro-ale\/\" rel=\"bookmark\" title=\"Estefania Navarro Al\u00e9\" class=\"post-title\">Estefania Navarro Al\u00e9<\/a><\/h5><p class=\"short-description\">3\u00aa candidata de Canviem Montmel\u00f3<\/p><div class=\"details-wrap\"><a href=\"https:\/\/www.canviemmontmelo.cat\/es\/candidat\/estefania-navarro-ale\/\" target=\"\" aria-label=\"Read more about Estefania Navarro Al\u00e9\" class=\"box-button elementor-button elementor-size-sm\">Perfil<\/a><\/div>\t\t\t\t\t<\/div>\n\t\t\t\t<\/div>\n\n\t\t\t<\/article><article class=\"post visible wrapper dt-owl-item-wrap post-8022 dt_team type-dt_team status-publish has-post-thumbnail hentry\">\n\t\t\t\t<div class=\"post-content-wrapper\">\n\t\t\t\t\t\t\t\t\t\t\t<div class=\"the7-simple-post-thumb\">\n\t\t\t\t\t\t\t<a class=\"post-thumbnail-rollover layzr-bg img-css-resize-wrapper\" aria-label=\"Post image\" href=\"https:\/\/www.canviemmontmelo.cat\/es\/candidat\/ruben-puerto-fuentes\/\"><img decoding=\"async\" width=\"800\" height=\"800\" src=\"data:image\/svg+xml,%3Csvg%20xmlns%3D&#039;http%3A%2F%2Fwww.w3.org%2F2000%2Fsvg&#039;%20viewBox%3D&#039;0%200%20800%20800&#039;%2F%3E\" class=\"attachment-full size-full preload-me aspect lazy lazy-load\" alt=\"\" sizes=\"(max-width: 800px) 100vw, 800px\" style=\"--ratio: 800 \/ 800;\" data-src=\"https:\/\/www.canviemmontmelo.cat\/wp-content\/uploads\/2023\/04\/4-ruben.jpg\" loading=\"eager\" data-srcset=\"https:\/\/www.canviemmontmelo.cat\/wp-content\/uploads\/2023\/04\/4-ruben.jpg 800w, https:\/\/www.canviemmontmelo.cat\/wp-content\/uploads\/2023\/04\/4-ruben-300x300.jpg 300w, https:\/\/www.canviemmontmelo.cat\/wp-content\/uploads\/2023\/04\/4-ruben-150x150.jpg 150w, https:\/\/www.canviemmontmelo.cat\/wp-content\/uploads\/2023\/04\/4-ruben-768x768.jpg 768w\" \/><span class=\"the7-hover-icon\"><i aria-hidden=\"true\" class=\"fas fa-ellipsis-h\"><\/i><\/span><\/a>\t\t\t\t\t\t<\/div>\n\t\t\t\t\t\n\t\t\t\t\t<div class=\"post-entry-content\">\n\t\t\t\t\t\t<h5 class=\"heading\"><a href=\"https:\/\/www.canviemmontmelo.cat\/es\/candidat\/ruben-puerto-fuentes\/\" rel=\"bookmark\" title=\"Rub\u00e9n Puerto Fuentes\" class=\"post-title\">Rub\u00e9n Puerto Fuentes<\/a><\/h5><p class=\"short-description\">4\u00ba candidato de Canviem Montmel\u00f3<\/p><div class=\"details-wrap\"><a href=\"https:\/\/www.canviemmontmelo.cat\/es\/candidat\/ruben-puerto-fuentes\/\" target=\"\" aria-label=\"Read more about Rub\u00e9n Puerto Fuentes\" class=\"box-button elementor-button elementor-size-sm\">Perfil<\/a><\/div>\t\t\t\t\t<\/div>\n\t\t\t\t<\/div>\n\n\t\t\t<\/article><article class=\"post visible wrapper dt-owl-item-wrap post-8036 dt_team type-dt_team status-publish has-post-thumbnail hentry\">\n\t\t\t\t<div class=\"post-content-wrapper\">\n\t\t\t\t\t\t\t\t\t\t\t<div class=\"the7-simple-post-thumb\">\n\t\t\t\t\t\t\t<a class=\"post-thumbnail-rollover layzr-bg img-css-resize-wrapper\" aria-label=\"Post image\" href=\"https:\/\/www.canviemmontmelo.cat\/es\/candidat\/silvia-matamoros-venegas\/\"><img decoding=\"async\" width=\"800\" height=\"800\" src=\"data:image\/svg+xml,%3Csvg%20xmlns%3D&#039;http%3A%2F%2Fwww.w3.org%2F2000%2Fsvg&#039;%20viewBox%3D&#039;0%200%20800%20800&#039;%2F%3E\" class=\"attachment-full size-full preload-me aspect lazy lazy-load\" alt=\"\" sizes=\"(max-width: 800px) 100vw, 800px\" style=\"--ratio: 800 \/ 800;\" data-src=\"https:\/\/www.canviemmontmelo.cat\/wp-content\/uploads\/2023\/04\/5-silvia.jpg\" loading=\"eager\" data-srcset=\"https:\/\/www.canviemmontmelo.cat\/wp-content\/uploads\/2023\/04\/5-silvia.jpg 800w, https:\/\/www.canviemmontmelo.cat\/wp-content\/uploads\/2023\/04\/5-silvia-300x300.jpg 300w, https:\/\/www.canviemmontmelo.cat\/wp-content\/uploads\/2023\/04\/5-silvia-150x150.jpg 150w, https:\/\/www.canviemmontmelo.cat\/wp-content\/uploads\/2023\/04\/5-silvia-768x768.jpg 768w\" \/><span class=\"the7-hover-icon\"><i aria-hidden=\"true\" class=\"fas fa-ellipsis-h\"><\/i><\/span><\/a>\t\t\t\t\t\t<\/div>\n\t\t\t\t\t\n\t\t\t\t\t<div class=\"post-entry-content\">\n\t\t\t\t\t\t<h5 class=\"heading\"><a href=\"https:\/\/www.canviemmontmelo.cat\/es\/candidat\/silvia-matamoros-venegas\/\" rel=\"bookmark\" title=\"Silvia Matamoros Venegas\" class=\"post-title\">Silvia Matamoros Venegas<\/a><\/h5><p class=\"short-description\">5\u00aa candidata de Canviem Montmel\u00f3<\/p><div class=\"details-wrap\"><a href=\"https:\/\/www.canviemmontmelo.cat\/es\/candidat\/silvia-matamoros-venegas\/\" target=\"\" aria-label=\"Read more about Silvia Matamoros Venegas\" class=\"box-button elementor-button elementor-size-sm\">Perfil<\/a><\/div>\t\t\t\t\t<\/div>\n\t\t\t\t<\/div>\n\n\t\t\t<\/article><article class=\"post visible wrapper dt-owl-item-wrap post-8045 dt_team type-dt_team status-publish has-post-thumbnail hentry\">\n\t\t\t\t<div class=\"post-content-wrapper\">\n\t\t\t\t\t\t\t\t\t\t\t<div class=\"the7-simple-post-thumb\">\n\t\t\t\t\t\t\t<a class=\"post-thumbnail-rollover layzr-bg img-css-resize-wrapper\" aria-label=\"Post image\" href=\"https:\/\/www.canviemmontmelo.cat\/es\/candidat\/jaume-brunet-marti\/\"><img decoding=\"async\" width=\"800\" height=\"800\" src=\"data:image\/svg+xml,%3Csvg%20xmlns%3D&#039;http%3A%2F%2Fwww.w3.org%2F2000%2Fsvg&#039;%20viewBox%3D&#039;0%200%20800%20800&#039;%2F%3E\" class=\"attachment-full size-full preload-me aspect lazy lazy-load\" alt=\"\" sizes=\"(max-width: 800px) 100vw, 800px\" style=\"--ratio: 800 \/ 800;\" data-src=\"https:\/\/www.canviemmontmelo.cat\/wp-content\/uploads\/2023\/04\/6-jaume.jpg\" loading=\"eager\" data-srcset=\"https:\/\/www.canviemmontmelo.cat\/wp-content\/uploads\/2023\/04\/6-jaume.jpg 800w, https:\/\/www.canviemmontmelo.cat\/wp-content\/uploads\/2023\/04\/6-jaume-300x300.jpg 300w, https:\/\/www.canviemmontmelo.cat\/wp-content\/uploads\/2023\/04\/6-jaume-150x150.jpg 150w, https:\/\/www.canviemmontmelo.cat\/wp-content\/uploads\/2023\/04\/6-jaume-768x768.jpg 768w\" \/><span class=\"the7-hover-icon\"><i aria-hidden=\"true\" class=\"fas fa-ellipsis-h\"><\/i><\/span><\/a>\t\t\t\t\t\t<\/div>\n\t\t\t\t\t\n\t\t\t\t\t<div class=\"post-entry-content\">\n\t\t\t\t\t\t<h5 class=\"heading\"><a href=\"https:\/\/www.canviemmontmelo.cat\/es\/candidat\/jaume-brunet-marti\/\" rel=\"bookmark\" title=\"Jaume Brunet Mart\u00ed\" class=\"post-title\">Jaume Brunet Mart\u00ed<\/a><\/h5><p class=\"short-description\">6\u00ba candidato de Canviem Montmel\u00f3<\/p><div class=\"details-wrap\"><a href=\"https:\/\/www.canviemmontmelo.cat\/es\/candidat\/jaume-brunet-marti\/\" target=\"\" aria-label=\"Read more about Jaume Brunet Mart\u00ed\" class=\"box-button elementor-button elementor-size-sm\">Perfil<\/a><\/div>\t\t\t\t\t<\/div>\n\t\t\t\t<\/div>\n\n\t\t\t<\/article><article class=\"post visible wrapper dt-owl-item-wrap post-8052 dt_team type-dt_team status-publish has-post-thumbnail hentry\">\n\t\t\t\t<div class=\"post-content-wrapper\">\n\t\t\t\t\t\t\t\t\t\t\t<div class=\"the7-simple-post-thumb\">\n\t\t\t\t\t\t\t<a class=\"post-thumbnail-rollover layzr-bg img-css-resize-wrapper\" aria-label=\"Post image\" href=\"https:\/\/www.canviemmontmelo.cat\/es\/candidat\/antonio-segura-perez\/\"><img decoding=\"async\" width=\"800\" height=\"800\" src=\"data:image\/svg+xml,%3Csvg%20xmlns%3D&#039;http%3A%2F%2Fwww.w3.org%2F2000%2Fsvg&#039;%20viewBox%3D&#039;0%200%20800%20800&#039;%2F%3E\" class=\"attachment-full size-full preload-me aspect lazy lazy-load\" alt=\"\" sizes=\"(max-width: 800px) 100vw, 800px\" style=\"--ratio: 800 \/ 800;\" data-src=\"https:\/\/www.canviemmontmelo.cat\/wp-content\/uploads\/2023\/04\/7-antonio.jpg\" loading=\"eager\" data-srcset=\"https:\/\/www.canviemmontmelo.cat\/wp-content\/uploads\/2023\/04\/7-antonio.jpg 800w, https:\/\/www.canviemmontmelo.cat\/wp-content\/uploads\/2023\/04\/7-antonio-300x300.jpg 300w, https:\/\/www.canviemmontmelo.cat\/wp-content\/uploads\/2023\/04\/7-antonio-150x150.jpg 150w, https:\/\/www.canviemmontmelo.cat\/wp-content\/uploads\/2023\/04\/7-antonio-768x768.jpg 768w\" \/><span class=\"the7-hover-icon\"><i aria-hidden=\"true\" class=\"fas fa-ellipsis-h\"><\/i><\/span><\/a>\t\t\t\t\t\t<\/div>\n\t\t\t\t\t\n\t\t\t\t\t<div class=\"post-entry-content\">\n\t\t\t\t\t\t<h5 class=\"heading\"><a href=\"https:\/\/www.canviemmontmelo.cat\/es\/candidat\/antonio-segura-perez\/\" rel=\"bookmark\" title=\"Antonio Segura P\u00e9rez\" class=\"post-title\">Antonio Segura P\u00e9rez<\/a><\/h5><p class=\"short-description\">7\u00ba candidato de Canviem Montmel\u00f3<\/p><div class=\"details-wrap\"><a href=\"https:\/\/www.canviemmontmelo.cat\/es\/candidat\/antonio-segura-perez\/\" target=\"\" aria-label=\"Read more about Antonio Segura P\u00e9rez\" class=\"box-button elementor-button elementor-size-sm\">Perfil<\/a><\/div>\t\t\t\t\t<\/div>\n\t\t\t\t<\/div>\n\n\t\t\t<\/article><article class=\"post visible wrapper dt-owl-item-wrap post-8060 dt_team type-dt_team status-publish has-post-thumbnail hentry\">\n\t\t\t\t<div class=\"post-content-wrapper\">\n\t\t\t\t\t\t\t\t\t\t\t<div class=\"the7-simple-post-thumb\">\n\t\t\t\t\t\t\t<a class=\"post-thumbnail-rollover layzr-bg img-css-resize-wrapper\" aria-label=\"Post image\" href=\"https:\/\/www.canviemmontmelo.cat\/es\/candidat\/vanessa-gamiz-carrasco\/\"><img decoding=\"async\" width=\"800\" height=\"800\" src=\"data:image\/svg+xml,%3Csvg%20xmlns%3D&#039;http%3A%2F%2Fwww.w3.org%2F2000%2Fsvg&#039;%20viewBox%3D&#039;0%200%20800%20800&#039;%2F%3E\" class=\"attachment-full size-full preload-me aspect lazy lazy-load\" alt=\"\" sizes=\"(max-width: 800px) 100vw, 800px\" style=\"--ratio: 800 \/ 800;\" data-src=\"https:\/\/www.canviemmontmelo.cat\/wp-content\/uploads\/2023\/04\/8-vanessa.jpg\" loading=\"eager\" data-srcset=\"https:\/\/www.canviemmontmelo.cat\/wp-content\/uploads\/2023\/04\/8-vanessa.jpg 800w, https:\/\/www.canviemmontmelo.cat\/wp-content\/uploads\/2023\/04\/8-vanessa-300x300.jpg 300w, https:\/\/www.canviemmontmelo.cat\/wp-content\/uploads\/2023\/04\/8-vanessa-150x150.jpg 150w, https:\/\/www.canviemmontmelo.cat\/wp-content\/uploads\/2023\/04\/8-vanessa-768x768.jpg 768w\" \/><span class=\"the7-hover-icon\"><i aria-hidden=\"true\" class=\"fas fa-ellipsis-h\"><\/i><\/span><\/a>\t\t\t\t\t\t<\/div>\n\t\t\t\t\t\n\t\t\t\t\t<div class=\"post-entry-content\">\n\t\t\t\t\t\t<h5 class=\"heading\"><a href=\"https:\/\/www.canviemmontmelo.cat\/es\/candidat\/vanessa-gamiz-carrasco\/\" rel=\"bookmark\" title=\"Vanessa G\u00e1miz Carrasco\" class=\"post-title\">Vanessa G\u00e1miz Carrasco<\/a><\/h5><p class=\"short-description\">8\u00aa candidata de Canviem Montmel\u00f3<\/p><div class=\"details-wrap\"><a href=\"https:\/\/www.canviemmontmelo.cat\/es\/candidat\/vanessa-gamiz-carrasco\/\" target=\"\" aria-label=\"Read more about Vanessa G\u00e1miz Carrasco\" class=\"box-button elementor-button elementor-size-sm\">Perfil<\/a><\/div>\t\t\t\t\t<\/div>\n\t\t\t\t<\/div>\n\n\t\t\t<\/article><article class=\"post visible wrapper dt-owl-item-wrap post-8068 dt_team type-dt_team status-publish has-post-thumbnail hentry\">\n\t\t\t\t<div class=\"post-content-wrapper\">\n\t\t\t\t\t\t\t\t\t\t\t<div class=\"the7-simple-post-thumb\">\n\t\t\t\t\t\t\t<a class=\"post-thumbnail-rollover layzr-bg img-css-resize-wrapper\" aria-label=\"Post image\" href=\"https:\/\/www.canviemmontmelo.cat\/es\/candidat\/hanane-frinechi-abdim\/\"><img decoding=\"async\" width=\"800\" height=\"800\" src=\"data:image\/svg+xml,%3Csvg%20xmlns%3D&#039;http%3A%2F%2Fwww.w3.org%2F2000%2Fsvg&#039;%20viewBox%3D&#039;0%200%20800%20800&#039;%2F%3E\" class=\"attachment-full size-full preload-me aspect lazy lazy-load\" alt=\"\" sizes=\"(max-width: 800px) 100vw, 800px\" style=\"--ratio: 800 \/ 800;\" data-src=\"https:\/\/www.canviemmontmelo.cat\/wp-content\/uploads\/2023\/04\/9-hanane.jpg\" loading=\"eager\" data-srcset=\"https:\/\/www.canviemmontmelo.cat\/wp-content\/uploads\/2023\/04\/9-hanane.jpg 800w, https:\/\/www.canviemmontmelo.cat\/wp-content\/uploads\/2023\/04\/9-hanane-300x300.jpg 300w, https:\/\/www.canviemmontmelo.cat\/wp-content\/uploads\/2023\/04\/9-hanane-150x150.jpg 150w, https:\/\/www.canviemmontmelo.cat\/wp-content\/uploads\/2023\/04\/9-hanane-768x768.jpg 768w\" \/><span class=\"the7-hover-icon\"><i aria-hidden=\"true\" class=\"fas fa-ellipsis-h\"><\/i><\/span><\/a>\t\t\t\t\t\t<\/div>\n\t\t\t\t\t\n\t\t\t\t\t<div class=\"post-entry-content\">\n\t\t\t\t\t\t<h5 class=\"heading\"><a href=\"https:\/\/www.canviemmontmelo.cat\/es\/candidat\/hanane-frinechi-abdim\/\" rel=\"bookmark\" title=\"Hanane Frinechi Abdim\" class=\"post-title\">Hanane Frinechi Abdim<\/a><\/h5><p class=\"short-description\">9\u00aa candidata de Canviem Montmel\u00f3<\/p><div class=\"details-wrap\"><a href=\"https:\/\/www.canviemmontmelo.cat\/es\/candidat\/hanane-frinechi-abdim\/\" target=\"\" aria-label=\"Read more about Hanane Frinechi Abdim\" class=\"box-button elementor-button elementor-size-sm\">Perfil<\/a><\/div>\t\t\t\t\t<\/div>\n\t\t\t\t<\/div>\n\n\t\t\t<\/article><article class=\"post visible wrapper dt-owl-item-wrap post-8076 dt_team type-dt_team status-publish has-post-thumbnail hentry\">\n\t\t\t\t<div class=\"post-content-wrapper\">\n\t\t\t\t\t\t\t\t\t\t\t<div class=\"the7-simple-post-thumb\">\n\t\t\t\t\t\t\t<a class=\"post-thumbnail-rollover layzr-bg img-css-resize-wrapper\" aria-label=\"Post image\" href=\"https:\/\/www.canviemmontmelo.cat\/es\/candidat\/ursula-andrea-ramirez-vernia\/\"><img decoding=\"async\" width=\"800\" height=\"800\" src=\"data:image\/svg+xml,%3Csvg%20xmlns%3D&#039;http%3A%2F%2Fwww.w3.org%2F2000%2Fsvg&#039;%20viewBox%3D&#039;0%200%20800%20800&#039;%2F%3E\" class=\"attachment-full size-full preload-me aspect lazy lazy-load\" alt=\"\" sizes=\"(max-width: 800px) 100vw, 800px\" style=\"--ratio: 800 \/ 800;\" data-src=\"https:\/\/www.canviemmontmelo.cat\/wp-content\/uploads\/2023\/04\/10-ursula.jpg\" loading=\"eager\" data-srcset=\"https:\/\/www.canviemmontmelo.cat\/wp-content\/uploads\/2023\/04\/10-ursula.jpg 800w, https:\/\/www.canviemmontmelo.cat\/wp-content\/uploads\/2023\/04\/10-ursula-300x300.jpg 300w, https:\/\/www.canviemmontmelo.cat\/wp-content\/uploads\/2023\/04\/10-ursula-150x150.jpg 150w, https:\/\/www.canviemmontmelo.cat\/wp-content\/uploads\/2023\/04\/10-ursula-768x768.jpg 768w\" \/><span class=\"the7-hover-icon\"><i aria-hidden=\"true\" class=\"fas fa-ellipsis-h\"><\/i><\/span><\/a>\t\t\t\t\t\t<\/div>\n\t\t\t\t\t\n\t\t\t\t\t<div class=\"post-entry-content\">\n\t\t\t\t\t\t<h5 class=\"heading\"><a href=\"https:\/\/www.canviemmontmelo.cat\/es\/candidat\/ursula-andrea-ramirez-vernia\/\" rel=\"bookmark\" title=\"Ursula Andrea Ram\u00edrez Vernia\" class=\"post-title\">Ursula Andrea Ram\u00edrez Vernia<\/a><\/h5><p class=\"short-description\">10\u00aa candidata de Canviem Montmel\u00f3<\/p><div class=\"details-wrap\"><a href=\"https:\/\/www.canviemmontmelo.cat\/es\/candidat\/ursula-andrea-ramirez-vernia\/\" target=\"\" aria-label=\"Read more about Ursula Andrea Ram\u00edrez Vernia\" class=\"box-button elementor-button elementor-size-sm\">Perfil<\/a><\/div>\t\t\t\t\t<\/div>\n\t\t\t\t<\/div>\n\n\t\t\t<\/article><article class=\"post visible wrapper dt-owl-item-wrap post-8084 dt_team type-dt_team status-publish has-post-thumbnail hentry\">\n\t\t\t\t<div class=\"post-content-wrapper\">\n\t\t\t\t\t\t\t\t\t\t\t<div class=\"the7-simple-post-thumb\">\n\t\t\t\t\t\t\t<a class=\"post-thumbnail-rollover layzr-bg img-css-resize-wrapper\" aria-label=\"Post image\" href=\"https:\/\/www.canviemmontmelo.cat\/es\/candidat\/jose-manuel-acosta-mejuto\/\"><img decoding=\"async\" width=\"800\" height=\"800\" src=\"data:image\/svg+xml,%3Csvg%20xmlns%3D&#039;http%3A%2F%2Fwww.w3.org%2F2000%2Fsvg&#039;%20viewBox%3D&#039;0%200%20800%20800&#039;%2F%3E\" class=\"attachment-full size-full preload-me aspect lazy lazy-load\" alt=\"\" sizes=\"(max-width: 800px) 100vw, 800px\" style=\"--ratio: 800 \/ 800;\" data-src=\"https:\/\/www.canviemmontmelo.cat\/wp-content\/uploads\/2023\/04\/11-jose.jpg\" loading=\"eager\" data-srcset=\"https:\/\/www.canviemmontmelo.cat\/wp-content\/uploads\/2023\/04\/11-jose.jpg 800w, https:\/\/www.canviemmontmelo.cat\/wp-content\/uploads\/2023\/04\/11-jose-300x300.jpg 300w, https:\/\/www.canviemmontmelo.cat\/wp-content\/uploads\/2023\/04\/11-jose-150x150.jpg 150w, https:\/\/www.canviemmontmelo.cat\/wp-content\/uploads\/2023\/04\/11-jose-768x768.jpg 768w\" \/><span class=\"the7-hover-icon\"><i aria-hidden=\"true\" class=\"fas fa-ellipsis-h\"><\/i><\/span><\/a>\t\t\t\t\t\t<\/div>\n\t\t\t\t\t\n\t\t\t\t\t<div class=\"post-entry-content\">\n\t\t\t\t\t\t<h5 class=\"heading\"><a href=\"https:\/\/www.canviemmontmelo.cat\/es\/candidat\/jose-manuel-acosta-mejuto\/\" rel=\"bookmark\" title=\"Jos\u00e9 Manuel Acosta Mejuto\" class=\"post-title\">Jos\u00e9 Manuel Acosta Mejuto<\/a><\/h5><p class=\"short-description\">11\u00ba candidato de Canviem Montmel\u00f3<\/p><div class=\"details-wrap\"><a href=\"https:\/\/www.canviemmontmelo.cat\/es\/candidat\/jose-manuel-acosta-mejuto\/\" target=\"\" aria-label=\"Read more about Jos\u00e9 Manuel Acosta Mejuto\" class=\"box-button elementor-button elementor-size-sm\">Perfil<\/a><\/div>\t\t\t\t\t<\/div>\n\t\t\t\t<\/div>\n\n\t\t\t<\/article><article class=\"post visible wrapper dt-owl-item-wrap post-8092 dt_team type-dt_team status-publish has-post-thumbnail hentry\">\n\t\t\t\t<div class=\"post-content-wrapper\">\n\t\t\t\t\t\t\t\t\t\t\t<div class=\"the7-simple-post-thumb\">\n\t\t\t\t\t\t\t<a class=\"post-thumbnail-rollover layzr-bg img-css-resize-wrapper\" aria-label=\"Post image\" href=\"https:\/\/www.canviemmontmelo.cat\/es\/candidat\/gemma-ruiz-caparros\/\"><img decoding=\"async\" width=\"800\" height=\"800\" src=\"data:image\/svg+xml,%3Csvg%20xmlns%3D&#039;http%3A%2F%2Fwww.w3.org%2F2000%2Fsvg&#039;%20viewBox%3D&#039;0%200%20800%20800&#039;%2F%3E\" class=\"attachment-full size-full preload-me aspect lazy lazy-load\" alt=\"\" sizes=\"(max-width: 800px) 100vw, 800px\" style=\"--ratio: 800 \/ 800;\" data-src=\"https:\/\/www.canviemmontmelo.cat\/wp-content\/uploads\/2023\/04\/12-gemma.jpg\" loading=\"eager\" data-srcset=\"https:\/\/www.canviemmontmelo.cat\/wp-content\/uploads\/2023\/04\/12-gemma.jpg 800w, https:\/\/www.canviemmontmelo.cat\/wp-content\/uploads\/2023\/04\/12-gemma-300x300.jpg 300w, https:\/\/www.canviemmontmelo.cat\/wp-content\/uploads\/2023\/04\/12-gemma-150x150.jpg 150w, https:\/\/www.canviemmontmelo.cat\/wp-content\/uploads\/2023\/04\/12-gemma-768x768.jpg 768w\" \/><span class=\"the7-hover-icon\"><i aria-hidden=\"true\" class=\"fas fa-ellipsis-h\"><\/i><\/span><\/a>\t\t\t\t\t\t<\/div>\n\t\t\t\t\t\n\t\t\t\t\t<div class=\"post-entry-content\">\n\t\t\t\t\t\t<h5 class=\"heading\"><a href=\"https:\/\/www.canviemmontmelo.cat\/es\/candidat\/gemma-ruiz-caparros\/\" rel=\"bookmark\" title=\"Gemma Ruiz Caparr\u00f3s\" class=\"post-title\">Gemma Ruiz Caparr\u00f3s<\/a><\/h5><p class=\"short-description\">12\u00aa candidata de Canviem Montmel\u00f3<\/p><div class=\"details-wrap\"><a href=\"https:\/\/www.canviemmontmelo.cat\/es\/candidat\/gemma-ruiz-caparros\/\" target=\"\" aria-label=\"Read more about Gemma Ruiz Caparr\u00f3s\" class=\"box-button elementor-button elementor-size-sm\">Perfil<\/a><\/div>\t\t\t\t\t<\/div>\n\t\t\t\t<\/div>\n\n\t\t\t<\/article><article class=\"post visible wrapper dt-owl-item-wrap post-8100 dt_team type-dt_team status-publish has-post-thumbnail hentry\">\n\t\t\t\t<div class=\"post-content-wrapper\">\n\t\t\t\t\t\t\t\t\t\t\t<div class=\"the7-simple-post-thumb\">\n\t\t\t\t\t\t\t<a class=\"post-thumbnail-rollover layzr-bg img-css-resize-wrapper\" aria-label=\"Post image\" href=\"https:\/\/www.canviemmontmelo.cat\/es\/candidat\/carme-gambin-martinez\/\"><img decoding=\"async\" width=\"800\" height=\"800\" src=\"data:image\/svg+xml,%3Csvg%20xmlns%3D&#039;http%3A%2F%2Fwww.w3.org%2F2000%2Fsvg&#039;%20viewBox%3D&#039;0%200%20800%20800&#039;%2F%3E\" class=\"attachment-full size-full preload-me aspect lazy lazy-load\" alt=\"\" sizes=\"(max-width: 800px) 100vw, 800px\" style=\"--ratio: 800 \/ 800;\" data-src=\"https:\/\/www.canviemmontmelo.cat\/wp-content\/uploads\/2023\/04\/13-carme.jpg\" loading=\"eager\" data-srcset=\"https:\/\/www.canviemmontmelo.cat\/wp-content\/uploads\/2023\/04\/13-carme.jpg 800w, https:\/\/www.canviemmontmelo.cat\/wp-content\/uploads\/2023\/04\/13-carme-300x300.jpg 300w, https:\/\/www.canviemmontmelo.cat\/wp-content\/uploads\/2023\/04\/13-carme-150x150.jpg 150w, https:\/\/www.canviemmontmelo.cat\/wp-content\/uploads\/2023\/04\/13-carme-768x768.jpg 768w\" \/><span class=\"the7-hover-icon\"><i aria-hidden=\"true\" class=\"fas fa-ellipsis-h\"><\/i><\/span><\/a>\t\t\t\t\t\t<\/div>\n\t\t\t\t\t\n\t\t\t\t\t<div class=\"post-entry-content\">\n\t\t\t\t\t\t<h5 class=\"heading\"><a href=\"https:\/\/www.canviemmontmelo.cat\/es\/candidat\/carme-gambin-martinez\/\" rel=\"bookmark\" title=\"Carme Gamb\u00edn Mart\u00ednez\" class=\"post-title\">Carme Gamb\u00edn Mart\u00ednez<\/a><\/h5><p class=\"short-description\">13\u00aa candidata de Canviem Montmel\u00f3<\/p><div class=\"details-wrap\"><a href=\"https:\/\/www.canviemmontmelo.cat\/es\/candidat\/carme-gambin-martinez\/\" target=\"\" aria-label=\"Read more about Carme Gamb\u00edn Mart\u00ednez\" class=\"box-button elementor-button elementor-size-sm\">Perfil<\/a><\/div>\t\t\t\t\t<\/div>\n\t\t\t\t<\/div>\n\n\t\t\t<\/article><article class=\"post visible wrapper dt-owl-item-wrap post-8112 dt_team type-dt_team status-publish has-post-thumbnail hentry\">\n\t\t\t\t<div class=\"post-content-wrapper\">\n\t\t\t\t\t\t\t\t\t\t\t<div class=\"the7-simple-post-thumb\">\n\t\t\t\t\t\t\t<a class=\"post-thumbnail-rollover layzr-bg img-css-resize-wrapper\" aria-label=\"Post image\" href=\"https:\/\/www.canviemmontmelo.cat\/es\/candidat\/francesc-xavier-cantos-luchena\/\"><img decoding=\"async\" width=\"800\" height=\"800\" src=\"data:image\/svg+xml,%3Csvg%20xmlns%3D&#039;http%3A%2F%2Fwww.w3.org%2F2000%2Fsvg&#039;%20viewBox%3D&#039;0%200%20800%20800&#039;%2F%3E\" class=\"attachment-full size-full preload-me aspect lazy lazy-load\" alt=\"\" sizes=\"(max-width: 800px) 100vw, 800px\" style=\"--ratio: 800 \/ 800;\" data-src=\"https:\/\/www.canviemmontmelo.cat\/wp-content\/uploads\/2023\/04\/14-francesc.jpg\" loading=\"eager\" data-srcset=\"https:\/\/www.canviemmontmelo.cat\/wp-content\/uploads\/2023\/04\/14-francesc.jpg 800w, https:\/\/www.canviemmontmelo.cat\/wp-content\/uploads\/2023\/04\/14-francesc-300x300.jpg 300w, https:\/\/www.canviemmontmelo.cat\/wp-content\/uploads\/2023\/04\/14-francesc-150x150.jpg 150w, https:\/\/www.canviemmontmelo.cat\/wp-content\/uploads\/2023\/04\/14-francesc-768x768.jpg 768w\" \/><span class=\"the7-hover-icon\"><i aria-hidden=\"true\" class=\"fas fa-ellipsis-h\"><\/i><\/span><\/a>\t\t\t\t\t\t<\/div>\n\t\t\t\t\t\n\t\t\t\t\t<div class=\"post-entry-content\">\n\t\t\t\t\t\t<h5 class=\"heading\"><a href=\"https:\/\/www.canviemmontmelo.cat\/es\/candidat\/francesc-xavier-cantos-luchena\/\" rel=\"bookmark\" title=\"Xavier Cantos Luchena\" class=\"post-title\">Xavier Cantos Luchena<\/a><\/h5><p class=\"short-description\">14\u00ba candidato de Canviem Montmel\u00f3<\/p><div class=\"details-wrap\"><a href=\"https:\/\/www.canviemmontmelo.cat\/es\/candidat\/francesc-xavier-cantos-luchena\/\" target=\"\" aria-label=\"Read more about Xavier Cantos Luchena\" class=\"box-button elementor-button elementor-size-sm\">Perfil<\/a><\/div>\t\t\t\t\t<\/div>\n\t\t\t\t<\/div>\n\n\t\t\t<\/article><article class=\"post visible wrapper dt-owl-item-wrap post-8120 dt_team type-dt_team status-publish has-post-thumbnail hentry\">\n\t\t\t\t<div class=\"post-content-wrapper\">\n\t\t\t\t\t\t\t\t\t\t\t<div class=\"the7-simple-post-thumb\">\n\t\t\t\t\t\t\t<a class=\"post-thumbnail-rollover layzr-bg img-css-resize-wrapper\" aria-label=\"Post image\" href=\"https:\/\/www.canviemmontmelo.cat\/es\/candidat\/daniel-rodado-perez\/\"><img decoding=\"async\" width=\"800\" height=\"800\" src=\"data:image\/svg+xml,%3Csvg%20xmlns%3D&#039;http%3A%2F%2Fwww.w3.org%2F2000%2Fsvg&#039;%20viewBox%3D&#039;0%200%20800%20800&#039;%2F%3E\" class=\"attachment-full size-full preload-me aspect lazy lazy-load\" alt=\"\" sizes=\"(max-width: 800px) 100vw, 800px\" style=\"--ratio: 800 \/ 800;\" data-src=\"https:\/\/www.canviemmontmelo.cat\/wp-content\/uploads\/2023\/04\/15-daniel.jpg\" loading=\"eager\" data-srcset=\"https:\/\/www.canviemmontmelo.cat\/wp-content\/uploads\/2023\/04\/15-daniel.jpg 800w, https:\/\/www.canviemmontmelo.cat\/wp-content\/uploads\/2023\/04\/15-daniel-300x300.jpg 300w, https:\/\/www.canviemmontmelo.cat\/wp-content\/uploads\/2023\/04\/15-daniel-150x150.jpg 150w, https:\/\/www.canviemmontmelo.cat\/wp-content\/uploads\/2023\/04\/15-daniel-768x768.jpg 768w\" \/><span class=\"the7-hover-icon\"><i aria-hidden=\"true\" class=\"fas fa-ellipsis-h\"><\/i><\/span><\/a>\t\t\t\t\t\t<\/div>\n\t\t\t\t\t\n\t\t\t\t\t<div class=\"post-entry-content\">\n\t\t\t\t\t\t<h5 class=\"heading\"><a href=\"https:\/\/www.canviemmontmelo.cat\/es\/candidat\/daniel-rodado-perez\/\" rel=\"bookmark\" title=\"Daniel Rodado P\u00e9rez\" class=\"post-title\">Daniel Rodado P\u00e9rez<\/a><\/h5><p class=\"short-description\">15\u00ba candidato de Canviem Montmel\u00f3<\/p><div class=\"details-wrap\"><a href=\"https:\/\/www.canviemmontmelo.cat\/es\/candidat\/daniel-rodado-perez\/\" target=\"\" aria-label=\"Read more about Daniel Rodado P\u00e9rez\" class=\"box-button elementor-button elementor-size-sm\">Perfil<\/a><\/div>\t\t\t\t\t<\/div>\n\t\t\t\t<\/div>\n\n\t\t\t<\/article><article class=\"post visible wrapper dt-owl-item-wrap post-8128 dt_team type-dt_team status-publish has-post-thumbnail hentry\">\n\t\t\t\t<div class=\"post-content-wrapper\">\n\t\t\t\t\t\t\t\t\t\t\t<div class=\"the7-simple-post-thumb\">\n\t\t\t\t\t\t\t<a class=\"post-thumbnail-rollover layzr-bg img-css-resize-wrapper\" aria-label=\"Post image\" href=\"https:\/\/www.canviemmontmelo.cat\/es\/candidat\/monica-vinuesa-dominguez\/\"><img decoding=\"async\" width=\"800\" height=\"800\" src=\"data:image\/svg+xml,%3Csvg%20xmlns%3D&#039;http%3A%2F%2Fwww.w3.org%2F2000%2Fsvg&#039;%20viewBox%3D&#039;0%200%20800%20800&#039;%2F%3E\" class=\"attachment-full size-full preload-me aspect lazy lazy-load\" alt=\"\" sizes=\"(max-width: 800px) 100vw, 800px\" style=\"--ratio: 800 \/ 800;\" data-src=\"https:\/\/www.canviemmontmelo.cat\/wp-content\/uploads\/2023\/04\/16-monica.jpg\" loading=\"eager\" data-srcset=\"https:\/\/www.canviemmontmelo.cat\/wp-content\/uploads\/2023\/04\/16-monica.jpg 800w, https:\/\/www.canviemmontmelo.cat\/wp-content\/uploads\/2023\/04\/16-monica-300x300.jpg 300w, https:\/\/www.canviemmontmelo.cat\/wp-content\/uploads\/2023\/04\/16-monica-150x150.jpg 150w, https:\/\/www.canviemmontmelo.cat\/wp-content\/uploads\/2023\/04\/16-monica-768x768.jpg 768w\" \/><span class=\"the7-hover-icon\"><i aria-hidden=\"true\" class=\"fas fa-ellipsis-h\"><\/i><\/span><\/a>\t\t\t\t\t\t<\/div>\n\t\t\t\t\t\n\t\t\t\t\t<div class=\"post-entry-content\">\n\t\t\t\t\t\t<h5 class=\"heading\"><a href=\"https:\/\/www.canviemmontmelo.cat\/es\/candidat\/monica-vinuesa-dominguez\/\" rel=\"bookmark\" title=\"M\u00f3nica Vinuesa Dom\u00ednguez\" class=\"post-title\">M\u00f3nica Vinuesa Dom\u00ednguez<\/a><\/h5><p class=\"short-description\">16\u00aa candidata de Canviem Montmel\u00f3<\/p><div class=\"details-wrap\"><a href=\"https:\/\/www.canviemmontmelo.cat\/es\/candidat\/monica-vinuesa-dominguez\/\" target=\"\" aria-label=\"Read more about M\u00f3nica Vinuesa Dom\u00ednguez\" class=\"box-button elementor-button elementor-size-sm\">Perfil<\/a><\/div>\t\t\t\t\t<\/div>\n\t\t\t\t<\/div>\n\n\t\t\t<\/article><article class=\"post visible wrapper dt-owl-item-wrap post-8136 dt_team type-dt_team status-publish has-post-thumbnail hentry\">\n\t\t\t\t<div class=\"post-content-wrapper\">\n\t\t\t\t\t\t\t\t\t\t\t<div class=\"the7-simple-post-thumb\">\n\t\t\t\t\t\t\t<a class=\"post-thumbnail-rollover layzr-bg img-css-resize-wrapper\" aria-label=\"Post image\" href=\"https:\/\/www.canviemmontmelo.cat\/es\/candidat\/diego-alonso-paredes\/\"><img decoding=\"async\" width=\"800\" height=\"800\" src=\"data:image\/svg+xml,%3Csvg%20xmlns%3D&#039;http%3A%2F%2Fwww.w3.org%2F2000%2Fsvg&#039;%20viewBox%3D&#039;0%200%20800%20800&#039;%2F%3E\" class=\"attachment-full size-full preload-me aspect lazy lazy-load\" alt=\"\" sizes=\"(max-width: 800px) 100vw, 800px\" style=\"--ratio: 800 \/ 800;\" data-src=\"https:\/\/www.canviemmontmelo.cat\/wp-content\/uploads\/2023\/04\/17-diego.jpg\" loading=\"eager\" data-srcset=\"https:\/\/www.canviemmontmelo.cat\/wp-content\/uploads\/2023\/04\/17-diego.jpg 800w, https:\/\/www.canviemmontmelo.cat\/wp-content\/uploads\/2023\/04\/17-diego-300x300.jpg 300w, https:\/\/www.canviemmontmelo.cat\/wp-content\/uploads\/2023\/04\/17-diego-150x150.jpg 150w, https:\/\/www.canviemmontmelo.cat\/wp-content\/uploads\/2023\/04\/17-diego-768x768.jpg 768w\" \/><span class=\"the7-hover-icon\"><i aria-hidden=\"true\" class=\"fas fa-ellipsis-h\"><\/i><\/span><\/a>\t\t\t\t\t\t<\/div>\n\t\t\t\t\t\n\t\t\t\t\t<div class=\"post-entry-content\">\n\t\t\t\t\t\t<h5 class=\"heading\"><a href=\"https:\/\/www.canviemmontmelo.cat\/es\/candidat\/diego-alonso-paredes\/\" rel=\"bookmark\" title=\"Diego Alonso Paredes\" class=\"post-title\">Diego Alonso Paredes<\/a><\/h5><p class=\"short-description\">17\u00ba candidato de Canviem Montmel\u00f3<\/p><div class=\"details-wrap\"><a href=\"https:\/\/www.canviemmontmelo.cat\/es\/candidat\/diego-alonso-paredes\/\" target=\"\" aria-label=\"Read more about Diego Alonso Paredes\" class=\"box-button elementor-button elementor-size-sm\">Perfil<\/a><\/div>\t\t\t\t\t<\/div>\n\t\t\t\t<\/div>\n\n\t\t\t<\/article><article class=\"post visible wrapper dt-owl-item-wrap post-8144 dt_team type-dt_team status-publish has-post-thumbnail hentry\">\n\t\t\t\t<div class=\"post-content-wrapper\">\n\t\t\t\t\t\t\t\t\t\t\t<div class=\"the7-simple-post-thumb\">\n\t\t\t\t\t\t\t<a class=\"post-thumbnail-rollover layzr-bg img-css-resize-wrapper\" aria-label=\"Post image\" href=\"https:\/\/www.canviemmontmelo.cat\/es\/candidat\/erdorie-gonzalez-leon\/\"><img decoding=\"async\" width=\"800\" height=\"800\" src=\"data:image\/svg+xml,%3Csvg%20xmlns%3D&#039;http%3A%2F%2Fwww.w3.org%2F2000%2Fsvg&#039;%20viewBox%3D&#039;0%200%20800%20800&#039;%2F%3E\" class=\"attachment-full size-full preload-me aspect lazy lazy-load\" alt=\"\" sizes=\"(max-width: 800px) 100vw, 800px\" style=\"--ratio: 800 \/ 800;\" data-src=\"https:\/\/www.canviemmontmelo.cat\/wp-content\/uploads\/2023\/04\/18-erdorie.jpg\" loading=\"eager\" data-srcset=\"https:\/\/www.canviemmontmelo.cat\/wp-content\/uploads\/2023\/04\/18-erdorie.jpg 800w, https:\/\/www.canviemmontmelo.cat\/wp-content\/uploads\/2023\/04\/18-erdorie-300x300.jpg 300w, https:\/\/www.canviemmontmelo.cat\/wp-content\/uploads\/2023\/04\/18-erdorie-150x150.jpg 150w, https:\/\/www.canviemmontmelo.cat\/wp-content\/uploads\/2023\/04\/18-erdorie-768x768.jpg 768w\" \/><span class=\"the7-hover-icon\"><i aria-hidden=\"true\" class=\"fas fa-ellipsis-h\"><\/i><\/span><\/a>\t\t\t\t\t\t<\/div>\n\t\t\t\t\t\n\t\t\t\t\t<div class=\"post-entry-content\">\n\t\t\t\t\t\t<h5 class=\"heading\"><a href=\"https:\/\/www.canviemmontmelo.cat\/es\/candidat\/erdorie-gonzalez-leon\/\" rel=\"bookmark\" title=\"Erdorie Gonz\u00e1lez Le\u00f3n\" class=\"post-title\">Erdorie Gonz\u00e1lez Le\u00f3n<\/a><\/h5><p class=\"short-description\">18\u00aa candidata de Canviem Montmel\u00f3<\/p><div class=\"details-wrap\"><a href=\"https:\/\/www.canviemmontmelo.cat\/es\/candidat\/erdorie-gonzalez-leon\/\" target=\"\" aria-label=\"Read more about Erdorie Gonz\u00e1lez Le\u00f3n\" class=\"box-button elementor-button elementor-size-sm\">Perfil<\/a><\/div>\t\t\t\t\t<\/div>\n\t\t\t\t<\/div>\n\n\t\t\t<\/article><article class=\"post visible wrapper dt-owl-item-wrap post-8152 dt_team type-dt_team status-publish has-post-thumbnail hentry\">\n\t\t\t\t<div class=\"post-content-wrapper\">\n\t\t\t\t\t\t\t\t\t\t\t<div class=\"the7-simple-post-thumb\">\n\t\t\t\t\t\t\t<a class=\"post-thumbnail-rollover layzr-bg img-css-resize-wrapper\" aria-label=\"Post image\" href=\"https:\/\/www.canviemmontmelo.cat\/es\/candidat\/manuel-molero-sujar\/\"><img decoding=\"async\" width=\"800\" height=\"800\" src=\"data:image\/svg+xml,%3Csvg%20xmlns%3D&#039;http%3A%2F%2Fwww.w3.org%2F2000%2Fsvg&#039;%20viewBox%3D&#039;0%200%20800%20800&#039;%2F%3E\" class=\"attachment-full size-full preload-me aspect lazy lazy-load\" alt=\"\" sizes=\"(max-width: 800px) 100vw, 800px\" style=\"--ratio: 800 \/ 800;\" data-src=\"https:\/\/www.canviemmontmelo.cat\/wp-content\/uploads\/2023\/04\/19-manuel.jpg\" loading=\"eager\" data-srcset=\"https:\/\/www.canviemmontmelo.cat\/wp-content\/uploads\/2023\/04\/19-manuel.jpg 800w, https:\/\/www.canviemmontmelo.cat\/wp-content\/uploads\/2023\/04\/19-manuel-300x300.jpg 300w, https:\/\/www.canviemmontmelo.cat\/wp-content\/uploads\/2023\/04\/19-manuel-150x150.jpg 150w, https:\/\/www.canviemmontmelo.cat\/wp-content\/uploads\/2023\/04\/19-manuel-768x768.jpg 768w\" \/><span class=\"the7-hover-icon\"><i aria-hidden=\"true\" class=\"fas fa-ellipsis-h\"><\/i><\/span><\/a>\t\t\t\t\t\t<\/div>\n\t\t\t\t\t\n\t\t\t\t\t<div class=\"post-entry-content\">\n\t\t\t\t\t\t<h5 class=\"heading\"><a href=\"https:\/\/www.canviemmontmelo.cat\/es\/candidat\/manuel-molero-sujar\/\" rel=\"bookmark\" title=\"Manuel Molero Sujar\" class=\"post-title\">Manuel Molero Sujar<\/a><\/h5><p class=\"short-description\">19\u00ba candidato de Canviem Montmel\u00f3<\/p><div class=\"details-wrap\"><a href=\"https:\/\/www.canviemmontmelo.cat\/es\/candidat\/manuel-molero-sujar\/\" target=\"\" aria-label=\"Read more about Manuel Molero Sujar\" class=\"box-button elementor-button elementor-size-sm\">Perfil<\/a><\/div>\t\t\t\t\t<\/div>\n\t\t\t\t<\/div>\n\n\t\t\t<\/article><article class=\"post visible wrapper dt-owl-item-wrap post-8160 dt_team type-dt_team status-publish has-post-thumbnail hentry\">\n\t\t\t\t<div class=\"post-content-wrapper\">\n\t\t\t\t\t\t\t\t\t\t\t<div class=\"the7-simple-post-thumb\">\n\t\t\t\t\t\t\t<a class=\"post-thumbnail-rollover layzr-bg img-css-resize-wrapper\" aria-label=\"Post image\" href=\"https:\/\/www.canviemmontmelo.cat\/es\/candidat\/roser-arjona-moreno\/\"><img decoding=\"async\" width=\"800\" height=\"800\" src=\"data:image\/svg+xml,%3Csvg%20xmlns%3D&#039;http%3A%2F%2Fwww.w3.org%2F2000%2Fsvg&#039;%20viewBox%3D&#039;0%200%20800%20800&#039;%2F%3E\" class=\"attachment-full size-full preload-me aspect lazy lazy-load\" alt=\"\" sizes=\"(max-width: 800px) 100vw, 800px\" style=\"--ratio: 800 \/ 800;\" data-src=\"https:\/\/www.canviemmontmelo.cat\/wp-content\/uploads\/2023\/04\/20-roser.jpg\" loading=\"eager\" data-srcset=\"https:\/\/www.canviemmontmelo.cat\/wp-content\/uploads\/2023\/04\/20-roser.jpg 800w, https:\/\/www.canviemmontmelo.cat\/wp-content\/uploads\/2023\/04\/20-roser-300x300.jpg 300w, https:\/\/www.canviemmontmelo.cat\/wp-content\/uploads\/2023\/04\/20-roser-150x150.jpg 150w, https:\/\/www.canviemmontmelo.cat\/wp-content\/uploads\/2023\/04\/20-roser-768x768.jpg 768w\" \/><span class=\"the7-hover-icon\"><i aria-hidden=\"true\" class=\"fas fa-ellipsis-h\"><\/i><\/span><\/a>\t\t\t\t\t\t<\/div>\n\t\t\t\t\t\n\t\t\t\t\t<div class=\"post-entry-content\">\n\t\t\t\t\t\t<h5 class=\"heading\"><a href=\"https:\/\/www.canviemmontmelo.cat\/es\/candidat\/roser-arjona-moreno\/\" rel=\"bookmark\" title=\"Roser Arjona Moreno\" class=\"post-title\">Roser Arjona Moreno<\/a><\/h5><p class=\"short-description\">20\u00aa candidata de Canviem Montmel\u00f3<\/p><div class=\"details-wrap\"><a href=\"https:\/\/www.canviemmontmelo.cat\/es\/candidat\/roser-arjona-moreno\/\" target=\"\" aria-label=\"Read more about Roser Arjona Moreno\" class=\"box-button elementor-button elementor-size-sm\">Perfil<\/a><\/div>\t\t\t\t\t<\/div>\n\t\t\t\t<\/div>\n\n\t\t\t<\/article><article class=\"post visible wrapper dt-owl-item-wrap post-8168 dt_team type-dt_team status-publish has-post-thumbnail hentry\">\n\t\t\t\t<div class=\"post-content-wrapper\">\n\t\t\t\t\t\t\t\t\t\t\t<div class=\"the7-simple-post-thumb\">\n\t\t\t\t\t\t\t<a class=\"post-thumbnail-rollover layzr-bg img-css-resize-wrapper\" aria-label=\"Post image\" href=\"https:\/\/www.canviemmontmelo.cat\/es\/candidat\/marta-subira-vilalta\/\"><img decoding=\"async\" width=\"800\" height=\"800\" src=\"data:image\/svg+xml,%3Csvg%20xmlns%3D&#039;http%3A%2F%2Fwww.w3.org%2F2000%2Fsvg&#039;%20viewBox%3D&#039;0%200%20800%20800&#039;%2F%3E\" class=\"attachment-full size-full preload-me aspect lazy lazy-load\" alt=\"\" sizes=\"(max-width: 800px) 100vw, 800px\" style=\"--ratio: 800 \/ 800;\" data-src=\"https:\/\/www.canviemmontmelo.cat\/wp-content\/uploads\/2023\/04\/21-marta.jpg\" loading=\"eager\" data-srcset=\"https:\/\/www.canviemmontmelo.cat\/wp-content\/uploads\/2023\/04\/21-marta.jpg 800w, https:\/\/www.canviemmontmelo.cat\/wp-content\/uploads\/2023\/04\/21-marta-300x300.jpg 300w, https:\/\/www.canviemmontmelo.cat\/wp-content\/uploads\/2023\/04\/21-marta-150x150.jpg 150w, https:\/\/www.canviemmontmelo.cat\/wp-content\/uploads\/2023\/04\/21-marta-768x768.jpg 768w\" \/><span class=\"the7-hover-icon\"><i aria-hidden=\"true\" class=\"fas fa-ellipsis-h\"><\/i><\/span><\/a>\t\t\t\t\t\t<\/div>\n\t\t\t\t\t\n\t\t\t\t\t<div class=\"post-entry-content\">\n\t\t\t\t\t\t<h5 class=\"heading\"><a href=\"https:\/\/www.canviemmontmelo.cat\/es\/candidat\/marta-subira-vilalta\/\" rel=\"bookmark\" title=\"Marta Subir\u00e0 Vilalta\" class=\"post-title\">Marta Subir\u00e0 Vilalta<\/a><\/h5><p class=\"short-description\">21\u00aa candidata de Canviem Montmel\u00f3<\/p><div class=\"details-wrap\"><a href=\"https:\/\/www.canviemmontmelo.cat\/es\/candidat\/marta-subira-vilalta\/\" target=\"\" aria-label=\"Read more about Marta Subir\u00e0 Vilalta\" class=\"box-button elementor-button elementor-size-sm\">Perfil<\/a><\/div>\t\t\t\t\t<\/div>\n\t\t\t\t<\/div>\n\n\t\t\t<\/article><article class=\"post visible wrapper dt-owl-item-wrap post-8176 dt_team type-dt_team status-publish has-post-thumbnail hentry\">\n\t\t\t\t<div class=\"post-content-wrapper\">\n\t\t\t\t\t\t\t\t\t\t\t<div class=\"the7-simple-post-thumb\">\n\t\t\t\t\t\t\t<a class=\"post-thumbnail-rollover layzr-bg img-css-resize-wrapper\" aria-label=\"Post image\" href=\"https:\/\/www.canviemmontmelo.cat\/es\/candidat\/maria-de-la-cruz-ramal-mata\/\"><img decoding=\"async\" width=\"800\" height=\"800\" src=\"data:image\/svg+xml,%3Csvg%20xmlns%3D&#039;http%3A%2F%2Fwww.w3.org%2F2000%2Fsvg&#039;%20viewBox%3D&#039;0%200%20800%20800&#039;%2F%3E\" class=\"attachment-full size-full preload-me aspect lazy lazy-load\" alt=\"\" sizes=\"(max-width: 800px) 100vw, 800px\" style=\"--ratio: 800 \/ 800;\" data-src=\"https:\/\/www.canviemmontmelo.cat\/wp-content\/uploads\/2023\/04\/22-maria.jpg\" loading=\"eager\" data-srcset=\"https:\/\/www.canviemmontmelo.cat\/wp-content\/uploads\/2023\/04\/22-maria.jpg 800w, https:\/\/www.canviemmontmelo.cat\/wp-content\/uploads\/2023\/04\/22-maria-300x300.jpg 300w, https:\/\/www.canviemmontmelo.cat\/wp-content\/uploads\/2023\/04\/22-maria-150x150.jpg 150w, https:\/\/www.canviemmontmelo.cat\/wp-content\/uploads\/2023\/04\/22-maria-768x768.jpg 768w\" \/><span class=\"the7-hover-icon\"><i aria-hidden=\"true\" class=\"fas fa-ellipsis-h\"><\/i><\/span><\/a>\t\t\t\t\t\t<\/div>\n\t\t\t\t\t\n\t\t\t\t\t<div class=\"post-entry-content\">\n\t\t\t\t\t\t<h5 class=\"heading\"><a href=\"https:\/\/www.canviemmontmelo.cat\/es\/candidat\/maria-de-la-cruz-ramal-mata\/\" rel=\"bookmark\" title=\"Mari Cruz Ramal Mata\" class=\"post-title\">Mari Cruz Ramal Mata<\/a><\/h5><p class=\"short-description\">22\u00aa candidata de Canviem Montmel\u00f3<\/p><div class=\"details-wrap\"><a href=\"https:\/\/www.canviemmontmelo.cat\/es\/candidat\/maria-de-la-cruz-ramal-mata\/\" target=\"\" aria-label=\"Read more about Mari Cruz Ramal Mata\" class=\"box-button elementor-button elementor-size-sm\">Perfil<\/a><\/div>\t\t\t\t\t<\/div>\n\t\t\t\t<\/div>\n\n\t\t\t<\/article><article class=\"post visible wrapper dt-owl-item-wrap post-8186 dt_team type-dt_team status-publish has-post-thumbnail hentry\">\n\t\t\t\t<div class=\"post-content-wrapper\">\n\t\t\t\t\t\t\t\t\t\t\t<div class=\"the7-simple-post-thumb\">\n\t\t\t\t\t\t\t<a class=\"post-thumbnail-rollover layzr-bg img-css-resize-wrapper\" aria-label=\"Post image\" href=\"https:\/\/www.canviemmontmelo.cat\/es\/candidat\/jordi-manils-tavio\/\"><img decoding=\"async\" width=\"800\" height=\"800\" src=\"data:image\/svg+xml,%3Csvg%20xmlns%3D&#039;http%3A%2F%2Fwww.w3.org%2F2000%2Fsvg&#039;%20viewBox%3D&#039;0%200%20800%20800&#039;%2F%3E\" class=\"attachment-full size-full preload-me aspect lazy lazy-load\" alt=\"\" sizes=\"(max-width: 800px) 100vw, 800px\" style=\"--ratio: 800 \/ 800;\" data-src=\"https:\/\/www.canviemmontmelo.cat\/wp-content\/uploads\/2023\/05\/23-jordi.jpg\" loading=\"eager\" data-srcset=\"https:\/\/www.canviemmontmelo.cat\/wp-content\/uploads\/2023\/05\/23-jordi.jpg 800w, https:\/\/www.canviemmontmelo.cat\/wp-content\/uploads\/2023\/05\/23-jordi-300x300.jpg 300w, https:\/\/www.canviemmontmelo.cat\/wp-content\/uploads\/2023\/05\/23-jordi-150x150.jpg 150w, https:\/\/www.canviemmontmelo.cat\/wp-content\/uploads\/2023\/05\/23-jordi-768x768.jpg 768w\" \/><span class=\"the7-hover-icon\"><i aria-hidden=\"true\" class=\"fas fa-ellipsis-h\"><\/i><\/span><\/a>\t\t\t\t\t\t<\/div>\n\t\t\t\t\t\n\t\t\t\t\t<div class=\"post-entry-content\">\n\t\t\t\t\t\t<h5 class=\"heading\"><a href=\"https:\/\/www.canviemmontmelo.cat\/es\/candidat\/jordi-manils-tavio\/\" rel=\"bookmark\" title=\"Jordi Manils Tav\u00edo\" class=\"post-title\">Jordi Manils Tav\u00edo<\/a><\/h5><p class=\"short-description\">23\u00ba candidato de Canviem Montmel\u00f3<\/p><div class=\"details-wrap\"><a href=\"https:\/\/www.canviemmontmelo.cat\/es\/candidat\/jordi-manils-tavio\/\" target=\"\" aria-label=\"Read more about Jordi Manils Tav\u00edo\" class=\"box-button elementor-button elementor-size-sm\">Perfil<\/a><\/div>\t\t\t\t\t<\/div>\n\t\t\t\t<\/div>\n\n\t\t\t<\/article><article class=\"post visible wrapper dt-owl-item-wrap post-8194 dt_team type-dt_team status-publish has-post-thumbnail hentry\">\n\t\t\t\t<div class=\"post-content-wrapper\">\n\t\t\t\t\t\t\t\t\t\t\t<div class=\"the7-simple-post-thumb\">\n\t\t\t\t\t\t\t<a class=\"post-thumbnail-rollover layzr-bg img-css-resize-wrapper\" aria-label=\"Post image\" href=\"https:\/\/www.canviemmontmelo.cat\/es\/candidat\/kemoba-gassama\/\"><img decoding=\"async\" width=\"800\" height=\"800\" src=\"data:image\/svg+xml,%3Csvg%20xmlns%3D&#039;http%3A%2F%2Fwww.w3.org%2F2000%2Fsvg&#039;%20viewBox%3D&#039;0%200%20800%20800&#039;%2F%3E\" class=\"attachment-full size-full preload-me aspect lazy lazy-load\" alt=\"\" sizes=\"(max-width: 800px) 100vw, 800px\" style=\"--ratio: 800 \/ 800;\" data-src=\"https:\/\/www.canviemmontmelo.cat\/wp-content\/uploads\/2023\/04\/24-kemoba.jpg\" loading=\"eager\" data-srcset=\"https:\/\/www.canviemmontmelo.cat\/wp-content\/uploads\/2023\/04\/24-kemoba.jpg 800w, https:\/\/www.canviemmontmelo.cat\/wp-content\/uploads\/2023\/04\/24-kemoba-300x300.jpg 300w, https:\/\/www.canviemmontmelo.cat\/wp-content\/uploads\/2023\/04\/24-kemoba-150x150.jpg 150w, https:\/\/www.canviemmontmelo.cat\/wp-content\/uploads\/2023\/04\/24-kemoba-768x768.jpg 768w\" \/><span class=\"the7-hover-icon\"><i aria-hidden=\"true\" class=\"fas fa-ellipsis-h\"><\/i><\/span><\/a>\t\t\t\t\t\t<\/div>\n\t\t\t\t\t\n\t\t\t\t\t<div class=\"post-entry-content\">\n\t\t\t\t\t\t<h5 class=\"heading\"><a href=\"https:\/\/www.canviemmontmelo.cat\/es\/candidat\/kemoba-gassama\/\" rel=\"bookmark\" title=\"Kemoba Gassama\" class=\"post-title\">Kemoba Gassama<\/a><\/h5><p class=\"short-description\">24\u00ba candidato de Canviem Montmel\u00f3<\/p><div class=\"details-wrap\"><a href=\"https:\/\/www.canviemmontmelo.cat\/es\/candidat\/kemoba-gassama\/\" target=\"\" aria-label=\"Read more about Kemoba Gassama\" class=\"box-button elementor-button elementor-size-sm\">Perfil<\/a><\/div>\t\t\t\t\t<\/div>\n\t\t\t\t<\/div>\n\n\t\t\t<\/article><\/div><div class=\"owl-nav disabled\"><div class=\"owl-prev\" role=\"button\" tabindex=\"0\" aria-label=\"Prev slide\"><i class=\"fas fa-chevron-left\"><\/i><\/div><div class=\"owl-next\" role=\"button\" tabindex=\"0\" aria-label=\"Next slide\"><i class=\"fas fa-chevron-right\"><\/i><\/div><\/div>\t\t\t\t<\/div>\n\t\t\t\t<\/div>\n\t\t\t\t<div class=\"elementor-element elementor-element-c10236f elementor-align-center elementor-widget elementor-widget-the7_button_widget\" data-id=\"c10236f\" data-element_type=\"widget\" data-e-type=\"widget\" data-widget_type=\"the7_button_widget.default\">\n\t\t\t\t<div class=\"elementor-widget-container\">\n\t\t\t\t\t<div class=\"elementor-button-wrapper\"><a href=\"https:\/\/www.canviemmontmelo.cat\/candidatura\/\" class=\"box-button elementor-button elementor-size-lg\">Ver m\u00e1s<\/a><\/div>\t\t\t\t<\/div>\n\t\t\t\t<\/div>\n\t\t\t\t\t<\/div>\n\t\t<\/div>\n\t\t\t\t\t<\/div>\n\t\t<\/section>\n\t\t\t\t<section class=\"elementor-section elementor-top-section elementor-element elementor-element-2be343a elementor-section-boxed elementor-section-height-default elementor-section-height-default\" data-id=\"2be343a\" data-element_type=\"section\" data-e-type=\"section\" data-settings=\"{&quot;background_background&quot;:&quot;classic&quot;}\">\n\t\t\t\t\t\t\t<div class=\"elementor-background-overlay\"><\/div>\n\t\t\t\t\t\t\t<div class=\"elementor-container elementor-column-gap-wider\">\n\t\t\t\t\t<div class=\"elementor-column elementor-col-100 elementor-top-column elementor-element elementor-element-ad17705\" data-id=\"ad17705\" data-element_type=\"column\" data-e-type=\"column\">\n\t\t\t<div class=\"elementor-widget-wrap elementor-element-populated\">\n\t\t\t\t\t\t<div class=\"elementor-element elementor-element-03feff0 elementor-widget__width-initial elementor-widget elementor-widget-heading\" data-id=\"03feff0\" data-element_type=\"widget\" data-e-type=\"widget\" data-widget_type=\"heading.default\">\n\t\t\t\t<div class=\"elementor-widget-container\">\n\t\t\t\t\t<h3 class=\"elementor-heading-title elementor-size-default\">Estamos aqu\u00ed para escucharte<\/h3>\t\t\t\t<\/div>\n\t\t\t\t<\/div>\n\t\t\t\t<div class=\"elementor-element elementor-element-399133f elementor-align-center elementor-widget__width-auto elementor-widget elementor-widget-the7_button_widget\" data-id=\"399133f\" data-element_type=\"widget\" data-e-type=\"widget\" data-widget_type=\"the7_button_widget.default\">\n\t\t\t\t<div class=\"elementor-widget-container\">\n\t\t\t\t\t<div class=\"elementor-button-wrapper\"><a href=\"https:\/\/www.canviemmontmelo.cat\/contactar\/\" class=\"box-button elementor-button elementor-size-lg\">Contacta con nosotros<\/a><\/div>\t\t\t\t<\/div>\n\t\t\t\t<\/div>\n\t\t\t\t\t<\/div>\n\t\t<\/div>\n\t\t\t\t\t<\/div>\n\t\t<\/section>\n\t\t\t\t<\/div>\n\t\t","protected":false},"excerpt":{"rendered":"<p>Canviem Montmel\u00f3 Somos la alternativa de izquierdas que quiere un cambio en Montmel\u00f3. \u00bfTe sumas para conseguirlo? Conoce a nuestra candidatura Marcel Comas Subir\u00e0 Te presentamos a nuestro candidato a la alcald\u00eda. Conoce a Marcel Programa Electoral Estos son nuestros compromisos electorales para el cambio en Montmel\u00f3. Descarga el programa electoral \u00daltimas noticias \u00daltimas noticias&hellip;<\/p>\n","protected":false},"author":2,"featured_media":0,"parent":0,"menu_order":0,"comment_status":"closed","ping_status":"closed","template":"elementor_header_footer","meta":{"footnotes":""},"class_list":["post-7793","page","type-page","status-publish","hentry"],"yoast_head":"<!-- This site is optimized with the Yoast SEO plugin v27.2 - https:\/\/yoast.com\/product\/yoast-seo-wordpress\/ -->\n<title>Inicio - Canviem Montmel\u00f3<\/title>\n<meta name=\"robots\" content=\"index, follow, max-snippet:-1, max-image-preview:large, max-video-preview:-1\" \/>\n<link rel=\"canonical\" href=\"https:\/\/www.canviemmontmelo.cat\/es\/\" \/>\n<meta property=\"og:locale\" content=\"es_ES\" \/>\n<meta property=\"og:type\" content=\"article\" \/>\n<meta property=\"og:title\" content=\"Inicio - Canviem Montmel\u00f3\" \/>\n<meta property=\"og:description\" content=\"Canviem Montmel\u00f3 Somos la alternativa de izquierdas que quiere un cambio en Montmel\u00f3. \u00bfTe sumas para conseguirlo? Conoce a nuestra candidatura Marcel Comas Subir\u00e0 Te presentamos a nuestro candidato a la alcald\u00eda. Conoce a Marcel Programa Electoral Estos son nuestros compromisos electorales para el cambio en Montmel\u00f3. Descarga el programa electoral \u00daltimas noticias \u00daltimas noticias&hellip;\" \/>\n<meta property=\"og:url\" content=\"https:\/\/www.canviemmontmelo.cat\/es\/\" \/>\n<meta property=\"og:site_name\" content=\"Canviem Montmel\u00f3\" \/>\n<meta property=\"article:modified_time\" content=\"2024-08-10T11:04:50+00:00\" \/>\n<meta property=\"og:image\" content=\"https:\/\/www.canviemmontmelo.cat\/wp-content\/uploads\/2022\/11\/montaje-scaled-e1683898048684.jpg\" \/>\n<meta name=\"twitter:card\" content=\"summary_large_image\" \/>\n<meta name=\"twitter:label1\" content=\"Tiempo de lectura\" \/>\n\t<meta name=\"twitter:data1\" content=\"21 minutos\" \/>\n<script type=\"application\/ld+json\" class=\"yoast-schema-graph\">{\"@context\":\"https:\/\/schema.org\",\"@graph\":[{\"@type\":\"WebPage\",\"@id\":\"https:\/\/www.canviemmontmelo.cat\/es\/\",\"url\":\"https:\/\/www.canviemmontmelo.cat\/es\/\",\"name\":\"Inicio - Canviem Montmel\u00f3\",\"isPartOf\":{\"@id\":\"https:\/\/www.canviemmontmelo.cat\/es\/#website\"},\"primaryImageOfPage\":{\"@id\":\"https:\/\/www.canviemmontmelo.cat\/es\/#primaryimage\"},\"image\":{\"@id\":\"https:\/\/www.canviemmontmelo.cat\/es\/#primaryimage\"},\"thumbnailUrl\":\"https:\/\/www.canviemmontmelo.cat\/wp-content\/uploads\/2022\/11\/montaje-scaled-e1683898048684.jpg\",\"datePublished\":\"2019-10-16T14:11:47+00:00\",\"dateModified\":\"2024-08-10T11:04:50+00:00\",\"breadcrumb\":{\"@id\":\"https:\/\/www.canviemmontmelo.cat\/es\/#breadcrumb\"},\"inLanguage\":\"es\",\"potentialAction\":[{\"@type\":\"ReadAction\",\"target\":[\"https:\/\/www.canviemmontmelo.cat\/es\/\"]}]},{\"@type\":\"ImageObject\",\"inLanguage\":\"es\",\"@id\":\"https:\/\/www.canviemmontmelo.cat\/es\/#primaryimage\",\"url\":\"https:\/\/www.canviemmontmelo.cat\/wp-content\/uploads\/2022\/11\/montaje-scaled-e1683898048684.jpg\",\"contentUrl\":\"https:\/\/www.canviemmontmelo.cat\/wp-content\/uploads\/2022\/11\/montaje-scaled-e1683898048684.jpg\"},{\"@type\":\"BreadcrumbList\",\"@id\":\"https:\/\/www.canviemmontmelo.cat\/es\/#breadcrumb\",\"itemListElement\":[{\"@type\":\"ListItem\",\"position\":1,\"name\":\"Inici\",\"item\":\"https:\/\/www.canviemmontmelo.cat\/es\/\"},{\"@type\":\"ListItem\",\"position\":2,\"name\":\"Inicio\"}]},{\"@type\":\"WebSite\",\"@id\":\"https:\/\/www.canviemmontmelo.cat\/es\/#website\",\"url\":\"https:\/\/www.canviemmontmelo.cat\/es\/\",\"name\":\"Canviem Montmel\u00f3\",\"description\":\"Som l\u2019alternativa d&#039;esquerres pel nostre poble\",\"publisher\":{\"@id\":\"https:\/\/www.canviemmontmelo.cat\/es\/#organization\"},\"potentialAction\":[{\"@type\":\"SearchAction\",\"target\":{\"@type\":\"EntryPoint\",\"urlTemplate\":\"https:\/\/www.canviemmontmelo.cat\/es\/?s={search_term_string}\"},\"query-input\":{\"@type\":\"PropertyValueSpecification\",\"valueRequired\":true,\"valueName\":\"search_term_string\"}}],\"inLanguage\":\"es\"},{\"@type\":\"Organization\",\"@id\":\"https:\/\/www.canviemmontmelo.cat\/es\/#organization\",\"name\":\"Canviem Montmel\u00f3\",\"url\":\"https:\/\/www.canviemmontmelo.cat\/es\/\",\"logo\":{\"@type\":\"ImageObject\",\"inLanguage\":\"es\",\"@id\":\"https:\/\/www.canviemmontmelo.cat\/es\/#\/schema\/logo\/image\/\",\"url\":\"https:\/\/www.canviemmontmelo.cat\/wp-content\/uploads\/2022\/06\/logo-CMo-Blanc.png\",\"contentUrl\":\"https:\/\/www.canviemmontmelo.cat\/wp-content\/uploads\/2022\/06\/logo-CMo-Blanc.png\",\"width\":307,\"height\":117,\"caption\":\"Canviem Montmel\u00f3\"},\"image\":{\"@id\":\"https:\/\/www.canviemmontmelo.cat\/es\/#\/schema\/logo\/image\/\"}}]}<\/script>\n<!-- \/ Yoast SEO plugin. -->","yoast_head_json":{"title":"Inicio - Canviem Montmel\u00f3","robots":{"index":"index","follow":"follow","max-snippet":"max-snippet:-1","max-image-preview":"max-image-preview:large","max-video-preview":"max-video-preview:-1"},"canonical":"https:\/\/www.canviemmontmelo.cat\/es\/","og_locale":"es_ES","og_type":"article","og_title":"Inicio - Canviem Montmel\u00f3","og_description":"Canviem Montmel\u00f3 Somos la alternativa de izquierdas que quiere un cambio en Montmel\u00f3. \u00bfTe sumas para conseguirlo? Conoce a nuestra candidatura Marcel Comas Subir\u00e0 Te presentamos a nuestro candidato a la alcald\u00eda. Conoce a Marcel Programa Electoral Estos son nuestros compromisos electorales para el cambio en Montmel\u00f3. Descarga el programa electoral \u00daltimas noticias \u00daltimas noticias&hellip;","og_url":"https:\/\/www.canviemmontmelo.cat\/es\/","og_site_name":"Canviem Montmel\u00f3","article_modified_time":"2024-08-10T11:04:50+00:00","og_image":[{"url":"https:\/\/www.canviemmontmelo.cat\/wp-content\/uploads\/2022\/11\/montaje-scaled-e1683898048684.jpg","type":"","width":"","height":""}],"twitter_card":"summary_large_image","twitter_misc":{"Tiempo de lectura":"21 minutos"},"schema":{"@context":"https:\/\/schema.org","@graph":[{"@type":"WebPage","@id":"https:\/\/www.canviemmontmelo.cat\/es\/","url":"https:\/\/www.canviemmontmelo.cat\/es\/","name":"Inicio - Canviem Montmel\u00f3","isPartOf":{"@id":"https:\/\/www.canviemmontmelo.cat\/es\/#website"},"primaryImageOfPage":{"@id":"https:\/\/www.canviemmontmelo.cat\/es\/#primaryimage"},"image":{"@id":"https:\/\/www.canviemmontmelo.cat\/es\/#primaryimage"},"thumbnailUrl":"https:\/\/www.canviemmontmelo.cat\/wp-content\/uploads\/2022\/11\/montaje-scaled-e1683898048684.jpg","datePublished":"2019-10-16T14:11:47+00:00","dateModified":"2024-08-10T11:04:50+00:00","breadcrumb":{"@id":"https:\/\/www.canviemmontmelo.cat\/es\/#breadcrumb"},"inLanguage":"es","potentialAction":[{"@type":"ReadAction","target":["https:\/\/www.canviemmontmelo.cat\/es\/"]}]},{"@type":"ImageObject","inLanguage":"es","@id":"https:\/\/www.canviemmontmelo.cat\/es\/#primaryimage","url":"https:\/\/www.canviemmontmelo.cat\/wp-content\/uploads\/2022\/11\/montaje-scaled-e1683898048684.jpg","contentUrl":"https:\/\/www.canviemmontmelo.cat\/wp-content\/uploads\/2022\/11\/montaje-scaled-e1683898048684.jpg"},{"@type":"BreadcrumbList","@id":"https:\/\/www.canviemmontmelo.cat\/es\/#breadcrumb","itemListElement":[{"@type":"ListItem","position":1,"name":"Inici","item":"https:\/\/www.canviemmontmelo.cat\/es\/"},{"@type":"ListItem","position":2,"name":"Inicio"}]},{"@type":"WebSite","@id":"https:\/\/www.canviemmontmelo.cat\/es\/#website","url":"https:\/\/www.canviemmontmelo.cat\/es\/","name":"Canviem Montmel\u00f3","description":"Som l\u2019alternativa d&#039;esquerres pel nostre poble","publisher":{"@id":"https:\/\/www.canviemmontmelo.cat\/es\/#organization"},"potentialAction":[{"@type":"SearchAction","target":{"@type":"EntryPoint","urlTemplate":"https:\/\/www.canviemmontmelo.cat\/es\/?s={search_term_string}"},"query-input":{"@type":"PropertyValueSpecification","valueRequired":true,"valueName":"search_term_string"}}],"inLanguage":"es"},{"@type":"Organization","@id":"https:\/\/www.canviemmontmelo.cat\/es\/#organization","name":"Canviem Montmel\u00f3","url":"https:\/\/www.canviemmontmelo.cat\/es\/","logo":{"@type":"ImageObject","inLanguage":"es","@id":"https:\/\/www.canviemmontmelo.cat\/es\/#\/schema\/logo\/image\/","url":"https:\/\/www.canviemmontmelo.cat\/wp-content\/uploads\/2022\/06\/logo-CMo-Blanc.png","contentUrl":"https:\/\/www.canviemmontmelo.cat\/wp-content\/uploads\/2022\/06\/logo-CMo-Blanc.png","width":307,"height":117,"caption":"Canviem Montmel\u00f3"},"image":{"@id":"https:\/\/www.canviemmontmelo.cat\/es\/#\/schema\/logo\/image\/"}}]}},"_links":{"self":[{"href":"https:\/\/www.canviemmontmelo.cat\/es\/wp-json\/wp\/v2\/pages\/7793","targetHints":{"allow":["GET"]}}],"collection":[{"href":"https:\/\/www.canviemmontmelo.cat\/es\/wp-json\/wp\/v2\/pages"}],"about":[{"href":"https:\/\/www.canviemmontmelo.cat\/es\/wp-json\/wp\/v2\/types\/page"}],"author":[{"embeddable":true,"href":"https:\/\/www.canviemmontmelo.cat\/es\/wp-json\/wp\/v2\/users\/2"}],"replies":[{"embeddable":true,"href":"https:\/\/www.canviemmontmelo.cat\/es\/wp-json\/wp\/v2\/comments?post=7793"}],"version-history":[{"count":17,"href":"https:\/\/www.canviemmontmelo.cat\/es\/wp-json\/wp\/v2\/pages\/7793\/revisions"}],"predecessor-version":[{"id":8733,"href":"https:\/\/www.canviemmontmelo.cat\/es\/wp-json\/wp\/v2\/pages\/7793\/revisions\/8733"}],"wp:attachment":[{"href":"https:\/\/www.canviemmontmelo.cat\/es\/wp-json\/wp\/v2\/media?parent=7793"}],"curies":[{"name":"wp","href":"https:\/\/api.w.org\/{rel}","templated":true}]}}